{"id":2966,"date":"2024-01-14T10:42:43","date_gmt":"2024-01-14T09:42:43","guid":{"rendered":"https:\/\/www.gerardcalzada.com\/?page_id=2966"},"modified":"2024-07-11T10:57:53","modified_gmt":"2024-07-11T08:57:53","slug":"pro","status":"publish","type":"page","link":"https:\/\/www.gerardcalzada.com\/es\/pro\/","title":{"rendered":"Profesionales"},"content":{"rendered":"\n<div class=\"wp-block-uagb-container uagb-block-3ad409f6 alignfull uagb-is-root-container\"><div class=\"uagb-container-inner-blocks-wrap\">\n<div class=\"wp-block-uagb-advanced-heading uagb-block-bdc57dac\"><h1 class=\"uagb-heading-text\">Servicios para profesionales<\/h1><\/div>\n\n\n\n<h2 class=\"wp-block-heading\" style=\"margin-bottom:var(--wp--preset--spacing--30)\">Apoyo a los profesionales de la salud<\/h2>\n\n\n\n<p class=\"has-medium-font-size\" style=\"padding-bottom:var(--wp--preset--spacing--60)\">Como m\u00e9dico especializado en psiquiatr\u00eda y psicoterapia, mi objetivo es apoyar y acompa\u00f1ar a mis colegas profesionales de la salud, tanto en sus cuidados cl\u00ednicos como en su desarrollo profesional y personal. Para afinar diagn\u00f3sticos y planes de tratamiento, ofrezco evaluaciones especializadas (consilium) a los m\u00e9dicos de familia y otros especialistas. Adem\u00e1s, ofrezco terapias para m\u00e9dicos y psic\u00f3logos en formaci\u00f3n, una experiencia terap\u00e9utica enriquecedora y esencial para su crecimiento profesional. Tambi\u00e9n realizo supervisiones en psicoterapia sist\u00e9mica as\u00ed como en psiquiatr\u00eda y psicoterapia de las adicciones, sesiones que buscan fortalecer las habilidades y la experticia en estos campos especializados.<\/p>\n\n\n\n<div class=\"wp-block-uagb-container uagb-block-81536ee9 alignfull uagb-is-root-container\"><div class=\"uagb-container-inner-blocks-wrap\">\n<div class=\"wp-block-columns are-vertically-aligned-top is-layout-flex wp-container-core-columns-is-layout-1 wp-block-columns-is-layout-flex\">\n<div class=\"wp-block-column is-vertically-aligned-top is-layout-flow wp-block-column-is-layout-flow\">\n<div class=\"wp-block-uagb-info-box uagb-block-ebaaf774 uagb-infobox__content-wrap  uagb-infobox_cta-type-all uagb-infobox-icon-above-title uagb-infobox-image-valign-top hover-effect-box\"><a href=\"https:\/\/www.gerardcalzada.com\/es\/pro\/consilium\/\" class=\"uagb-infobox-link-wrap uagb-infbox__link-to-all\" target=\"_self\" aria-label=\"Infobox Link\" rel=\"noopener noreferrer\" onclick=\"return true;\"><\/a><div class=\"uagb-ifb-content\"><div class=\"uagb-ifb-image-content\"><img decoding=\"async\" src=\"https:\/\/www.gerardcalzada.com\/wp-content\/uploads\/Consilium.webp\" alt=\"\" width=\"280\" height=\"160\" loading=\"lazy\"\/><\/div><div class=\"uagb-ifb-title-wrap\"><h3 class=\"uagb-ifb-title\">Evaluaciones especializadas (consilium)<\/h3><\/div><p class=\"uagb-ifb-desc\">Evaluaciones especializadas en psiquiatr\u00eda y adictolog\u00eda, solicitadas por los m\u00e9dicos de familia y otros especialistas, para confirmar o establecer un diagn\u00f3stico y para elaborar un plan de tratamiento.<\/p><div class=\"uagb-ifb-button-wrapper wp-block-button\"><\/div><\/div><\/div>\n<\/div>\n\n\n\n<div class=\"wp-block-column is-vertically-aligned-top is-layout-flow wp-block-column-is-layout-flow\">\n<div class=\"wp-block-uagb-info-box uagb-block-33b04b23 uagb-infobox__content-wrap  uagb-infobox_cta-type-all uagb-infobox-icon-above-title uagb-infobox-image-valign-top hover-effect-box\"><a href=\"https:\/\/www.gerardcalzada.com\/es\/pro\/experiencia-terapeutica-personal\/\" class=\"uagb-infobox-link-wrap uagb-infbox__link-to-all\" target=\"_self\" aria-label=\"Infobox Link\" rel=\"noopener noreferrer\" onclick=\"return true;\"><\/a><div class=\"uagb-ifb-content\"><div class=\"uagb-ifb-image-content\"><img decoding=\"async\" src=\"https:\/\/www.gerardcalzada.com\/wp-content\/uploads\/Therapeute_didacticien.webp\" alt=\"\" width=\"280\" height=\"160\" loading=\"lazy\"\/><\/div><div class=\"uagb-ifb-title-wrap\"><h3 class=\"uagb-ifb-title\">Terapia para m\u00e9dicos y psic\u00f3logos en formaci\u00f3n<\/h3><\/div><p class=\"uagb-ifb-desc\">Experiencia terap\u00e9utica personal para m\u00e9dicos y psic\u00f3logos en formaci\u00f3n postgraduada en psicoterapia. El objetivo es promover el desarrollo profesional y el equilibrio de vida.<\/p><div class=\"uagb-ifb-button-wrapper wp-block-button\"><\/div><\/div><\/div>\n<\/div>\n<\/div>\n<\/div><\/div>\n\n\n\n<div class=\"wp-block-uagb-container uagb-block-8a46995e alignfull uagb-is-root-container\"><div class=\"uagb-container-inner-blocks-wrap\">\n<div class=\"wp-block-columns are-vertically-aligned-top is-layout-flex wp-container-core-columns-is-layout-2 wp-block-columns-is-layout-flex\">\n<div class=\"wp-block-column is-vertically-aligned-top is-layout-flow wp-block-column-is-layout-flow\">\n<div class=\"wp-block-uagb-info-box uagb-block-3e53252a uagb-infobox__content-wrap  uagb-infobox_cta-type-all uagb-infobox-icon-above-title uagb-infobox-image-valign-top hover-effect-box\"><a href=\"https:\/\/www.gerardcalzada.com\/es\/pro\/supervision-en-psicoterapia\/\" class=\"uagb-infobox-link-wrap uagb-infbox__link-to-all\" target=\"_self\" aria-label=\"Infobox Link\" rel=\"noopener noreferrer\" onclick=\"return true;\"><\/a><div class=\"uagb-ifb-content\"><div class=\"uagb-ifb-image-content\"><img decoding=\"async\" src=\"https:\/\/www.gerardcalzada.com\/wp-content\/uploads\/Supervision_psychotherapie.webp\" alt=\"\" width=\"280\" height=\"160\" loading=\"lazy\"\/><\/div><div class=\"uagb-ifb-title-wrap\"><h3 class=\"uagb-ifb-title\">Supervisi\u00f3n en psicoterapia sist\u00e9mica<\/h3><\/div><p class=\"uagb-ifb-desc\">La supervisi\u00f3n individual en psicoterapia sist\u00e9mica se ofrece para m\u00e9dicos y psic\u00f3logos en formaci\u00f3n postgraduada en psicoterapia.<\/p><div class=\"uagb-ifb-button-wrapper wp-block-button\"><\/div><\/div><\/div>\n<\/div>\n\n\n\n<div class=\"wp-block-column is-vertically-aligned-top is-layout-flow wp-block-column-is-layout-flow\">\n<div class=\"wp-block-uagb-info-box uagb-block-f82875e3 uagb-infobox__content-wrap  uagb-infobox_cta-type-all uagb-infobox-icon-above-title uagb-infobox-image-valign-top hover-effect-box\"><a href=\"https:\/\/www.gerardcalzada.com\/es\/pro\/supervision-en-psiquiatria-de-las-adicciones\/\" class=\"uagb-infobox-link-wrap uagb-infbox__link-to-all\" target=\"_self\" aria-label=\"Infobox Link\" rel=\"noopener noreferrer\" onclick=\"return true;\"><\/a><div class=\"uagb-ifb-content\"><div class=\"uagb-ifb-image-content\"><img decoding=\"async\" src=\"https:\/\/www.gerardcalzada.com\/wp-content\/uploads\/Supervision_addiction.webp\" alt=\"\" width=\"280\" height=\"160\" loading=\"lazy\"\/><\/div><div class=\"uagb-ifb-title-wrap\"><h3 class=\"uagb-ifb-title\">Supervisi\u00f3n en psiquiatr\u00eda y psicoterapia de las adicciones<\/h3><\/div><p class=\"uagb-ifb-desc\">La supervisi\u00f3n en adictolog\u00eda est\u00e1 dise\u00f1ada para m\u00e9dicos en formaci\u00f3n avanzada en psiquiatr\u00eda y psicoterapia de las adicciones.<\/p><div class=\"uagb-ifb-button-wrapper wp-block-button\"><\/div><\/div><\/div>\n<\/div>\n<\/div>\n<\/div><\/div>\n<\/div><\/div>\n\n\n\n<div class=\"wp-block-uagb-container uagb-block-11aa7877 alignfull uagb-is-root-container\"><div class=\"uagb-container-inner-blocks-wrap\">\n<div class=\"wp-block-uagb-container uagb-block-03ea5edf alignfull uagb-is-root-container\"><div class=\"uagb-container-inner-blocks-wrap\">\n<h2 class=\"wp-block-heading has-text-align-left has-ast-global-color-5-color has-text-color has-link-color wp-elements-56d7d094c19d7b7648329372d995f46e\" style=\"margin-top:0;margin-bottom:var(--wp--preset--spacing--50);padding-top:0px;padding-bottom:0px\">Contacto<\/h2>\n\n\n\n<p class=\"has-ast-global-color-5-color has-text-color has-link-color has-medium-font-size wp-elements-61daccd594e735af8a364da87393681e\" style=\"margin-top:0px;padding-top:0px;padding-bottom:0px\">Para cualquier solicitud o necesidad de informaci\u00f3n adicional sobre los servicios para profesionales, no duden en contactarme. Estoy disponible por correo electr\u00f3nico, SMS, WhatsApp o a trav\u00e9s de mensajes de voz.<\/p>\n\n\n\n<div class=\"wp-block-uagb-buttons uagb-buttons__outer-wrap uagb-btn__medium-btn uagb-btn-tablet__default-btn uagb-btn-mobile__default-btn uagb-block-55d29496\"><div class=\"uagb-buttons__wrap uagb-buttons-layout-wrap\">\n<div class=\"wp-block-uagb-buttons-child uagb-buttons__outer-wrap uagb-block-ad5a1840 wp-block-button\"><div class=\"uagb-button__wrapper\"><a class=\"uagb-buttons-repeater wp-block-button__link\" aria-label=\"\" href=\"mailto:gerard.calzada@amge.ch\" rel=\"follow noopener\" target=\"_self\"><span class=\"uagb-button__icon uagb-button__icon-position-before\"><svg xmlns=\"https:\/\/www.w3.org\/2000\/svg\" viewBox=\"0 0 512 512\"><path d=\"M207.8 20.73c-93.45 18.32-168.7 93.66-187 187.1c-27.64 140.9 68.65 266.2 199.1 285.1c19.01 2.888 36.17-12.26 36.17-31.49l.0001-.6631c0-15.74-11.44-28.88-26.84-31.24c-84.35-12.98-149.2-86.13-149.2-174.2c0-102.9 88.61-185.5 193.4-175.4c91.54 8.869 158.6 91.25 158.6 183.2l0 16.16c0 22.09-17.94 40.05-40 40.05s-40.01-17.96-40.01-40.05v-120.1c0-8.847-7.161-16.02-16.01-16.02l-31.98 .0036c-7.299 0-13.2 4.992-15.12 11.68c-24.85-12.15-54.24-16.38-86.06-5.106c-38.75 13.73-68.12 48.91-73.72 89.64c-9.483 69.01 43.81 128 110.9 128c26.44 0 50.43-9.544 69.59-24.88c24 31.3 65.23 48.69 109.4 37.49C465.2 369.3 496 324.1 495.1 277.2V256.3C495.1 107.1 361.2-9.332 207.8 20.73zM239.1 304.3c-26.47 0-48-21.56-48-48.05s21.53-48.05 48-48.05s48 21.56 48 48.05S266.5 304.3 239.1 304.3z\"><\/path><\/svg><\/span><div class=\"uagb-button__link\">EMAIL<\/div><\/a><\/div><\/div>\n\n\n\n<div class=\"wp-block-uagb-buttons-child uagb-buttons__outer-wrap uagb-block-759b1eec wp-block-button\"><div class=\"uagb-button__wrapper\"><a class=\"uagb-buttons-repeater wp-block-button__link\" aria-label=\"\" href=\"sms:+41772671363\" rel=\"follow noopener\" target=\"_self\"><span class=\"uagb-button__icon uagb-button__icon-position-before\"><svg xmlns=\"https:\/\/www.w3.org\/2000\/svg\" viewBox=\"0 0 512 512\"><path d=\"M256 32C114.6 32 .0137 125.1 .0137 240c0 49.59 21.39 95 56.99 130.7c-12.5 50.39-54.31 95.3-54.81 95.8C0 468.8-.5938 472.2 .6875 475.2C1.1 478.2 4.813 480 8 480c66.31 0 116-31.8 140.6-51.41C181.3 440.9 217.6 448 256 448C397.4 448 512 354.9 512 240S397.4 32 256 32zM167.3 271.9C163.9 291.1 146.3 304 121.1 304c-4.031 0-8.25-.3125-12.59-1C101.1 301.8 92.81 298.8 85.5 296.1c-8.312-3-14.06-12.66-11.09-20.97S85 261.1 93.38 264.9c6.979 2.498 14.53 5.449 20.88 6.438C125.7 273.1 135 271 135.8 266.4c1.053-5.912-10.84-8.396-24.56-12.34c-12.12-3.531-44.28-12.97-38.63-46c4.062-23.38 27.31-35.91 58-31.09c5.906 .9062 12.44 2.844 18.59 4.969c8.344 2.875 12.78 12 9.906 20.34C156.3 210.7 147.2 215.1 138.8 212.2c-4.344-1.5-8.938-2.938-13.09-3.594c-11.22-1.656-20.72 .4062-21.5 4.906C103.2 219.2 113.6 221.5 124.4 224.6C141.4 229.5 173.1 238.5 167.3 271.9zM320 288c0 8.844-7.156 16-16 16S288 296.8 288 288V240l-19.19 25.59c-6.062 8.062-19.55 8.062-25.62 0L224 240V288c0 8.844-7.156 16-16 16S192 296.8 192 288V192c0-6.875 4.406-12.1 10.94-15.18c6.5-2.094 13.71 .0586 17.87 5.59L256 229.3l35.19-46.93c4.156-5.531 11.4-7.652 17.87-5.59C315.6 179 320 185.1 320 192V288zM439.3 271.9C435.9 291.1 418.3 304 393.1 304c-4.031 0-8.25-.3125-12.59-1c-8.25-1.25-16.56-4.25-23.88-6.906c-8.312-3-14.06-12.66-11.09-20.97s10.59-13.16 18.97-10.19c6.979 2.498 14.53 5.449 20.88 6.438c11.44 1.719 20.78-.375 21.56-4.938c1.053-5.912-10.84-8.396-24.56-12.34c-12.12-3.531-44.28-12.97-38.63-46c4.031-23.38 27.25-35.91 58-31.09c5.906 .9062 12.44 2.844 18.59 4.969c8.344 2.875 12.78 12 9.906 20.34c-2.875 8.344-11.94 12.81-20.34 9.906c-4.344-1.5-8.938-2.938-13.09-3.594c-11.19-1.656-20.72 .4062-21.5 4.906C375.2 219.2 385.6 221.5 396.4 224.6C413.4 229.5 445.1 238.5 439.3 271.9z\"><\/path><\/svg><\/span><div class=\"uagb-button__link\">SMS<\/div><\/a><\/div><\/div>\n\n\n\n<div class=\"wp-block-uagb-buttons-child uagb-buttons__outer-wrap uagb-block-57fa5321 wp-block-button\"><div class=\"uagb-button__wrapper\"><a class=\"uagb-buttons-repeater wp-block-button__link\" aria-label=\"\" href=\"https:\/\/wa.me\/41772671363\" rel=\"follow noopener\" target=\"_self\"><span class=\"uagb-button__icon uagb-button__icon-position-before\"><svg xmlns=\"https:\/\/www.w3.org\/2000\/svg\" viewBox=\"0 0 448 512\"><path d=\"M380.9 97.1C339 55.1 283.2 32 223.9 32c-122.4 0-222 99.6-222 222 0 39.1 10.2 77.3 29.6 111L0 480l117.7-30.9c32.4 17.7 68.9 27 106.1 27h.1c122.3 0 224.1-99.6 224.1-222 0-59.3-25.2-115-67.1-157zm-157 341.6c-33.2 0-65.7-8.9-94-25.7l-6.7-4-69.8 18.3L72 359.2l-4.4-7c-18.5-29.4-28.2-63.3-28.2-98.2 0-101.7 82.8-184.5 184.6-184.5 49.3 0 95.6 19.2 130.4 54.1 34.8 34.9 56.2 81.2 56.1 130.5 0 101.8-84.9 184.6-186.6 184.6zm101.2-138.2c-5.5-2.8-32.8-16.2-37.9-18-5.1-1.9-8.8-2.8-12.5 2.8-3.7 5.6-14.3 18-17.6 21.8-3.2 3.7-6.5 4.2-12 1.4-32.6-16.3-54-29.1-75.5-66-5.7-9.8 5.7-9.1 16.3-30.3 1.8-3.7 .9-6.9-.5-9.7-1.4-2.8-12.5-30.1-17.1-41.2-4.5-10.8-9.1-9.3-12.5-9.5-3.2-.2-6.9-.2-10.6-.2-3.7 0-9.7 1.4-14.8 6.9-5.1 5.6-19.4 19-19.4 46.3 0 27.3 19.9 53.7 22.6 57.4 2.8 3.7 39.1 59.7 94.8 83.8 35.2 15.2 49 16.5 66.6 13.9 10.7-1.6 32.8-13.4 37.4-26.4 4.6-13 4.6-24.1 3.2-26.4-1.3-2.5-5-3.9-10.5-6.6z\"><\/path><\/svg><\/span><div class=\"uagb-button__link\">WHATSAPP<\/div><\/a><\/div><\/div>\n\n\n\n<div class=\"wp-block-uagb-buttons-child uagb-buttons__outer-wrap uagb-block-c88adfb1 wp-block-button\"><div class=\"uagb-button__wrapper\"><a class=\"uagb-buttons-repeater wp-block-button__link\" aria-label=\"\" href=\"tel:+41772671363\" rel=\"follow noopener\" target=\"_self\"><span class=\"uagb-button__icon uagb-button__icon-position-before\"><svg xmlns=\"https:\/\/www.w3.org\/2000\/svg\" viewBox=\"0 0 640 512\"><path d=\"M495.1 96c-53.13 0-102 29.25-127 76.13c-25 46.88-22.25 103.8 7.25 147.9H263.7c36.63-54.88 31.25-127.8-13-176.8c-44.38-48.87-116.4-61.37-174.6-30.25s-87.88 97.88-71.75 162c16 64 73.63 108.1 139.6 108.1h352C575.5 384 640 319.5 640 240S575.5 96 495.1 96zM63.99 240c0-44.12 35.88-80 80-80s80 35.88 80 80s-35.88 79.1-80 79.1S63.99 284.1 63.99 240zM495.1 320c-44.13 0-80-35.88-80-79.1s35.88-80 80-80s80 35.88 80 80S540.1 320 495.1 320z\"><\/path><\/svg><\/span><div class=\"uagb-button__link\">meNsaJES DE VOZ<\/div><\/a><\/div><\/div>\n<\/div><\/div>\n<\/div><\/div>\n<\/div><\/div>\n","protected":false},"excerpt":{"rendered":"<p>Servicios para profesionales Apoyo a los profesionales de la salud Como m\u00e9dico especializado en psiquiatr\u00eda y psicoterapia, mi objetivo es apoyar y acompa\u00f1ar a mis colegas profesionales de la salud, tanto en sus cuidados cl\u00ednicos como en su desarrollo profesional y personal. Para afinar diagn\u00f3sticos y planes de tratamiento, ofrezco evaluaciones especializadas (consilium) a los [&hellip;]<\/p>\n","protected":false},"author":2,"featured_media":1664,"parent":0,"menu_order":0,"comment_status":"closed","ping_status":"closed","template":"","meta":{"_uag_custom_page_level_css":"","_monsterinsights_skip_tracking":false,"_monsterinsights_sitenote_active":false,"_monsterinsights_sitenote_note":"","_monsterinsights_sitenote_category":0,"site-sidebar-layout":"default","site-content-layout":"","ast-site-content-layout":"full-width-container","site-content-style":"unboxed","site-sidebar-style":"default","ast-global-header-display":"","ast-banner-title-visibility":"","ast-main-header-display":"","ast-hfb-above-header-display":"","ast-hfb-below-header-display":"","ast-hfb-mobile-header-display":"","site-post-title":"disabled","ast-breadcrumbs-content":"","ast-featured-img":"disabled","footer-sml-layout":"","ast-disable-related-posts":"","theme-transparent-header-meta":"enabled","adv-header-id-meta":"","stick-header-meta":"","header-above-stick-meta":"","header-main-stick-meta":"","header-below-stick-meta":"","astra-migrate-meta-layouts":"set","ast-page-background-enabled":"default","ast-page-background-meta":{"desktop":{"background-color":"var(--ast-global-color-4)","background-image":"","background-repeat":"repeat","background-position":"center center","background-size":"auto","background-attachment":"scroll","background-type":"","background-media":"","overlay-type":"","overlay-color":"","overlay-opacity":"","overlay-gradient":""},"tablet":{"background-color":"","background-image":"","background-repeat":"repeat","background-position":"center center","background-size":"auto","background-attachment":"scroll","background-type":"","background-media":"","overlay-type":"","overlay-color":"","overlay-opacity":"","overlay-gradient":""},"mobile":{"background-color":"","background-image":"","background-repeat":"repeat","background-position":"center center","background-size":"auto","background-attachment":"scroll","background-type":"","background-media":"","overlay-type":"","overlay-color":"","overlay-opacity":"","overlay-gradient":""}},"ast-content-background-meta":{"desktop":{"background-color":"var(--ast-global-color-5)","background-image":"","background-repeat":"repeat","background-position":"center center","background-size":"auto","background-attachment":"scroll","background-type":"","background-media":"","overlay-type":"","overlay-color":"","overlay-opacity":"","overlay-gradient":""},"tablet":{"background-color":"var(--ast-global-color-5)","background-image":"","background-repeat":"repeat","background-position":"center center","background-size":"auto","background-attachment":"scroll","background-type":"","background-media":"","overlay-type":"","overlay-color":"","overlay-opacity":"","overlay-gradient":""},"mobile":{"background-color":"var(--ast-global-color-5)","background-image":"","background-repeat":"repeat","background-position":"center center","background-size":"auto","background-attachment":"scroll","background-type":"","background-media":"","overlay-type":"","overlay-color":"","overlay-opacity":"","overlay-gradient":""}},"footnotes":""},"class_list":["post-2966","page","type-page","status-publish","has-post-thumbnail","hentry"],"yoast_head":"<!-- This site is optimized with the Yoast SEO plugin v26.8 - https:\/\/yoast.com\/product\/yoast-seo-wordpress\/ -->\n<title>Profesionales - Dr Gerard Calzada<\/title>\n<meta name=\"description\" content=\"Servicios para profesionales de la salud: consilium, experiencias terap\u00e9uticas y supervisiones en adictolog\u00eda y terapias sist\u00e9micas.\" \/>\n<meta name=\"robots\" content=\"index, follow, max-snippet:-1, max-image-preview:large, max-video-preview:-1\" \/>\n<link rel=\"canonical\" href=\"https:\/\/www.gerardcalzada.com\/es\/pro\/\" \/>\n<meta property=\"og:locale\" content=\"es_ES\" \/>\n<meta property=\"og:type\" content=\"article\" \/>\n<meta property=\"og:title\" content=\"Profesionales - Dr Gerard Calzada\" \/>\n<meta property=\"og:description\" content=\"Servicios para profesionales de la salud: consilium, experiencias terap\u00e9uticas y supervisiones en adictolog\u00eda y terapias sist\u00e9micas.\" \/>\n<meta property=\"og:url\" content=\"https:\/\/www.gerardcalzada.com\/es\/pro\/\" \/>\n<meta property=\"og:site_name\" content=\"Dr Gerard Calzada\" \/>\n<meta property=\"article:modified_time\" content=\"2024-07-11T08:57:53+00:00\" \/>\n<meta property=\"og:image\" content=\"https:\/\/www.gerardcalzada.com\/es\/wp-content\/uploads\/sites\/2\/Supervision_psychotherapie.webp\" \/>\n\t<meta property=\"og:image:width\" content=\"896\" \/>\n\t<meta property=\"og:image:height\" content=\"512\" \/>\n\t<meta property=\"og:image:type\" content=\"image\/webp\" \/>\n<meta name=\"twitter:card\" content=\"summary_large_image\" \/>\n<meta name=\"twitter:label1\" content=\"Tiempo de lectura\" \/>\n\t<meta name=\"twitter:data1\" content=\"3 minutos\" \/>\n<script type=\"application\/ld+json\" class=\"yoast-schema-graph\">{\"@context\":\"https:\/\/schema.org\",\"@graph\":[{\"@type\":\"WebPage\",\"@id\":\"https:\/\/www.gerardcalzada.com\/es\/pro\/\",\"url\":\"https:\/\/www.gerardcalzada.com\/es\/pro\/\",\"name\":\"Profesionales - Dr Gerard Calzada\",\"isPartOf\":{\"@id\":\"https:\/\/www.gerardcalzada.com\/es\/#website\"},\"primaryImageOfPage\":{\"@id\":\"https:\/\/www.gerardcalzada.com\/es\/pro\/#primaryimage\"},\"image\":{\"@id\":\"https:\/\/www.gerardcalzada.com\/es\/pro\/#primaryimage\"},\"thumbnailUrl\":\"https:\/\/www.gerardcalzada.com\/es\/wp-content\/uploads\/sites\/2\/Supervision_psychotherapie.webp\",\"datePublished\":\"2024-01-14T09:42:43+00:00\",\"dateModified\":\"2024-07-11T08:57:53+00:00\",\"description\":\"Servicios para profesionales de la salud: consilium, experiencias terap\u00e9uticas y supervisiones en adictolog\u00eda y terapias sist\u00e9micas.\",\"breadcrumb\":{\"@id\":\"https:\/\/www.gerardcalzada.com\/es\/pro\/#breadcrumb\"},\"inLanguage\":\"es\",\"potentialAction\":[{\"@type\":\"ReadAction\",\"target\":[\"https:\/\/www.gerardcalzada.com\/es\/pro\/\"]}]},{\"@type\":\"ImageObject\",\"inLanguage\":\"es\",\"@id\":\"https:\/\/www.gerardcalzada.com\/es\/pro\/#primaryimage\",\"url\":\"https:\/\/www.gerardcalzada.com\/es\/wp-content\/uploads\/sites\/2\/Supervision_psychotherapie.webp\",\"contentUrl\":\"https:\/\/www.gerardcalzada.com\/es\/wp-content\/uploads\/sites\/2\/Supervision_psychotherapie.webp\",\"width\":896,\"height\":512,\"caption\":\"Supervisi\u00f3n en psicoterapia sist\u00e9mica\"},{\"@type\":\"BreadcrumbList\",\"@id\":\"https:\/\/www.gerardcalzada.com\/es\/pro\/#breadcrumb\",\"itemListElement\":[{\"@type\":\"ListItem\",\"position\":1,\"name\":\"Accueil\",\"item\":\"https:\/\/www.gerardcalzada.com\/es\/\"},{\"@type\":\"ListItem\",\"position\":2,\"name\":\"Profesionales\"}]},{\"@type\":\"WebSite\",\"@id\":\"https:\/\/www.gerardcalzada.com\/es\/#website\",\"url\":\"https:\/\/www.gerardcalzada.com\/es\/\",\"name\":\"Dr Gerard Calzada\",\"description\":\"M\u00e9dico psiquiatra y psicoterapeuta, especializado en el tratamiento de adicciones y en psicoterapias sist\u00e9micas, Ginebra (Suiza)\",\"publisher\":{\"@id\":\"https:\/\/www.gerardcalzada.com\/es\/#organization\"},\"potentialAction\":[{\"@type\":\"SearchAction\",\"target\":{\"@type\":\"EntryPoint\",\"urlTemplate\":\"https:\/\/www.gerardcalzada.com\/es\/?s={search_term_string}\"},\"query-input\":{\"@type\":\"PropertyValueSpecification\",\"valueRequired\":true,\"valueName\":\"search_term_string\"}}],\"inLanguage\":\"es\"},{\"@type\":\"Organization\",\"@id\":\"https:\/\/www.gerardcalzada.com\/es\/#organization\",\"name\":\"Dr Gerard Calzada\",\"url\":\"https:\/\/www.gerardcalzada.com\/es\/\",\"logo\":{\"@type\":\"ImageObject\",\"inLanguage\":\"es\",\"@id\":\"https:\/\/www.gerardcalzada.com\/es\/#\/schema\/logo\/image\/\",\"url\":\"https:\/\/www.gerardcalzada.com\/es\/wp-content\/uploads\/sites\/2\/G-Calzada.webp\",\"contentUrl\":\"https:\/\/www.gerardcalzada.com\/es\/wp-content\/uploads\/sites\/2\/G-Calzada.webp\",\"width\":2133,\"height\":1200,\"caption\":\"Dr Gerard Calzada\"},\"image\":{\"@id\":\"https:\/\/www.gerardcalzada.com\/es\/#\/schema\/logo\/image\/\"}}]}<\/script>\n<!-- \/ Yoast SEO plugin. -->","yoast_head_json":{"title":"Profesionales - Dr Gerard Calzada","description":"Servicios para profesionales de la salud: consilium, experiencias terap\u00e9uticas y supervisiones en adictolog\u00eda y terapias sist\u00e9micas.","robots":{"index":"index","follow":"follow","max-snippet":"max-snippet:-1","max-image-preview":"max-image-preview:large","max-video-preview":"max-video-preview:-1"},"canonical":"https:\/\/www.gerardcalzada.com\/es\/pro\/","og_locale":"es_ES","og_type":"article","og_title":"Profesionales - Dr Gerard Calzada","og_description":"Servicios para profesionales de la salud: consilium, experiencias terap\u00e9uticas y supervisiones en adictolog\u00eda y terapias sist\u00e9micas.","og_url":"https:\/\/www.gerardcalzada.com\/es\/pro\/","og_site_name":"Dr Gerard Calzada","article_modified_time":"2024-07-11T08:57:53+00:00","og_image":[{"width":896,"height":512,"url":"https:\/\/www.gerardcalzada.com\/es\/wp-content\/uploads\/sites\/2\/Supervision_psychotherapie.webp","type":"image\/webp"}],"twitter_card":"summary_large_image","twitter_misc":{"Tiempo de lectura":"3 minutos"},"schema":{"@context":"https:\/\/schema.org","@graph":[{"@type":"WebPage","@id":"https:\/\/www.gerardcalzada.com\/es\/pro\/","url":"https:\/\/www.gerardcalzada.com\/es\/pro\/","name":"Profesionales - Dr Gerard Calzada","isPartOf":{"@id":"https:\/\/www.gerardcalzada.com\/es\/#website"},"primaryImageOfPage":{"@id":"https:\/\/www.gerardcalzada.com\/es\/pro\/#primaryimage"},"image":{"@id":"https:\/\/www.gerardcalzada.com\/es\/pro\/#primaryimage"},"thumbnailUrl":"https:\/\/www.gerardcalzada.com\/es\/wp-content\/uploads\/sites\/2\/Supervision_psychotherapie.webp","datePublished":"2024-01-14T09:42:43+00:00","dateModified":"2024-07-11T08:57:53+00:00","description":"Servicios para profesionales de la salud: consilium, experiencias terap\u00e9uticas y supervisiones en adictolog\u00eda y terapias sist\u00e9micas.","breadcrumb":{"@id":"https:\/\/www.gerardcalzada.com\/es\/pro\/#breadcrumb"},"inLanguage":"es","potentialAction":[{"@type":"ReadAction","target":["https:\/\/www.gerardcalzada.com\/es\/pro\/"]}]},{"@type":"ImageObject","inLanguage":"es","@id":"https:\/\/www.gerardcalzada.com\/es\/pro\/#primaryimage","url":"https:\/\/www.gerardcalzada.com\/es\/wp-content\/uploads\/sites\/2\/Supervision_psychotherapie.webp","contentUrl":"https:\/\/www.gerardcalzada.com\/es\/wp-content\/uploads\/sites\/2\/Supervision_psychotherapie.webp","width":896,"height":512,"caption":"Supervisi\u00f3n en psicoterapia sist\u00e9mica"},{"@type":"BreadcrumbList","@id":"https:\/\/www.gerardcalzada.com\/es\/pro\/#breadcrumb","itemListElement":[{"@type":"ListItem","position":1,"name":"Accueil","item":"https:\/\/www.gerardcalzada.com\/es\/"},{"@type":"ListItem","position":2,"name":"Profesionales"}]},{"@type":"WebSite","@id":"https:\/\/www.gerardcalzada.com\/es\/#website","url":"https:\/\/www.gerardcalzada.com\/es\/","name":"Dr Gerard Calzada","description":"M\u00e9dico psiquiatra y psicoterapeuta, especializado en el tratamiento de adicciones y en psicoterapias sist\u00e9micas, Ginebra (Suiza)","publisher":{"@id":"https:\/\/www.gerardcalzada.com\/es\/#organization"},"potentialAction":[{"@type":"SearchAction","target":{"@type":"EntryPoint","urlTemplate":"https:\/\/www.gerardcalzada.com\/es\/?s={search_term_string}"},"query-input":{"@type":"PropertyValueSpecification","valueRequired":true,"valueName":"search_term_string"}}],"inLanguage":"es"},{"@type":"Organization","@id":"https:\/\/www.gerardcalzada.com\/es\/#organization","name":"Dr Gerard Calzada","url":"https:\/\/www.gerardcalzada.com\/es\/","logo":{"@type":"ImageObject","inLanguage":"es","@id":"https:\/\/www.gerardcalzada.com\/es\/#\/schema\/logo\/image\/","url":"https:\/\/www.gerardcalzada.com\/es\/wp-content\/uploads\/sites\/2\/G-Calzada.webp","contentUrl":"https:\/\/www.gerardcalzada.com\/es\/wp-content\/uploads\/sites\/2\/G-Calzada.webp","width":2133,"height":1200,"caption":"Dr Gerard Calzada"},"image":{"@id":"https:\/\/www.gerardcalzada.com\/es\/#\/schema\/logo\/image\/"}}]}},"uagb_featured_image_src":{"full":["https:\/\/www.gerardcalzada.com\/es\/wp-content\/uploads\/sites\/2\/Supervision_psychotherapie.webp",896,512,false],"thumbnail":["https:\/\/www.gerardcalzada.com\/es\/wp-content\/uploads\/sites\/2\/Supervision_psychotherapie-150x150.webp",150,150,true],"medium":["https:\/\/www.gerardcalzada.com\/es\/wp-content\/uploads\/sites\/2\/Supervision_psychotherapie-300x171.webp",300,171,true],"medium_large":["https:\/\/www.gerardcalzada.com\/es\/wp-content\/uploads\/sites\/2\/Supervision_psychotherapie.webp",896,512,false],"large":["https:\/\/www.gerardcalzada.com\/es\/wp-content\/uploads\/sites\/2\/Supervision_psychotherapie.webp",896,512,false],"1536x1536":["https:\/\/www.gerardcalzada.com\/es\/wp-content\/uploads\/sites\/2\/Supervision_psychotherapie.webp",896,512,false],"2048x2048":["https:\/\/www.gerardcalzada.com\/es\/wp-content\/uploads\/sites\/2\/Supervision_psychotherapie.webp",896,512,false],"gform-image-choice-sm":["https:\/\/www.gerardcalzada.com\/es\/wp-content\/uploads\/sites\/2\/Supervision_psychotherapie.webp",300,171,false],"gform-image-choice-md":["https:\/\/www.gerardcalzada.com\/es\/wp-content\/uploads\/sites\/2\/Supervision_psychotherapie.webp",400,229,false],"gform-image-choice-lg":["https:\/\/www.gerardcalzada.com\/es\/wp-content\/uploads\/sites\/2\/Supervision_psychotherapie.webp",600,343,false]},"uagb_author_info":{"display_name":"Gerard Calzada","author_link":"https:\/\/www.gerardcalzada.com\/es\/author\/gerard\/"},"uagb_comment_info":0,"uagb_excerpt":"Servicios para profesionales Apoyo a los profesionales de la salud Como m\u00e9dico especializado en psiquiatr\u00eda y psicoterapia, mi objetivo es apoyar y acompa\u00f1ar a mis colegas profesionales de la salud, tanto en sus cuidados cl\u00ednicos como en su desarrollo profesional y personal. Para afinar diagn\u00f3sticos y planes de tratamiento, ofrezco evaluaciones especializadas (consilium) a los&hellip;","_links":{"self":[{"href":"https:\/\/www.gerardcalzada.com\/es\/wp-json\/wp\/v2\/pages\/2966","targetHints":{"allow":["GET"]}}],"collection":[{"href":"https:\/\/www.gerardcalzada.com\/es\/wp-json\/wp\/v2\/pages"}],"about":[{"href":"https:\/\/www.gerardcalzada.com\/es\/wp-json\/wp\/v2\/types\/page"}],"author":[{"embeddable":true,"href":"https:\/\/www.gerardcalzada.com\/es\/wp-json\/wp\/v2\/users\/2"}],"replies":[{"embeddable":true,"href":"https:\/\/www.gerardcalzada.com\/es\/wp-json\/wp\/v2\/comments?post=2966"}],"version-history":[{"count":11,"href":"https:\/\/www.gerardcalzada.com\/es\/wp-json\/wp\/v2\/pages\/2966\/revisions"}],"predecessor-version":[{"id":3175,"href":"https:\/\/www.gerardcalzada.com\/es\/wp-json\/wp\/v2\/pages\/2966\/revisions\/3175"}],"wp:featuredmedia":[{"embeddable":true,"href":"https:\/\/www.gerardcalzada.com\/es\/wp-json\/wp\/v2\/media\/1664"}],"wp:attachment":[{"href":"https:\/\/www.gerardcalzada.com\/es\/wp-json\/wp\/v2\/media?parent=2966"}],"curies":[{"name":"wp","href":"https:\/\/api.w.org\/{rel}","templated":true}]}}