{"id":2318,"date":"2024-01-04T14:35:52","date_gmt":"2024-01-04T13:35:52","guid":{"rendered":"https:\/\/www.gerardcalzada.com\/?page_id=2318"},"modified":"2024-07-11T10:57:53","modified_gmt":"2024-07-11T08:57:53","slug":"apoyo-a-los-cuidadores-familiares","status":"publish","type":"page","link":"https:\/\/www.gerardcalzada.com\/es\/tratamientos\/apoyo-a-los-cuidadores-familiares\/","title":{"rendered":"Apoyo a los cuidadores familiares"},"content":{"rendered":"\n<div class=\"wp-block-uagb-container uagb-block-6423f087 alignfull uagb-is-root-container\"><div class=\"uagb-container-inner-blocks-wrap\">\n<h1 class=\"wp-block-heading has-text-align-center\">Apoyo a los cuidadores familiares<\/h1>\n\n\n\n<div class=\"wp-block-media-text has-media-on-the-right is-stacked-on-mobile is-vertically-aligned-top\" style=\"padding-top:0;padding-bottom:0;grid-template-columns:auto 45%\"><div class=\"wp-block-media-text__content\">\n<p class=\"has-ast-global-color-1-color has-text-color has-link-color wp-elements-c35a81ee14d4fe4d9e4f3e4cecb69211\" style=\"font-size:23px\">Como m\u00e9dico psiquiatra y psicoterapeuta, he tenido el honor de trabajar con numerosos cuidadores familiares. Me han ense\u00f1ado la importancia crucial de su papel en el apoyo a personas que sufren de trastornos mentales o enfermedades cr\u00f3nicas. Las tareas diarias, como la administraci\u00f3n de medicamentos y la acompa\u00f1amiento a las citas m\u00e9dicas, son solo la parte visible del iceberg. En realidad, estos cuidadores experimentan un torrente de emociones. Desde el miedo hasta la culpa, a menudo experimentan un agotamiento silencioso.<\/p>\n\n\n\n<p class=\"has-ast-global-color-1-color has-text-color has-link-color wp-elements-a0d3640f2201792d6cb28d20c67cbb2c\" style=\"font-size:23px\">Mi misi\u00f3n es ayudar a los cuidadores familiares a manejar mejor estos desaf\u00edos. Esto incluye el desarrollo de t\u00e9cnicas de manejo del estr\u00e9s, la mejora de sus habilidades de comunicaci\u00f3n y el fortalecimiento de su capacidad para cuidar de s\u00ed mismos mientras ayudan a sus seres queridos. Por lo tanto, nuestro objetivo es encontrar juntos un nuevo equilibrio y fortalecer su resiliencia ante los m\u00faltiples desaf\u00edos de su papel<\/p>\n<\/div><figure class=\"wp-block-media-text__media\"><img loading=\"lazy\" decoding=\"async\" width=\"896\" height=\"512\" src=\"https:\/\/www.gerardcalzada.com\/wp-content\/uploads\/Proches.webp\" alt=\"Soutien aux proches aidants\" class=\"wp-image-1644 size-full\" srcset=\"https:\/\/www.gerardcalzada.com\/es\/wp-content\/uploads\/sites\/2\/Proches.webp 896w, https:\/\/www.gerardcalzada.com\/es\/wp-content\/uploads\/sites\/2\/Proches-300x171.webp 300w\" sizes=\"auto, (max-width: 896px) 100vw, 896px\" \/><\/figure><\/div>\n<\/div><\/div>\n\n\n\n<div class=\"wp-block-uagb-container uagb-block-7bfc6fde alignfull uagb-is-root-container\"><div class=\"uagb-container-inner-blocks-wrap\">\n<div class=\"wp-block-uagb-advanced-heading uagb-block-e339b5d8\"><h2 class=\"uagb-heading-text\">Acompa\u00f1amiento psicoterap\u00e9utico para cuidadores familiares<\/h2><\/div>\n\n\n\n<div class=\"wp-block-columns is-layout-flex wp-container-core-columns-is-layout-1 wp-block-columns-is-layout-flex\">\n<div class=\"wp-block-column is-layout-flow wp-block-column-is-layout-flow\">\n<div class=\"wp-block-uagb-info-box uagb-block-be5cca48 uagb-infobox__content-wrap  uagb-infobox-icon-above-title uagb-infobox-image-valign-top\"><div class=\"uagb-ifb-content\"><div class=\"uagb-ifb-image-content\"><img decoding=\"async\" src=\"https:\/\/www.gerardcalzada.com\/es\/wp-content\/uploads\/sites\/2\/soutien.webp\" alt=\"Apoyo psicol\u00f3gico\" width=\"400\" height=\"228\" loading=\"lazy\"\/><\/div><div class=\"uagb-ifb-title-wrap\"><h3 class=\"uagb-ifb-title\">Apoyo psicol\u00f3gico<\/h3><\/div><p class=\"uagb-ifb-desc\">Las sesiones se centran en la gesti\u00f3n de emociones y estr\u00e9s. Adem\u00e1s, ofrecen estrategias pr\u00e1cticas y apoyo adaptado para ayudarle a enfrentar los desaf\u00edos \u00fanicos de su papel de cuidador, al mismo tiempo que promueven su bienestar personal.<\/p><\/div><\/div>\n<\/div>\n\n\n\n<div class=\"wp-block-column is-layout-flow wp-block-column-is-layout-flow\">\n<div class=\"wp-block-uagb-info-box uagb-block-f239e73c uagb-infobox__content-wrap  uagb-infobox-icon-above-title uagb-infobox-image-valign-top\"><div class=\"uagb-ifb-content\"><div class=\"uagb-ifb-image-content\"><img decoding=\"async\" src=\"https:\/\/www.gerardcalzada.com\/es\/wp-content\/uploads\/sites\/2\/communication.webp\" alt=\"Estrategias de comunicaci\u00f3n\" width=\"400\" height=\"228\" loading=\"lazy\"\/><\/div><div class=\"uagb-ifb-title-wrap\"><h3 class=\"uagb-ifb-title\">Estrategias de comunicaci\u00f3n<\/h3><\/div><p class=\"uagb-ifb-desc\">Mejore sus habilidades de comunicaci\u00f3n con los profesionales de la salud y su ser querido a trav\u00e9s de la escucha activa y la comunicaci\u00f3n no violenta, para interacciones m\u00e1s claras y emp\u00e1ticas.<\/p><\/div><\/div>\n<\/div>\n\n\n\n<div class=\"wp-block-column is-layout-flow wp-block-column-is-layout-flow\">\n<div class=\"wp-block-uagb-info-box uagb-block-6298a444 uagb-infobox__content-wrap  uagb-infobox-icon-above-title uagb-infobox-image-valign-top\"><div class=\"uagb-ifb-content\"><div class=\"uagb-ifb-image-content\"><img decoding=\"async\" src=\"https:\/\/www.gerardcalzada.com\/es\/wp-content\/uploads\/sites\/2\/psychoeducation.webp\" alt=\"Sesiones psicoeducativas\" width=\"400\" height=\"228\" loading=\"lazy\"\/><\/div><div class=\"uagb-ifb-title-wrap\"><h3 class=\"uagb-ifb-title\">Sesiones psicoeducativas<\/h3><\/div><p class=\"uagb-ifb-desc\">Sesiones informativas sobre trastornos mentales o enfermedades cr\u00f3nicas, destacando la importancia de hacer preguntas a otros profesionales de la salud involucrados en el cuidado de su ser querido, para convertirse en un actor proactivo e informado.<\/p><\/div><\/div>\n<\/div>\n<\/div>\n<\/div><\/div>\n\n\n\n<div class=\"wp-block-uagb-container uagb-block-799703a5 alignfull uagb-is-root-container\"><div class=\"uagb-container-inner-blocks-wrap\">\n<div class=\"wp-block-uagb-container uagb-block-e90c1041 alignfull uagb-is-root-container\"><div class=\"uagb-container-inner-blocks-wrap\">\n<div class=\"wp-block-uagb-call-to-action uagb-block-18f24de1 wp-block-button\"><div class=\"uagb-cta__wrap\"><h2 class=\"uagb-cta__title\"><strong>Reserve su consulta<\/strong><\/h2><p class=\"uagb-cta__desc\">Para comenzar una terapia de apoyo como cuidador familiar, no dude en programar una cita<\/p><\/div><div class=\"uagb-cta__buttons\"><a href=\"https:\/\/www.gerardcalzada.com\/es\/cita\/\" class=\"uagb-cta__button-link-wrapper wp-block-button__link\" target=\"_self\" rel=\"noopener noreferrer\">SOLICITE UNA CITA<\/a><\/div><\/div>\n<\/div><\/div>\n<\/div><\/div>\n\n\n\n<div class=\"wp-block-uagb-container uagb-block-a115ee17 alignfull uagb-is-root-container\"><div class=\"uagb-container-inner-blocks-wrap\">\n<div class=\"wp-block-uagb-advanced-heading uagb-block-c1027a4a\"><h2 class=\"uagb-heading-text\">Recursos y herramientas \u00fatiles en Suiza<\/h2><\/div>\n\n\n\n<div class=\"wp-block-uagb-info-box uagb-block-17609b2f uagb-infobox__content-wrap  uagb-infobox-icon-above-title uagb-infobox-image-valign-top\"><div class=\"uagb-ifb-content\"><div class=\"uagb-ifb-title-wrap\"><h3 class=\"uagb-ifb-title\"><strong>Association Le Relais<\/strong><\/h3><\/div><p class=\"uagb-ifb-desc\">La Asociaci\u00f3n Le Relais es parte de la red de salud mental de Ginebra. Apoya activamente a los familiares de personas con trastornos mentales. Ofrece ayuda para enfrentar y superar las dificultades relacionadas con esta situaci\u00f3n. Para obtener m\u00e1s informaci\u00f3n, visite <a href=\"https:\/\/lerelais.ch\/\" target=\"_blank\" rel=\"noreferrer noopener\"><strong>Le Relais<\/strong><\/a>.<\/p><\/div><\/div>\n\n\n\n<div class=\"wp-block-uagb-info-box uagb-block-02e4461d uagb-infobox__content-wrap  uagb-infobox-icon-above-title uagb-infobox-image-valign-top\"><div class=\"uagb-ifb-content\"><div class=\"uagb-ifb-title-wrap\"><h3 class=\"uagb-ifb-title\"><strong><strong>Coraasp<\/strong><\/strong><\/h3><\/div><p class=\"uagb-ifb-desc\">Coraasp es una asociaci\u00f3n que re\u00fane a varias organizaciones de ayuda mutua y apoyo en la regi\u00f3n de habla francesa de Suiza para personas con trastornos mentales y sus familiares. Adem\u00e1s, promueve la integraci\u00f3n social, la ciudadan\u00eda, la informaci\u00f3n y la defensa de los intereses de las personas afectadas. M\u00e1s informaci\u00f3n est\u00e1 disponible en <a href=\"https:\/\/coraasp.ch\/\" target=\"_blank\" rel=\"noreferrer noopener\"><strong>Coraasp<\/strong><\/a>.<\/p><\/div><\/div>\n\n\n\n<div class=\"wp-block-uagb-info-box uagb-block-1e61f5b8 uagb-infobox__content-wrap  uagb-infobox-icon-above-title uagb-infobox-image-valign-top\"><div class=\"uagb-ifb-content\"><div class=\"uagb-ifb-title-wrap\"><h3 class=\"uagb-ifb-title\"><strong><strong><strong>GE suis proche aidant<\/strong><\/strong><\/strong><\/h3><\/div><p class=\"uagb-ifb-desc\">Este portal ofrece apoyo a los cuidadores familiares, incluyendo consejos para obtener apoyo financiero y asistencia administrativa. Tambi\u00e9n ofrece talleres de concienciaci\u00f3n y un n\u00famero de contacto \u00fanico para guiar a los cuidadores familiares. <a href=\"https:\/\/www.ge.ch\/dossier\/ge-suis-proche-aidant\" target=\"_blank\" rel=\"noreferrer noopener\"><strong>Descubre m\u00e1s en ge.ch<\/strong><\/a>.<\/p><\/div><\/div>\n\n\n\n<div class=\"wp-block-uagb-info-box uagb-block-165ffdd0 uagb-infobox__content-wrap  uagb-infobox-icon-above-title uagb-infobox-image-valign-top\"><div class=\"uagb-ifb-content\"><div class=\"uagb-ifb-title-wrap\"><h3 class=\"uagb-ifb-title\"><strong><strong><strong><strong>R\u00e9seau de soins genevois pour le maintien \u00e0 domicile<\/strong><\/strong><\/strong><\/strong><\/h3><\/div><p class=\"uagb-ifb-desc\">La red de atenci\u00f3n domiciliaria re\u00fane a socios p\u00fablicos y privados del sistema de atenci\u00f3n m\u00e9dica cantonal. Colaboran entre s\u00ed para permitir que las personas con p\u00e9rdida de autonom\u00eda funcional permanezcan en sus hogares el mayor tiempo posible. Esto evita hospitalizaciones y retrasa su admisi\u00f3n en instituciones de atenci\u00f3n m\u00e9dica, aliviando a los cuidadores familiares. <a href=\"https:\/\/www.ge.ch\/reseau-soins-genevois-maintien-domicile-accompagnement-proches-aidants\" target=\"_blank\" rel=\"noreferrer noopener\"><strong>Descubre m\u00e1s en ge.ch<\/strong><\/a>.<\/p><\/div><\/div>\n\n\n\n<div class=\"wp-block-uagb-info-box uagb-block-acd0e73f uagb-infobox__content-wrap  uagb-infobox-icon-above-title uagb-infobox-image-valign-top\"><div class=\"uagb-ifb-content\"><div class=\"uagb-ifb-title-wrap\"><h3 class=\"uagb-ifb-title\"><strong><strong><strong><strong><strong>Etre proche aidant et obtenir de l&#8217;aide<\/strong><\/strong><\/strong><\/strong><\/strong><\/h3><\/div><p class=\"uagb-ifb-desc\">Sitio de informaci\u00f3n del Estado de Ginebra que destaca la importancia de los cuidadores familiares. Destaca los desaf\u00edos a los que se enfrentan, como el agotamiento y el aislamiento. Adem\u00e1s, resalta las iniciativas de apoyo del Estado de Ginebra, que incluyen estructuras de respiro y programas de ayuda para estos cuidadores. <a href=\"https:\/\/www.ge.ch\/etre-proche-aidant-obtenir-aide\" target=\"_blank\" rel=\"noreferrer noopener\"><strong>M\u00e1s informaci\u00f3n en ge.ch<\/strong><\/a>.<\/p><\/div><\/div>\n\n\n\n<div class=\"wp-block-uagb-info-box uagb-block-2c796597 uagb-infobox__content-wrap  uagb-infobox-icon-above-title uagb-infobox-image-valign-top\"><div class=\"uagb-ifb-content\"><div class=\"uagb-ifb-title-wrap\"><h3 class=\"uagb-ifb-title\"><strong><strong><strong><strong><strong><strong>imad &#8211; Aide et soins \u00e0 domicile du canton de Gen\u00e8ve<\/strong><\/strong><\/strong><\/strong><\/strong><\/strong><\/h3><\/div><p class=\"uagb-ifb-desc\">imad ofrece apoyo a los cuidadores familiares con varios servicios espec\u00edficos: la Unidad de Acogida Temporal de Respiro (UATR), el Respiro a familias con ni\u00f1os gravemente enfermos, el Sistema de Llamada de Ayuda y el Portal de Colaboradores. Su sitio web tambi\u00e9n proporciona documentaci\u00f3n \u00fatil e informaci\u00f3n sobre el voluntariado para cuidadores familiares. <a href=\"https:\/\/www.imad-ge.ch\/\"><strong>M\u00e1s informaci\u00f3n en imad-ge.ch<\/strong><\/a>.<\/p><\/div><\/div>\n<\/div><\/div>\n","protected":false},"excerpt":{"rendered":"<p>Apoyo a los cuidadores familiares Como m\u00e9dico psiquiatra y psicoterapeuta, he tenido el honor de trabajar con numerosos cuidadores familiares. Me han ense\u00f1ado la importancia crucial de su papel en el apoyo a personas que sufren de trastornos mentales o enfermedades cr\u00f3nicas. Las tareas diarias, como la administraci\u00f3n de medicamentos y la acompa\u00f1amiento a las [&hellip;]<\/p>\n","protected":false},"author":2,"featured_media":1644,"parent":2951,"menu_order":4,"comment_status":"closed","ping_status":"closed","template":"","meta":{"_uag_custom_page_level_css":"","_monsterinsights_skip_tracking":false,"_monsterinsights_sitenote_active":false,"_monsterinsights_sitenote_note":"","_monsterinsights_sitenote_category":0,"site-sidebar-layout":"default","site-content-layout":"","ast-site-content-layout":"full-width-container","site-content-style":"unboxed","site-sidebar-style":"default","ast-global-header-display":"","ast-banner-title-visibility":"","ast-main-header-display":"","ast-hfb-above-header-display":"","ast-hfb-below-header-display":"","ast-hfb-mobile-header-display":"","site-post-title":"disabled","ast-breadcrumbs-content":"","ast-featured-img":"disabled","footer-sml-layout":"","ast-disable-related-posts":"","theme-transparent-header-meta":"enabled","adv-header-id-meta":"","stick-header-meta":"","header-above-stick-meta":"","header-main-stick-meta":"","header-below-stick-meta":"","astra-migrate-meta-layouts":"set","ast-page-background-enabled":"default","ast-page-background-meta":{"desktop":{"background-color":"var(--ast-global-color-4)","background-image":"","background-repeat":"repeat","background-position":"center center","background-size":"auto","background-attachment":"scroll","background-type":"","background-media":"","overlay-type":"","overlay-color":"","overlay-opacity":"","overlay-gradient":""},"tablet":{"background-color":"","background-image":"","background-repeat":"repeat","background-position":"center center","background-size":"auto","background-attachment":"scroll","background-type":"","background-media":"","overlay-type":"","overlay-color":"","overlay-opacity":"","overlay-gradient":""},"mobile":{"background-color":"","background-image":"","background-repeat":"repeat","background-position":"center center","background-size":"auto","background-attachment":"scroll","background-type":"","background-media":"","overlay-type":"","overlay-color":"","overlay-opacity":"","overlay-gradient":""}},"ast-content-background-meta":{"desktop":{"background-color":"var(--ast-global-color-5)","background-image":"","background-repeat":"repeat","background-position":"center center","background-size":"auto","background-attachment":"scroll","background-type":"","background-media":"","overlay-type":"","overlay-color":"","overlay-opacity":"","overlay-gradient":""},"tablet":{"background-color":"var(--ast-global-color-5)","background-image":"","background-repeat":"repeat","background-position":"center center","background-size":"auto","background-attachment":"scroll","background-type":"","background-media":"","overlay-type":"","overlay-color":"","overlay-opacity":"","overlay-gradient":""},"mobile":{"background-color":"var(--ast-global-color-5)","background-image":"","background-repeat":"repeat","background-position":"center center","background-size":"auto","background-attachment":"scroll","background-type":"","background-media":"","overlay-type":"","overlay-color":"","overlay-opacity":"","overlay-gradient":""}},"footnotes":""},"class_list":["post-2318","page","type-page","status-publish","has-post-thumbnail","hentry"],"yoast_head":"<!-- This site is optimized with the Yoast SEO plugin v26.8 - https:\/\/yoast.com\/product\/yoast-seo-wordpress\/ -->\n<title>Apoyo a los cuidadores familiares - Dr Gerard Calzada<\/title>\n<meta name=\"description\" content=\"Acompa\u00f1amiento y apoyo espec\u00edfico para los familiares cuidadores de personas con trastorno mental o enfermedad cr\u00f3nica.\" \/>\n<meta name=\"robots\" content=\"index, follow, max-snippet:-1, max-image-preview:large, max-video-preview:-1\" \/>\n<link rel=\"canonical\" href=\"https:\/\/www.gerardcalzada.com\/es\/tratamientos\/apoyo-a-los-cuidadores-familiares\/\" \/>\n<meta property=\"og:locale\" content=\"es_ES\" \/>\n<meta property=\"og:type\" content=\"article\" \/>\n<meta property=\"og:title\" content=\"Apoyo a los cuidadores familiares - Dr Gerard Calzada\" \/>\n<meta property=\"og:description\" content=\"Acompa\u00f1amiento y apoyo espec\u00edfico para los familiares cuidadores de personas con trastorno mental o enfermedad cr\u00f3nica.\" \/>\n<meta property=\"og:url\" content=\"https:\/\/www.gerardcalzada.com\/es\/tratamientos\/apoyo-a-los-cuidadores-familiares\/\" \/>\n<meta property=\"og:site_name\" content=\"Dr Gerard Calzada\" \/>\n<meta property=\"article:modified_time\" content=\"2024-07-11T08:57:53+00:00\" \/>\n<meta property=\"og:image\" content=\"https:\/\/www.gerardcalzada.com\/es\/wp-content\/uploads\/sites\/2\/Proches.webp\" \/>\n\t<meta property=\"og:image:width\" content=\"896\" \/>\n\t<meta property=\"og:image:height\" content=\"512\" \/>\n\t<meta property=\"og:image:type\" content=\"image\/webp\" \/>\n<meta name=\"twitter:card\" content=\"summary_large_image\" \/>\n<meta name=\"twitter:label1\" content=\"Tiempo de lectura\" \/>\n\t<meta name=\"twitter:data1\" content=\"4 minutos\" \/>\n<script type=\"application\/ld+json\" class=\"yoast-schema-graph\">{\"@context\":\"https:\/\/schema.org\",\"@graph\":[{\"@type\":\"WebPage\",\"@id\":\"https:\/\/www.gerardcalzada.com\/es\/tratamientos\/apoyo-a-los-cuidadores-familiares\/\",\"url\":\"https:\/\/www.gerardcalzada.com\/es\/tratamientos\/apoyo-a-los-cuidadores-familiares\/\",\"name\":\"Apoyo a los cuidadores familiares - Dr Gerard Calzada\",\"isPartOf\":{\"@id\":\"https:\/\/www.gerardcalzada.com\/es\/#website\"},\"primaryImageOfPage\":{\"@id\":\"https:\/\/www.gerardcalzada.com\/es\/tratamientos\/apoyo-a-los-cuidadores-familiares\/#primaryimage\"},\"image\":{\"@id\":\"https:\/\/www.gerardcalzada.com\/es\/tratamientos\/apoyo-a-los-cuidadores-familiares\/#primaryimage\"},\"thumbnailUrl\":\"https:\/\/www.gerardcalzada.com\/es\/wp-content\/uploads\/sites\/2\/Proches.webp\",\"datePublished\":\"2024-01-04T13:35:52+00:00\",\"dateModified\":\"2024-07-11T08:57:53+00:00\",\"description\":\"Acompa\u00f1amiento y apoyo espec\u00edfico para los familiares cuidadores de personas con trastorno mental o enfermedad cr\u00f3nica.\",\"breadcrumb\":{\"@id\":\"https:\/\/www.gerardcalzada.com\/es\/tratamientos\/apoyo-a-los-cuidadores-familiares\/#breadcrumb\"},\"inLanguage\":\"es\",\"potentialAction\":[{\"@type\":\"ReadAction\",\"target\":[\"https:\/\/www.gerardcalzada.com\/es\/tratamientos\/apoyo-a-los-cuidadores-familiares\/\"]}]},{\"@type\":\"ImageObject\",\"inLanguage\":\"es\",\"@id\":\"https:\/\/www.gerardcalzada.com\/es\/tratamientos\/apoyo-a-los-cuidadores-familiares\/#primaryimage\",\"url\":\"https:\/\/www.gerardcalzada.com\/es\/wp-content\/uploads\/sites\/2\/Proches.webp\",\"contentUrl\":\"https:\/\/www.gerardcalzada.com\/es\/wp-content\/uploads\/sites\/2\/Proches.webp\",\"width\":896,\"height\":512,\"caption\":\"Apoyo a los cuidadores familiares\"},{\"@type\":\"BreadcrumbList\",\"@id\":\"https:\/\/www.gerardcalzada.com\/es\/tratamientos\/apoyo-a-los-cuidadores-familiares\/#breadcrumb\",\"itemListElement\":[{\"@type\":\"ListItem\",\"position\":1,\"name\":\"Accueil\",\"item\":\"https:\/\/www.gerardcalzada.com\/es\/\"},{\"@type\":\"ListItem\",\"position\":2,\"name\":\"Prestaciones de salud mental\",\"item\":\"https:\/\/www.gerardcalzada.com\/es\/tratamientos\/\"},{\"@type\":\"ListItem\",\"position\":3,\"name\":\"Apoyo a los cuidadores familiares\"}]},{\"@type\":\"WebSite\",\"@id\":\"https:\/\/www.gerardcalzada.com\/es\/#website\",\"url\":\"https:\/\/www.gerardcalzada.com\/es\/\",\"name\":\"Dr Gerard Calzada\",\"description\":\"M\u00e9dico psiquiatra y psicoterapeuta, especializado en el tratamiento de adicciones y en psicoterapias sist\u00e9micas, Ginebra (Suiza)\",\"publisher\":{\"@id\":\"https:\/\/www.gerardcalzada.com\/es\/#organization\"},\"potentialAction\":[{\"@type\":\"SearchAction\",\"target\":{\"@type\":\"EntryPoint\",\"urlTemplate\":\"https:\/\/www.gerardcalzada.com\/es\/?s={search_term_string}\"},\"query-input\":{\"@type\":\"PropertyValueSpecification\",\"valueRequired\":true,\"valueName\":\"search_term_string\"}}],\"inLanguage\":\"es\"},{\"@type\":\"Organization\",\"@id\":\"https:\/\/www.gerardcalzada.com\/es\/#organization\",\"name\":\"Dr Gerard Calzada\",\"url\":\"https:\/\/www.gerardcalzada.com\/es\/\",\"logo\":{\"@type\":\"ImageObject\",\"inLanguage\":\"es\",\"@id\":\"https:\/\/www.gerardcalzada.com\/es\/#\/schema\/logo\/image\/\",\"url\":\"https:\/\/www.gerardcalzada.com\/es\/wp-content\/uploads\/sites\/2\/G-Calzada.webp\",\"contentUrl\":\"https:\/\/www.gerardcalzada.com\/es\/wp-content\/uploads\/sites\/2\/G-Calzada.webp\",\"width\":2133,\"height\":1200,\"caption\":\"Dr Gerard Calzada\"},\"image\":{\"@id\":\"https:\/\/www.gerardcalzada.com\/es\/#\/schema\/logo\/image\/\"}}]}<\/script>\n<!-- \/ Yoast SEO plugin. -->","yoast_head_json":{"title":"Apoyo a los cuidadores familiares - Dr Gerard Calzada","description":"Acompa\u00f1amiento y apoyo espec\u00edfico para los familiares cuidadores de personas con trastorno mental o enfermedad cr\u00f3nica.","robots":{"index":"index","follow":"follow","max-snippet":"max-snippet:-1","max-image-preview":"max-image-preview:large","max-video-preview":"max-video-preview:-1"},"canonical":"https:\/\/www.gerardcalzada.com\/es\/tratamientos\/apoyo-a-los-cuidadores-familiares\/","og_locale":"es_ES","og_type":"article","og_title":"Apoyo a los cuidadores familiares - Dr Gerard Calzada","og_description":"Acompa\u00f1amiento y apoyo espec\u00edfico para los familiares cuidadores de personas con trastorno mental o enfermedad cr\u00f3nica.","og_url":"https:\/\/www.gerardcalzada.com\/es\/tratamientos\/apoyo-a-los-cuidadores-familiares\/","og_site_name":"Dr Gerard Calzada","article_modified_time":"2024-07-11T08:57:53+00:00","og_image":[{"width":896,"height":512,"url":"https:\/\/www.gerardcalzada.com\/es\/wp-content\/uploads\/sites\/2\/Proches.webp","type":"image\/webp"}],"twitter_card":"summary_large_image","twitter_misc":{"Tiempo de lectura":"4 minutos"},"schema":{"@context":"https:\/\/schema.org","@graph":[{"@type":"WebPage","@id":"https:\/\/www.gerardcalzada.com\/es\/tratamientos\/apoyo-a-los-cuidadores-familiares\/","url":"https:\/\/www.gerardcalzada.com\/es\/tratamientos\/apoyo-a-los-cuidadores-familiares\/","name":"Apoyo a los cuidadores familiares - Dr Gerard Calzada","isPartOf":{"@id":"https:\/\/www.gerardcalzada.com\/es\/#website"},"primaryImageOfPage":{"@id":"https:\/\/www.gerardcalzada.com\/es\/tratamientos\/apoyo-a-los-cuidadores-familiares\/#primaryimage"},"image":{"@id":"https:\/\/www.gerardcalzada.com\/es\/tratamientos\/apoyo-a-los-cuidadores-familiares\/#primaryimage"},"thumbnailUrl":"https:\/\/www.gerardcalzada.com\/es\/wp-content\/uploads\/sites\/2\/Proches.webp","datePublished":"2024-01-04T13:35:52+00:00","dateModified":"2024-07-11T08:57:53+00:00","description":"Acompa\u00f1amiento y apoyo espec\u00edfico para los familiares cuidadores de personas con trastorno mental o enfermedad cr\u00f3nica.","breadcrumb":{"@id":"https:\/\/www.gerardcalzada.com\/es\/tratamientos\/apoyo-a-los-cuidadores-familiares\/#breadcrumb"},"inLanguage":"es","potentialAction":[{"@type":"ReadAction","target":["https:\/\/www.gerardcalzada.com\/es\/tratamientos\/apoyo-a-los-cuidadores-familiares\/"]}]},{"@type":"ImageObject","inLanguage":"es","@id":"https:\/\/www.gerardcalzada.com\/es\/tratamientos\/apoyo-a-los-cuidadores-familiares\/#primaryimage","url":"https:\/\/www.gerardcalzada.com\/es\/wp-content\/uploads\/sites\/2\/Proches.webp","contentUrl":"https:\/\/www.gerardcalzada.com\/es\/wp-content\/uploads\/sites\/2\/Proches.webp","width":896,"height":512,"caption":"Apoyo a los cuidadores familiares"},{"@type":"BreadcrumbList","@id":"https:\/\/www.gerardcalzada.com\/es\/tratamientos\/apoyo-a-los-cuidadores-familiares\/#breadcrumb","itemListElement":[{"@type":"ListItem","position":1,"name":"Accueil","item":"https:\/\/www.gerardcalzada.com\/es\/"},{"@type":"ListItem","position":2,"name":"Prestaciones de salud mental","item":"https:\/\/www.gerardcalzada.com\/es\/tratamientos\/"},{"@type":"ListItem","position":3,"name":"Apoyo a los cuidadores familiares"}]},{"@type":"WebSite","@id":"https:\/\/www.gerardcalzada.com\/es\/#website","url":"https:\/\/www.gerardcalzada.com\/es\/","name":"Dr Gerard Calzada","description":"M\u00e9dico psiquiatra y psicoterapeuta, especializado en el tratamiento de adicciones y en psicoterapias sist\u00e9micas, Ginebra (Suiza)","publisher":{"@id":"https:\/\/www.gerardcalzada.com\/es\/#organization"},"potentialAction":[{"@type":"SearchAction","target":{"@type":"EntryPoint","urlTemplate":"https:\/\/www.gerardcalzada.com\/es\/?s={search_term_string}"},"query-input":{"@type":"PropertyValueSpecification","valueRequired":true,"valueName":"search_term_string"}}],"inLanguage":"es"},{"@type":"Organization","@id":"https:\/\/www.gerardcalzada.com\/es\/#organization","name":"Dr Gerard Calzada","url":"https:\/\/www.gerardcalzada.com\/es\/","logo":{"@type":"ImageObject","inLanguage":"es","@id":"https:\/\/www.gerardcalzada.com\/es\/#\/schema\/logo\/image\/","url":"https:\/\/www.gerardcalzada.com\/es\/wp-content\/uploads\/sites\/2\/G-Calzada.webp","contentUrl":"https:\/\/www.gerardcalzada.com\/es\/wp-content\/uploads\/sites\/2\/G-Calzada.webp","width":2133,"height":1200,"caption":"Dr Gerard Calzada"},"image":{"@id":"https:\/\/www.gerardcalzada.com\/es\/#\/schema\/logo\/image\/"}}]}},"uagb_featured_image_src":{"full":["https:\/\/www.gerardcalzada.com\/es\/wp-content\/uploads\/sites\/2\/Proches.webp",896,512,false],"thumbnail":["https:\/\/www.gerardcalzada.com\/es\/wp-content\/uploads\/sites\/2\/Proches-150x150.webp",150,150,true],"medium":["https:\/\/www.gerardcalzada.com\/es\/wp-content\/uploads\/sites\/2\/Proches-300x171.webp",300,171,true],"medium_large":["https:\/\/www.gerardcalzada.com\/es\/wp-content\/uploads\/sites\/2\/Proches.webp",896,512,false],"large":["https:\/\/www.gerardcalzada.com\/es\/wp-content\/uploads\/sites\/2\/Proches.webp",896,512,false],"1536x1536":["https:\/\/www.gerardcalzada.com\/es\/wp-content\/uploads\/sites\/2\/Proches.webp",896,512,false],"2048x2048":["https:\/\/www.gerardcalzada.com\/es\/wp-content\/uploads\/sites\/2\/Proches.webp",896,512,false],"gform-image-choice-sm":["https:\/\/www.gerardcalzada.com\/es\/wp-content\/uploads\/sites\/2\/Proches.webp",300,171,false],"gform-image-choice-md":["https:\/\/www.gerardcalzada.com\/es\/wp-content\/uploads\/sites\/2\/Proches.webp",400,229,false],"gform-image-choice-lg":["https:\/\/www.gerardcalzada.com\/es\/wp-content\/uploads\/sites\/2\/Proches.webp",600,343,false]},"uagb_author_info":{"display_name":"Gerard Calzada","author_link":"https:\/\/www.gerardcalzada.com\/es\/author\/gerard\/"},"uagb_comment_info":0,"uagb_excerpt":"Apoyo a los cuidadores familiares Como m\u00e9dico psiquiatra y psicoterapeuta, he tenido el honor de trabajar con numerosos cuidadores familiares. Me han ense\u00f1ado la importancia crucial de su papel en el apoyo a personas que sufren de trastornos mentales o enfermedades cr\u00f3nicas. Las tareas diarias, como la administraci\u00f3n de medicamentos y la acompa\u00f1amiento a las&hellip;","_links":{"self":[{"href":"https:\/\/www.gerardcalzada.com\/es\/wp-json\/wp\/v2\/pages\/2318","targetHints":{"allow":["GET"]}}],"collection":[{"href":"https:\/\/www.gerardcalzada.com\/es\/wp-json\/wp\/v2\/pages"}],"about":[{"href":"https:\/\/www.gerardcalzada.com\/es\/wp-json\/wp\/v2\/types\/page"}],"author":[{"embeddable":true,"href":"https:\/\/www.gerardcalzada.com\/es\/wp-json\/wp\/v2\/users\/2"}],"replies":[{"embeddable":true,"href":"https:\/\/www.gerardcalzada.com\/es\/wp-json\/wp\/v2\/comments?post=2318"}],"version-history":[{"count":29,"href":"https:\/\/www.gerardcalzada.com\/es\/wp-json\/wp\/v2\/pages\/2318\/revisions"}],"predecessor-version":[{"id":3183,"href":"https:\/\/www.gerardcalzada.com\/es\/wp-json\/wp\/v2\/pages\/2318\/revisions\/3183"}],"up":[{"embeddable":true,"href":"https:\/\/www.gerardcalzada.com\/es\/wp-json\/wp\/v2\/pages\/2951"}],"wp:featuredmedia":[{"embeddable":true,"href":"https:\/\/www.gerardcalzada.com\/es\/wp-json\/wp\/v2\/media\/1644"}],"wp:attachment":[{"href":"https:\/\/www.gerardcalzada.com\/es\/wp-json\/wp\/v2\/media?parent=2318"}],"curies":[{"name":"wp","href":"https:\/\/api.w.org\/{rel}","templated":true}]}}