{"id":2099,"date":"2023-12-26T09:43:38","date_gmt":"2023-12-26T08:43:38","guid":{"rendered":"https:\/\/www.gerardcalzada.com\/?page_id=2099"},"modified":"2024-07-11T10:57:53","modified_gmt":"2024-07-11T08:57:53","slug":"tratamiento-de-trastornos-psicologicos","status":"publish","type":"page","link":"https:\/\/www.gerardcalzada.com\/es\/tratamientos\/tratamiento-de-trastornos-psicologicos\/","title":{"rendered":"Tratamiento de trastornos psicol\u00f3gicos"},"content":{"rendered":"\n<div class=\"wp-block-uagb-container uagb-block-6423f087 alignfull uagb-is-root-container\"><div class=\"uagb-container-inner-blocks-wrap\">\n<h1 class=\"wp-block-heading has-text-align-center\">Tratamiento de trastornos psicol\u00f3gicos y de dificultades emocionales<\/h1>\n\n\n\n<div class=\"wp-block-media-text has-media-on-the-right is-stacked-on-mobile is-vertically-aligned-top\" style=\"padding-top:0;padding-bottom:0;grid-template-columns:auto 45%\"><div class=\"wp-block-media-text__content\">\n<p class=\"has-ast-global-color-1-color has-text-color has-link-color wp-elements-aa12b48d8db02d39562486767ea1fda9\" style=\"font-size:23px\">La salud mental es un pilar esencial de nuestro bienestar general y un derecho fundamental para todos. Nos permite manejar el estr\u00e9s cotidiano, realizar nuestro potencial e interactuar positivamente con los dem\u00e1s.<\/p>\n\n\n\n<p class=\"has-ast-global-color-1-color has-text-color has-link-color wp-elements-4b7b4f787ecc63d3620effbba43e7993\" style=\"font-size:23px\">Los trastornos psicol\u00f3gicos y las dificultades emocionales o relacionales pueden causar sufrimiento y perturbar nuestra vida cotidiana. Reconocer la importancia de la salud mental y abordar estos desaf\u00edos es esencial para mantener nuestro equilibrio y bienestar.<\/p>\n\n\n\n<p class=\"has-ast-global-color-1-color has-text-color has-link-color wp-elements-d269e9f9e4af6bd136bcb757eb7f3be6\" style=\"font-size:23px\">Mi misi\u00f3n como m\u00e9dico psiquiatra y psicoterapeuta es acompa\u00f1arlos en este proceso de comprensi\u00f3n y cambio, apoy\u00e1ndolos para que puedan realizar mejoras significativas en sus vidas.<\/p>\n<\/div><figure class=\"wp-block-media-text__media\"><img loading=\"lazy\" decoding=\"async\" width=\"896\" height=\"512\" src=\"https:\/\/www.gerardcalzada.com\/es\/wp-content\/uploads\/sites\/2\/Troubles_psychiques.webp\" alt=\"Tratamiento de trastornos psicol\u00f3gicos, salud mental\" class=\"wp-image-1640 size-full\" srcset=\"https:\/\/www.gerardcalzada.com\/es\/wp-content\/uploads\/sites\/2\/Troubles_psychiques.webp 896w, https:\/\/www.gerardcalzada.com\/es\/wp-content\/uploads\/sites\/2\/Troubles_psychiques-300x171.webp 300w\" sizes=\"auto, (max-width: 896px) 100vw, 896px\" \/><\/figure><\/div>\n<\/div><\/div>\n\n\n\n<div class=\"wp-block-uagb-container uagb-block-449f9e98 alignfull uagb-is-root-container\"><div class=\"uagb-container-inner-blocks-wrap\">\n<div class=\"wp-block-uagb-advanced-heading uagb-block-df981d27\"><h2 class=\"uagb-heading-text\">Tratamientos psiqui\u00e1tricos y psicoterap\u00e9uticos integrados<\/h2><p class=\"uagb-desc-text\">Adoptando un enfoque integrado que combina conocimientos en psiquiatr\u00eda con m\u00e9todos psicoterap\u00e9uticos, acompa\u00f1o a personas enfrentadas a diversos trastornos psicol\u00f3gicos, ayudando a gestionar y superar sus dificultades emocionales y relacionales.<\/p><\/div>\n\n\n\n<div class=\"wp-block-uagb-container uagb-block-494464aa alignfull uagb-is-root-container\">\n<div class=\"wp-block-columns are-vertically-aligned-top is-layout-flex wp-container-core-columns-is-layout-1 wp-block-columns-is-layout-flex\">\n<div class=\"wp-block-column is-vertically-aligned-top is-layout-flow wp-block-column-is-layout-flow\">\n<div class=\"wp-block-uagb-info-box uagb-block-0298a702 uagb-infobox__content-wrap  uagb-infobox-icon-above-title uagb-infobox-image-valign-top\"><div class=\"uagb-ifb-content\"><div class=\"uagb-ifb-image-content\"><img decoding=\"async\" src=\"https:\/\/www.gerardcalzada.com\/es\/wp-content\/uploads\/sites\/2\/Anxiete.webp\" alt=\"Trastornos de ansiedad\" width=\"400\" height=\"228\" loading=\"lazy\"\/><\/div><div class=\"uagb-ifb-title-wrap\"><h3 class=\"uagb-ifb-title\">Trastornos de ansiedad<\/h3><\/div><p class=\"uagb-ifb-desc\">Estos trastornos se caracterizan por una preocupaci\u00f3n excesiva y un sentimiento de miedo intenso en ciertas situaciones o frente a ciertos pensamientos. Incluyen la ansiedad generalizada, las fobias, la ansiedad social, los trastornos obsesivo-compulsivos (TOC) y el estado de estr\u00e9s postraum\u00e1tico.<\/p><\/div><\/div>\n<\/div>\n\n\n\n<div class=\"wp-block-column is-vertically-aligned-top is-layout-flow wp-block-column-is-layout-flow\">\n<div class=\"wp-block-uagb-info-box uagb-block-e0144820 uagb-infobox__content-wrap  uagb-infobox-icon-above-title uagb-infobox-image-valign-top\"><div class=\"uagb-ifb-content\"><div class=\"uagb-ifb-image-content\"><img decoding=\"async\" src=\"https:\/\/www.gerardcalzada.com\/es\/wp-content\/uploads\/sites\/2\/Humeur.webp\" alt=\"Trastornos del estado de \u00e1nimo\" width=\"400\" height=\"228\" loading=\"lazy\"\/><\/div><div class=\"uagb-ifb-title-wrap\"><h3 class=\"uagb-ifb-title\">Trastornos del estado de \u00e1nimo<\/h3><\/div><p class=\"uagb-ifb-desc\">Estos trastornos influyen considerablemente en el estado emocional de una persona. La depresi\u00f3n se manifiesta por una profunda tristeza y falta de inter\u00e9s, mientras que los trastornos bipolares generan variaciones extremas del estado de \u00e1nimo, entre depresi\u00f3n y man\u00eda.<\/p><\/div><\/div>\n<\/div>\n\n\n\n<div class=\"wp-block-column is-layout-flow wp-block-column-is-layout-flow\">\n<div class=\"wp-block-uagb-info-box uagb-block-2e83b3cb uagb-infobox__content-wrap  uagb-infobox-icon-above-title uagb-infobox-image-valign-top\"><div class=\"uagb-ifb-content\"><div class=\"uagb-ifb-image-content\"><img decoding=\"async\" src=\"https:\/\/www.gerardcalzada.com\/es\/wp-content\/uploads\/sites\/2\/Psychose.webp\" alt=\"Trastornos psic\u00f3ticos\" width=\"400\" height=\"228\" loading=\"lazy\"\/><\/div><div class=\"uagb-ifb-title-wrap\"><h3 class=\"uagb-ifb-title\">Trastornos psic\u00f3ticos<\/h3><\/div><p class=\"uagb-ifb-desc\">Estos trastornos se caracterizan por alteraciones en la percepci\u00f3n de la realidad, y las personas pueden experimentar ideas delirantes, alucinaciones y pensamientos incoherentes. Incluyen la esquizofrenia, el trastorno delirante o el trastorno esquizoafectivo.<\/p><\/div><\/div>\n<\/div>\n<\/div>\n<\/div>\n\n\n\n<div class=\"wp-block-uagb-container uagb-block-309efaf7 alignfull uagb-is-root-container\">\n<div class=\"wp-block-columns are-vertically-aligned-top is-layout-flex wp-container-core-columns-is-layout-2 wp-block-columns-is-layout-flex\">\n<div class=\"wp-block-column is-vertically-aligned-top is-layout-flow wp-block-column-is-layout-flow\">\n<div class=\"wp-block-uagb-info-box uagb-block-20fb6d51 uagb-infobox__content-wrap  uagb-infobox-icon-above-title uagb-infobox-image-valign-top\"><div class=\"uagb-ifb-content\"><div class=\"uagb-ifb-image-content\"><img decoding=\"async\" src=\"https:\/\/www.gerardcalzada.com\/es\/wp-content\/uploads\/sites\/2\/Alimentation.webp\" alt=\"Trastornos de la alimentaci\u00f3n\" width=\"400\" height=\"228\" loading=\"lazy\"\/><\/div><div class=\"uagb-ifb-title-wrap\"><h3 class=\"uagb-ifb-title\">Trastornos de la alimentaci\u00f3n<\/h3><\/div><p class=\"uagb-ifb-desc\">Estos trastornos implican preocupaciones excesivas relacionadas con la comida, el peso y la imagen corporal. Los m\u00e1s comunes son la anorexia nerviosa (restricci\u00f3n alimentaria severa) y la bulimia nerviosa (episodios de sobreingesta seguidos de comportamientos compensatorios).<\/p><\/div><\/div>\n<\/div>\n\n\n\n<div class=\"wp-block-column is-vertically-aligned-top is-layout-flow wp-block-column-is-layout-flow\">\n<div class=\"wp-block-uagb-info-box uagb-block-ecbae004 uagb-infobox__content-wrap  uagb-infobox-icon-above-title uagb-infobox-image-valign-top\"><div class=\"uagb-ifb-content\"><div class=\"uagb-ifb-image-content\"><img decoding=\"async\" src=\"https:\/\/www.gerardcalzada.com\/es\/wp-content\/uploads\/sites\/2\/Thada.webp\" alt=\"TDAH trastorno por d\u00e9ficit de atenci\u00f3n con o sin hiperactividad \" width=\"400\" height=\"228\" loading=\"lazy\"\/><\/div><div class=\"uagb-ifb-title-wrap\"><h3 class=\"uagb-ifb-title\">TDAH<\/h3><\/div><p class=\"uagb-ifb-desc\">El trastorno por d\u00e9ficit de atenci\u00f3n con o sin hiperactividad (TDAH) se caracteriza por dificultades para mantener la atenci\u00f3n, controlar los impulsos y regular la hiperactividad afectando el funcionamiento diario y requiriendo tratamientos variados para mejorar la calidad de vida.<\/p><\/div><\/div>\n<\/div>\n\n\n\n<div class=\"wp-block-column is-layout-flow wp-block-column-is-layout-flow\">\n<div class=\"wp-block-uagb-info-box uagb-block-59ade944 uagb-infobox__content-wrap  uagb-infobox-icon-above-title uagb-infobox-image-valign-top\"><div class=\"uagb-ifb-content\"><div class=\"uagb-ifb-image-content\"><img decoding=\"async\" src=\"https:\/\/www.gerardcalzada.com\/es\/wp-content\/uploads\/sites\/2\/Burnout.webp\" alt=\"Burnout (agotamiento profesional)\" width=\"400\" height=\"228\" loading=\"lazy\"\/><\/div><div class=\"uagb-ifb-title-wrap\"><h3 class=\"uagb-ifb-title\">Burnout (agotamiento profesional)<\/h3><\/div><p class=\"uagb-ifb-desc\">Este trastorno ocurre debido a un estr\u00e9s intenso en el trabajo, lo que conduce a una fatiga extrema, cinismo y una disminuci\u00f3n en la realizaci\u00f3n personal. Puede afectar la salud mental y f\u00edsica, requiriendo gesti\u00f3n del estr\u00e9s y ajustes en el trabajo para la recuperaci\u00f3n.<\/p><\/div><\/div>\n<\/div>\n<\/div>\n<\/div>\n\n\n\n<div class=\"wp-block-uagb-container uagb-block-50ee5c14 alignfull uagb-is-root-container\">\n<div class=\"wp-block-columns are-vertically-aligned-top is-layout-flex wp-container-core-columns-is-layout-3 wp-block-columns-is-layout-flex\">\n<div class=\"wp-block-column is-vertically-aligned-top is-layout-flow wp-block-column-is-layout-flow\">\n<div class=\"wp-block-uagb-info-box uagb-block-5745e65c uagb-infobox__content-wrap  uagb-infobox-icon-above-title uagb-infobox-image-valign-top\"><div class=\"uagb-ifb-content\"><div class=\"uagb-ifb-image-content\"><img decoding=\"async\" src=\"https:\/\/www.gerardcalzada.com\/es\/wp-content\/uploads\/sites\/2\/Crises.webp\" alt=\"Crisis de vida\" width=\"400\" height=\"228\" loading=\"lazy\"\/><\/div><div class=\"uagb-ifb-title-wrap\"><h3 class=\"uagb-ifb-title\">Crisis de vida<\/h3><\/div><p class=\"uagb-ifb-desc\">Las crisis de vida son momentos dif\u00edciles como la separaci\u00f3n, el duelo, el embarazo, la jubilaci\u00f3n, la mudanza, la p\u00e9rdida de empleo, enfermedades graves, problemas financieros, etc. Manejar estos momentos requiere apoyo, adaptabilidad y recursos para ajustarse a los cambios y superar los desaf\u00edos que presentan.<\/p><\/div><\/div>\n<\/div>\n\n\n\n<div class=\"wp-block-column is-vertically-aligned-top is-layout-flow wp-block-column-is-layout-flow\">\n<div class=\"wp-block-uagb-info-box uagb-block-ca56c3f3 uagb-infobox__content-wrap  uagb-infobox-icon-above-title uagb-infobox-image-valign-top\"><div class=\"uagb-ifb-content\"><div class=\"uagb-ifb-image-content\"><img decoding=\"async\" src=\"https:\/\/www.gerardcalzada.com\/es\/wp-content\/uploads\/sites\/2\/Identite.webp\" alt=\"Dificultades identitarias o existenciales\" width=\"400\" height=\"228\" loading=\"lazy\"\/><\/div><div class=\"uagb-ifb-title-wrap\"><h3 class=\"uagb-ifb-title\">Dificultades identitarias o existenciales<\/h3><\/div><p class=\"uagb-ifb-desc\">Estas dificultades incluyen preguntas profundas sobre la identidad personal, el sentido de la vida y preocupaciones profundas. Pueden provocar sentimientos de confusi\u00f3n y un deseo de encontrar respuestas significativas.<\/p><\/div><\/div>\n<\/div>\n\n\n\n<div class=\"wp-block-column is-layout-flow wp-block-column-is-layout-flow\">\n<div class=\"wp-block-uagb-info-box uagb-block-800990b6 uagb-infobox__content-wrap  uagb-infobox-icon-above-title uagb-infobox-image-valign-top\"><div class=\"uagb-ifb-content\"><div class=\"uagb-ifb-image-content\"><img decoding=\"async\" src=\"https:\/\/www.gerardcalzada.com\/es\/wp-content\/uploads\/sites\/2\/Relations.webp\" alt=\"Dificultades relacionales\" width=\"400\" height=\"228\" loading=\"lazy\"\/><\/div><div class=\"uagb-ifb-title-wrap\"><h3 class=\"uagb-ifb-title\">Dificultades relacionales<\/h3><\/div><p class=\"uagb-ifb-desc\">Estos problemas se manifiestan en las interacciones interpersonales con conflictos, malentendidos y desaf\u00edos relacionales. La gesti\u00f3n de emociones y las habilidades de comunicaci\u00f3n pueden ser necesarias para mejorar estas relaciones.<\/p><\/div><\/div>\n<\/div>\n<\/div>\n<\/div>\n<\/div><\/div>\n\n\n\n<div class=\"wp-block-uagb-container uagb-block-799703a5 alignwide uagb-is-root-container\">\n<div class=\"wp-block-uagb-container uagb-block-be2071d7 alignfull uagb-is-root-container\"><div class=\"uagb-container-inner-blocks-wrap\">\n<div class=\"wp-block-uagb-call-to-action uagb-block-18f24de1 wp-block-button\"><div class=\"uagb-cta__wrap\"><h2 class=\"uagb-cta__title\"><strong>Reserve su consulta<\/strong><\/h2><p class=\"uagb-cta__desc\">Para comenzar un tratamiento de trastornos psicol\u00f3gicos y superar sus dificultades emocionales ou relacionales, no dude en pedir una cita.<\/p><\/div><div class=\"uagb-cta__buttons\"><a href=\"https:\/\/www.gerardcalzada.com\/es\/cita\/\" class=\"uagb-cta__button-link-wrapper wp-block-button__link\" target=\"_self\" rel=\"noopener noreferrer\">SOLICITE UNA CITA<\/a><\/div><\/div>\n<\/div><\/div>\n<\/div>\n","protected":false},"excerpt":{"rendered":"<p>Tratamiento de trastornos psicol\u00f3gicos y de dificultades emocionales La salud mental es un pilar esencial de nuestro bienestar general y un derecho fundamental para todos. Nos permite manejar el estr\u00e9s cotidiano, realizar nuestro potencial e interactuar positivamente con los dem\u00e1s. Los trastornos psicol\u00f3gicos y las dificultades emocionales o relacionales pueden causar sufrimiento y perturbar nuestra [&hellip;]<\/p>\n","protected":false},"author":2,"featured_media":1640,"parent":2951,"menu_order":1,"comment_status":"closed","ping_status":"closed","template":"","meta":{"_uag_custom_page_level_css":"","_monsterinsights_skip_tracking":false,"_monsterinsights_sitenote_active":false,"_monsterinsights_sitenote_note":"","_monsterinsights_sitenote_category":0,"site-sidebar-layout":"default","site-content-layout":"","ast-site-content-layout":"full-width-container","site-content-style":"unboxed","site-sidebar-style":"default","ast-global-header-display":"","ast-banner-title-visibility":"","ast-main-header-display":"","ast-hfb-above-header-display":"","ast-hfb-below-header-display":"","ast-hfb-mobile-header-display":"","site-post-title":"disabled","ast-breadcrumbs-content":"","ast-featured-img":"disabled","footer-sml-layout":"","ast-disable-related-posts":"","theme-transparent-header-meta":"enabled","adv-header-id-meta":"","stick-header-meta":"","header-above-stick-meta":"","header-main-stick-meta":"","header-below-stick-meta":"","astra-migrate-meta-layouts":"set","ast-page-background-enabled":"default","ast-page-background-meta":{"desktop":{"background-color":"var(--ast-global-color-4)","background-image":"","background-repeat":"repeat","background-position":"center center","background-size":"auto","background-attachment":"scroll","background-type":"","background-media":"","overlay-type":"","overlay-color":"","overlay-opacity":"","overlay-gradient":""},"tablet":{"background-color":"","background-image":"","background-repeat":"repeat","background-position":"center center","background-size":"auto","background-attachment":"scroll","background-type":"","background-media":"","overlay-type":"","overlay-color":"","overlay-opacity":"","overlay-gradient":""},"mobile":{"background-color":"","background-image":"","background-repeat":"repeat","background-position":"center center","background-size":"auto","background-attachment":"scroll","background-type":"","background-media":"","overlay-type":"","overlay-color":"","overlay-opacity":"","overlay-gradient":""}},"ast-content-background-meta":{"desktop":{"background-color":"var(--ast-global-color-5)","background-image":"","background-repeat":"repeat","background-position":"center center","background-size":"auto","background-attachment":"scroll","background-type":"","background-media":"","overlay-type":"","overlay-color":"","overlay-opacity":"","overlay-gradient":""},"tablet":{"background-color":"var(--ast-global-color-5)","background-image":"","background-repeat":"repeat","background-position":"center center","background-size":"auto","background-attachment":"scroll","background-type":"","background-media":"","overlay-type":"","overlay-color":"","overlay-opacity":"","overlay-gradient":""},"mobile":{"background-color":"var(--ast-global-color-5)","background-image":"","background-repeat":"repeat","background-position":"center center","background-size":"auto","background-attachment":"scroll","background-type":"","background-media":"","overlay-type":"","overlay-color":"","overlay-opacity":"","overlay-gradient":""}},"footnotes":""},"class_list":["post-2099","page","type-page","status-publish","has-post-thumbnail","hentry"],"yoast_head":"<!-- This site is optimized with the Yoast SEO plugin v26.8 - https:\/\/yoast.com\/product\/yoast-seo-wordpress\/ -->\n<title>Tratamiento de trastornos psicol\u00f3gicos - Dr Gerard Calzada<\/title>\n<meta name=\"description\" content=\"Atenci\u00f3n psiqui\u00e1trica y psicoterap\u00e9utica integrada para el tratamiento de trastornos psicol\u00f3gicos y dificultades emocionales en adultos.\" \/>\n<meta name=\"robots\" content=\"index, follow, max-snippet:-1, max-image-preview:large, max-video-preview:-1\" \/>\n<link rel=\"canonical\" href=\"https:\/\/www.gerardcalzada.com\/es\/tratamientos\/tratamiento-de-trastornos-psicologicos\/\" \/>\n<meta property=\"og:locale\" content=\"es_ES\" \/>\n<meta property=\"og:type\" content=\"article\" \/>\n<meta property=\"og:title\" content=\"Tratamiento de trastornos psicol\u00f3gicos - Dr Gerard Calzada\" \/>\n<meta property=\"og:description\" content=\"Atenci\u00f3n psiqui\u00e1trica y psicoterap\u00e9utica integrada para el tratamiento de trastornos psicol\u00f3gicos y dificultades emocionales en adultos.\" \/>\n<meta property=\"og:url\" content=\"https:\/\/www.gerardcalzada.com\/es\/tratamientos\/tratamiento-de-trastornos-psicologicos\/\" \/>\n<meta property=\"og:site_name\" content=\"Dr Gerard Calzada\" \/>\n<meta property=\"article:modified_time\" content=\"2024-07-11T08:57:53+00:00\" \/>\n<meta property=\"og:image\" content=\"https:\/\/www.gerardcalzada.com\/es\/wp-content\/uploads\/sites\/2\/Troubles_psychiques.webp\" \/>\n\t<meta property=\"og:image:width\" content=\"896\" \/>\n\t<meta property=\"og:image:height\" content=\"512\" \/>\n\t<meta property=\"og:image:type\" content=\"image\/webp\" \/>\n<meta name=\"twitter:card\" content=\"summary_large_image\" \/>\n<meta name=\"twitter:label1\" content=\"Tiempo de lectura\" \/>\n\t<meta name=\"twitter:data1\" content=\"5 minutos\" \/>\n<script type=\"application\/ld+json\" class=\"yoast-schema-graph\">{\"@context\":\"https:\/\/schema.org\",\"@graph\":[{\"@type\":\"WebPage\",\"@id\":\"https:\/\/www.gerardcalzada.com\/es\/tratamientos\/tratamiento-de-trastornos-psicologicos\/\",\"url\":\"https:\/\/www.gerardcalzada.com\/es\/tratamientos\/tratamiento-de-trastornos-psicologicos\/\",\"name\":\"Tratamiento de trastornos psicol\u00f3gicos - Dr Gerard Calzada\",\"isPartOf\":{\"@id\":\"https:\/\/www.gerardcalzada.com\/es\/#website\"},\"primaryImageOfPage\":{\"@id\":\"https:\/\/www.gerardcalzada.com\/es\/tratamientos\/tratamiento-de-trastornos-psicologicos\/#primaryimage\"},\"image\":{\"@id\":\"https:\/\/www.gerardcalzada.com\/es\/tratamientos\/tratamiento-de-trastornos-psicologicos\/#primaryimage\"},\"thumbnailUrl\":\"https:\/\/www.gerardcalzada.com\/es\/wp-content\/uploads\/sites\/2\/Troubles_psychiques.webp\",\"datePublished\":\"2023-12-26T08:43:38+00:00\",\"dateModified\":\"2024-07-11T08:57:53+00:00\",\"description\":\"Atenci\u00f3n psiqui\u00e1trica y psicoterap\u00e9utica integrada para el tratamiento de trastornos psicol\u00f3gicos y dificultades emocionales en adultos.\",\"breadcrumb\":{\"@id\":\"https:\/\/www.gerardcalzada.com\/es\/tratamientos\/tratamiento-de-trastornos-psicologicos\/#breadcrumb\"},\"inLanguage\":\"es\",\"potentialAction\":[{\"@type\":\"ReadAction\",\"target\":[\"https:\/\/www.gerardcalzada.com\/es\/tratamientos\/tratamiento-de-trastornos-psicologicos\/\"]}]},{\"@type\":\"ImageObject\",\"inLanguage\":\"es\",\"@id\":\"https:\/\/www.gerardcalzada.com\/es\/tratamientos\/tratamiento-de-trastornos-psicologicos\/#primaryimage\",\"url\":\"https:\/\/www.gerardcalzada.com\/es\/wp-content\/uploads\/sites\/2\/Troubles_psychiques.webp\",\"contentUrl\":\"https:\/\/www.gerardcalzada.com\/es\/wp-content\/uploads\/sites\/2\/Troubles_psychiques.webp\",\"width\":896,\"height\":512,\"caption\":\"Tratamiento de trastornos psicol\u00f3gicos, salud mental\"},{\"@type\":\"BreadcrumbList\",\"@id\":\"https:\/\/www.gerardcalzada.com\/es\/tratamientos\/tratamiento-de-trastornos-psicologicos\/#breadcrumb\",\"itemListElement\":[{\"@type\":\"ListItem\",\"position\":1,\"name\":\"Accueil\",\"item\":\"https:\/\/www.gerardcalzada.com\/es\/\"},{\"@type\":\"ListItem\",\"position\":2,\"name\":\"Prestaciones de salud mental\",\"item\":\"https:\/\/www.gerardcalzada.com\/es\/tratamientos\/\"},{\"@type\":\"ListItem\",\"position\":3,\"name\":\"Tratamiento de trastornos psicol\u00f3gicos\"}]},{\"@type\":\"WebSite\",\"@id\":\"https:\/\/www.gerardcalzada.com\/es\/#website\",\"url\":\"https:\/\/www.gerardcalzada.com\/es\/\",\"name\":\"Dr Gerard Calzada\",\"description\":\"M\u00e9dico psiquiatra y psicoterapeuta, especializado en el tratamiento de adicciones y en psicoterapias sist\u00e9micas, Ginebra (Suiza)\",\"publisher\":{\"@id\":\"https:\/\/www.gerardcalzada.com\/es\/#organization\"},\"potentialAction\":[{\"@type\":\"SearchAction\",\"target\":{\"@type\":\"EntryPoint\",\"urlTemplate\":\"https:\/\/www.gerardcalzada.com\/es\/?s={search_term_string}\"},\"query-input\":{\"@type\":\"PropertyValueSpecification\",\"valueRequired\":true,\"valueName\":\"search_term_string\"}}],\"inLanguage\":\"es\"},{\"@type\":\"Organization\",\"@id\":\"https:\/\/www.gerardcalzada.com\/es\/#organization\",\"name\":\"Dr Gerard Calzada\",\"url\":\"https:\/\/www.gerardcalzada.com\/es\/\",\"logo\":{\"@type\":\"ImageObject\",\"inLanguage\":\"es\",\"@id\":\"https:\/\/www.gerardcalzada.com\/es\/#\/schema\/logo\/image\/\",\"url\":\"https:\/\/www.gerardcalzada.com\/es\/wp-content\/uploads\/sites\/2\/G-Calzada.webp\",\"contentUrl\":\"https:\/\/www.gerardcalzada.com\/es\/wp-content\/uploads\/sites\/2\/G-Calzada.webp\",\"width\":2133,\"height\":1200,\"caption\":\"Dr Gerard Calzada\"},\"image\":{\"@id\":\"https:\/\/www.gerardcalzada.com\/es\/#\/schema\/logo\/image\/\"}}]}<\/script>\n<!-- \/ Yoast SEO plugin. -->","yoast_head_json":{"title":"Tratamiento de trastornos psicol\u00f3gicos - Dr Gerard Calzada","description":"Atenci\u00f3n psiqui\u00e1trica y psicoterap\u00e9utica integrada para el tratamiento de trastornos psicol\u00f3gicos y dificultades emocionales en adultos.","robots":{"index":"index","follow":"follow","max-snippet":"max-snippet:-1","max-image-preview":"max-image-preview:large","max-video-preview":"max-video-preview:-1"},"canonical":"https:\/\/www.gerardcalzada.com\/es\/tratamientos\/tratamiento-de-trastornos-psicologicos\/","og_locale":"es_ES","og_type":"article","og_title":"Tratamiento de trastornos psicol\u00f3gicos - Dr Gerard Calzada","og_description":"Atenci\u00f3n psiqui\u00e1trica y psicoterap\u00e9utica integrada para el tratamiento de trastornos psicol\u00f3gicos y dificultades emocionales en adultos.","og_url":"https:\/\/www.gerardcalzada.com\/es\/tratamientos\/tratamiento-de-trastornos-psicologicos\/","og_site_name":"Dr Gerard Calzada","article_modified_time":"2024-07-11T08:57:53+00:00","og_image":[{"width":896,"height":512,"url":"https:\/\/www.gerardcalzada.com\/es\/wp-content\/uploads\/sites\/2\/Troubles_psychiques.webp","type":"image\/webp"}],"twitter_card":"summary_large_image","twitter_misc":{"Tiempo de lectura":"5 minutos"},"schema":{"@context":"https:\/\/schema.org","@graph":[{"@type":"WebPage","@id":"https:\/\/www.gerardcalzada.com\/es\/tratamientos\/tratamiento-de-trastornos-psicologicos\/","url":"https:\/\/www.gerardcalzada.com\/es\/tratamientos\/tratamiento-de-trastornos-psicologicos\/","name":"Tratamiento de trastornos psicol\u00f3gicos - Dr Gerard Calzada","isPartOf":{"@id":"https:\/\/www.gerardcalzada.com\/es\/#website"},"primaryImageOfPage":{"@id":"https:\/\/www.gerardcalzada.com\/es\/tratamientos\/tratamiento-de-trastornos-psicologicos\/#primaryimage"},"image":{"@id":"https:\/\/www.gerardcalzada.com\/es\/tratamientos\/tratamiento-de-trastornos-psicologicos\/#primaryimage"},"thumbnailUrl":"https:\/\/www.gerardcalzada.com\/es\/wp-content\/uploads\/sites\/2\/Troubles_psychiques.webp","datePublished":"2023-12-26T08:43:38+00:00","dateModified":"2024-07-11T08:57:53+00:00","description":"Atenci\u00f3n psiqui\u00e1trica y psicoterap\u00e9utica integrada para el tratamiento de trastornos psicol\u00f3gicos y dificultades emocionales en adultos.","breadcrumb":{"@id":"https:\/\/www.gerardcalzada.com\/es\/tratamientos\/tratamiento-de-trastornos-psicologicos\/#breadcrumb"},"inLanguage":"es","potentialAction":[{"@type":"ReadAction","target":["https:\/\/www.gerardcalzada.com\/es\/tratamientos\/tratamiento-de-trastornos-psicologicos\/"]}]},{"@type":"ImageObject","inLanguage":"es","@id":"https:\/\/www.gerardcalzada.com\/es\/tratamientos\/tratamiento-de-trastornos-psicologicos\/#primaryimage","url":"https:\/\/www.gerardcalzada.com\/es\/wp-content\/uploads\/sites\/2\/Troubles_psychiques.webp","contentUrl":"https:\/\/www.gerardcalzada.com\/es\/wp-content\/uploads\/sites\/2\/Troubles_psychiques.webp","width":896,"height":512,"caption":"Tratamiento de trastornos psicol\u00f3gicos, salud mental"},{"@type":"BreadcrumbList","@id":"https:\/\/www.gerardcalzada.com\/es\/tratamientos\/tratamiento-de-trastornos-psicologicos\/#breadcrumb","itemListElement":[{"@type":"ListItem","position":1,"name":"Accueil","item":"https:\/\/www.gerardcalzada.com\/es\/"},{"@type":"ListItem","position":2,"name":"Prestaciones de salud mental","item":"https:\/\/www.gerardcalzada.com\/es\/tratamientos\/"},{"@type":"ListItem","position":3,"name":"Tratamiento de trastornos psicol\u00f3gicos"}]},{"@type":"WebSite","@id":"https:\/\/www.gerardcalzada.com\/es\/#website","url":"https:\/\/www.gerardcalzada.com\/es\/","name":"Dr Gerard Calzada","description":"M\u00e9dico psiquiatra y psicoterapeuta, especializado en el tratamiento de adicciones y en psicoterapias sist\u00e9micas, Ginebra (Suiza)","publisher":{"@id":"https:\/\/www.gerardcalzada.com\/es\/#organization"},"potentialAction":[{"@type":"SearchAction","target":{"@type":"EntryPoint","urlTemplate":"https:\/\/www.gerardcalzada.com\/es\/?s={search_term_string}"},"query-input":{"@type":"PropertyValueSpecification","valueRequired":true,"valueName":"search_term_string"}}],"inLanguage":"es"},{"@type":"Organization","@id":"https:\/\/www.gerardcalzada.com\/es\/#organization","name":"Dr Gerard Calzada","url":"https:\/\/www.gerardcalzada.com\/es\/","logo":{"@type":"ImageObject","inLanguage":"es","@id":"https:\/\/www.gerardcalzada.com\/es\/#\/schema\/logo\/image\/","url":"https:\/\/www.gerardcalzada.com\/es\/wp-content\/uploads\/sites\/2\/G-Calzada.webp","contentUrl":"https:\/\/www.gerardcalzada.com\/es\/wp-content\/uploads\/sites\/2\/G-Calzada.webp","width":2133,"height":1200,"caption":"Dr Gerard Calzada"},"image":{"@id":"https:\/\/www.gerardcalzada.com\/es\/#\/schema\/logo\/image\/"}}]}},"uagb_featured_image_src":{"full":["https:\/\/www.gerardcalzada.com\/es\/wp-content\/uploads\/sites\/2\/Troubles_psychiques.webp",896,512,false],"thumbnail":["https:\/\/www.gerardcalzada.com\/es\/wp-content\/uploads\/sites\/2\/Troubles_psychiques-150x150.webp",150,150,true],"medium":["https:\/\/www.gerardcalzada.com\/es\/wp-content\/uploads\/sites\/2\/Troubles_psychiques-300x171.webp",300,171,true],"medium_large":["https:\/\/www.gerardcalzada.com\/es\/wp-content\/uploads\/sites\/2\/Troubles_psychiques.webp",896,512,false],"large":["https:\/\/www.gerardcalzada.com\/es\/wp-content\/uploads\/sites\/2\/Troubles_psychiques.webp",896,512,false],"1536x1536":["https:\/\/www.gerardcalzada.com\/es\/wp-content\/uploads\/sites\/2\/Troubles_psychiques.webp",896,512,false],"2048x2048":["https:\/\/www.gerardcalzada.com\/es\/wp-content\/uploads\/sites\/2\/Troubles_psychiques.webp",896,512,false],"gform-image-choice-sm":["https:\/\/www.gerardcalzada.com\/es\/wp-content\/uploads\/sites\/2\/Troubles_psychiques.webp",300,171,false],"gform-image-choice-md":["https:\/\/www.gerardcalzada.com\/es\/wp-content\/uploads\/sites\/2\/Troubles_psychiques.webp",400,229,false],"gform-image-choice-lg":["https:\/\/www.gerardcalzada.com\/es\/wp-content\/uploads\/sites\/2\/Troubles_psychiques.webp",600,343,false]},"uagb_author_info":{"display_name":"Gerard Calzada","author_link":"https:\/\/www.gerardcalzada.com\/es\/author\/gerard\/"},"uagb_comment_info":0,"uagb_excerpt":"Tratamiento de trastornos psicol\u00f3gicos y de dificultades emocionales La salud mental es un pilar esencial de nuestro bienestar general y un derecho fundamental para todos. Nos permite manejar el estr\u00e9s cotidiano, realizar nuestro potencial e interactuar positivamente con los dem\u00e1s. Los trastornos psicol\u00f3gicos y las dificultades emocionales o relacionales pueden causar sufrimiento y perturbar nuestra&hellip;","_links":{"self":[{"href":"https:\/\/www.gerardcalzada.com\/es\/wp-json\/wp\/v2\/pages\/2099","targetHints":{"allow":["GET"]}}],"collection":[{"href":"https:\/\/www.gerardcalzada.com\/es\/wp-json\/wp\/v2\/pages"}],"about":[{"href":"https:\/\/www.gerardcalzada.com\/es\/wp-json\/wp\/v2\/types\/page"}],"author":[{"embeddable":true,"href":"https:\/\/www.gerardcalzada.com\/es\/wp-json\/wp\/v2\/users\/2"}],"replies":[{"embeddable":true,"href":"https:\/\/www.gerardcalzada.com\/es\/wp-json\/wp\/v2\/comments?post=2099"}],"version-history":[{"count":94,"href":"https:\/\/www.gerardcalzada.com\/es\/wp-json\/wp\/v2\/pages\/2099\/revisions"}],"predecessor-version":[{"id":3186,"href":"https:\/\/www.gerardcalzada.com\/es\/wp-json\/wp\/v2\/pages\/2099\/revisions\/3186"}],"up":[{"embeddable":true,"href":"https:\/\/www.gerardcalzada.com\/es\/wp-json\/wp\/v2\/pages\/2951"}],"wp:featuredmedia":[{"embeddable":true,"href":"https:\/\/www.gerardcalzada.com\/es\/wp-json\/wp\/v2\/media\/1640"}],"wp:attachment":[{"href":"https:\/\/www.gerardcalzada.com\/es\/wp-json\/wp\/v2\/media?parent=2099"}],"curies":[{"name":"wp","href":"https:\/\/api.w.org\/{rel}","templated":true}]}}