{"id":1939,"date":"2023-12-18T11:49:43","date_gmt":"2023-12-18T10:49:43","guid":{"rendered":"https:\/\/www.gerardcalzada.com\/?page_id=1939"},"modified":"2024-07-11T10:57:53","modified_gmt":"2024-07-11T08:57:53","slug":"faq","status":"publish","type":"page","link":"https:\/\/www.gerardcalzada.com\/es\/faq\/","title":{"rendered":"Preguntas frecuentes"},"content":{"rendered":"\n<div class=\"wp-block-uagb-container uagb-block-1b3c8946 alignfull uagb-is-root-container\"><div class=\"uagb-container-inner-blocks-wrap\">\n<div class=\"wp-block-uagb-advanced-heading uagb-block-98548f4d\"><h1 class=\"uagb-heading-text\">Preguntas frecuentes<\/h1><\/div>\n\n\n\n<div style=\"height:20px\" aria-hidden=\"true\" class=\"wp-block-spacer\"><\/div>\n\n\n\n<h2 class=\"wp-block-heading has-text-align-left has-ast-global-color-1-color has-text-color has-link-color wp-elements-dff15c2d23ba3dbefc1cf1e9bacc8f03\">Informaci\u00f3n general<\/h2>\n\n\n<div class=\"wp-block-uagb-faq uagb-faq__outer-wrap uagb-block-d3b86607 uagb-faq-icon-row-reverse uagb-faq-layout-accordion uagb-faq-expand-first-false uagb-faq-inactive-other-true uagb-faq__wrap uagb-buttons-layout-wrap uagb-faq-equal-height     \" data-faqtoggle=\"true\" role=\"tablist\"><script type=\"application\/ld+json\">{\"@context\":\"https:\\\/\\\/schema.org\",\"@type\":\"FAQPage\",\"@id\":\"https:\\\/\\\/www.gerardcalzada.com\\\/es\\\/faq\\\/\",\"mainEntity\":[{\"@type\":\"Question\",\"name\":\"<strong>\\u00bfDe qu\\u00e9 maneras se puede establecer contacto conmigo?<\\\/strong>\",\"acceptedAnswer\":{\"@type\":\"Answer\",\"text\":\"Puede contactarme a trav\\u00e9s de :<br><strong>- Mensajer\\u00eda (SMS, WhatsApp) : <\\\/strong>+41 77 267 13 63<br><strong>- Correo electr\\u00f3nico :<\\\/strong> <a href=\\\"mailto:Gerard.Calzada@amge.ch\\\">Gerard.Calzada@amge.ch<\\\/a>  <br><strong>- Tel\\u00e9fono (Buz\\u00f3n de voz) :<\\\/strong> +41 77 267 13 63<br><br><em>Nota importante: no se deben comunicar datos confidenciales (preguntas m\\u00e9dicas, etc.) durante este primer contacto<\\\/em>\"}},{\"@type\":\"Question\",\"name\":\"\\u00bfC\\u00f3mo llegar al consultorio?\",\"acceptedAnswer\":{\"@type\":\"Answer\",\"text\":\"El consultorio est\\u00e1 ubicado en el coraz\\u00f3n de Ginebra, en Plainpalais, en la siguiente direcci\\u00f3n: <strong>Avenue Henri-Dunant 2, 1205 Ginebra<\\\/strong>. <br>As\\u00ed es como puede acceder:<br><strong>En Transporte P\\u00fablico: <\\\/strong>A solo un minuto a pie de la parada <strong>Plainpalais<\\\/strong>, puede llegar f\\u00e1cilmente al consultorio en tranv\\u00eda o autob\\u00fas. Las opciones disponibles son: <br>- Tranv\\u00eda: L\\u00edneas 12, 15, 16, 18<br>- Autob\\u00fas: L\\u00ednea 1<br><strong>En Coche: <\\\/strong>Para aquellos que prefieran venir en coche, el estacionamiento p\\u00fablico de la Plaine de Plainpalais tambi\\u00e9n est\\u00e1 a un minuto a pie.\"}},{\"@type\":\"Question\",\"name\":\"\\u00bfC\\u00f3mo cambiar la fecha de una cita?\",\"acceptedAnswer\":{\"@type\":\"Answer\",\"text\":\"A partir del mes de abril de 2024, con la apertura del consultorio, habr\\u00e1 disponible un sistema de reservas en l\\u00ednea para su uso.\"}}]}<\/script><div class=\"wp-block-uagb-faq-child uagb-faq-child__outer-wrap uagb-faq-item uagb-block-979b8e4d \" role=\"tab\" tabindex=\"0\"><div class=\"uagb-faq-questions-button uagb-faq-questions\">\t\t\t<span class=\"uagb-icon uagb-faq-icon-wrap\">\n\t\t\t\t\t\t\t\t<svg xmlns=\"https:\/\/www.w3.org\/2000\/svg\" viewBox= \"0 0 448 512\"><path d=\"M432 256c0 17.69-14.33 32.01-32 32.01H256v144c0 17.69-14.33 31.99-32 31.99s-32-14.3-32-31.99v-144H48c-17.67 0-32-14.32-32-32.01s14.33-31.99 32-31.99H192v-144c0-17.69 14.33-32.01 32-32.01s32 14.32 32 32.01v144h144C417.7 224 432 238.3 432 256z\"><\/path><\/svg>\n\t\t\t\t\t\t\t<\/span>\n\t\t\t\t\t\t<span class=\"uagb-icon-active uagb-faq-icon-wrap\">\n\t\t\t\t\t\t\t\t<svg xmlns=\"https:\/\/www.w3.org\/2000\/svg\" viewBox= \"0 0 448 512\"><path d=\"M400 288h-352c-17.69 0-32-14.32-32-32.01s14.31-31.99 32-31.99h352c17.69 0 32 14.3 32 31.99S417.7 288 400 288z\"><\/path><\/svg>\n\t\t\t\t\t\t\t<\/span>\n\t\t\t<h3 class=\"uagb-question\"><strong>\u00bfDe qu\u00e9 maneras se puede establecer contacto conmigo?<\/strong><\/h3><\/div><div class=\"uagb-faq-content\"><p>Puede contactarme a trav\u00e9s de :<br><strong>&#8211; Mensajer\u00eda (SMS, WhatsApp) : <\/strong>+41 77 267 13 63<br><strong>&#8211; Correo electr\u00f3nico :<\/strong> <a href=\"mailto:Gerard.Calzada@amge.ch\">Gerard.Calzada@amge.ch<\/a>  <br><strong>&#8211; Tel\u00e9fono (Buz\u00f3n de voz) :<\/strong> +41 77 267 13 63<br><br><em>Nota importante: no se deben comunicar datos confidenciales (preguntas m\u00e9dicas, etc.) durante este primer contacto<\/em><\/p><\/div><\/div><div class=\"wp-block-uagb-faq-child uagb-faq-child__outer-wrap uagb-faq-item uagb-block-ea246742 \" role=\"tab\" tabindex=\"0\"><div class=\"uagb-faq-questions-button uagb-faq-questions\">\t\t\t<span class=\"uagb-icon uagb-faq-icon-wrap\">\n\t\t\t\t\t\t\t\t<svg xmlns=\"https:\/\/www.w3.org\/2000\/svg\" viewBox= \"0 0 448 512\"><path d=\"M432 256c0 17.69-14.33 32.01-32 32.01H256v144c0 17.69-14.33 31.99-32 31.99s-32-14.3-32-31.99v-144H48c-17.67 0-32-14.32-32-32.01s14.33-31.99 32-31.99H192v-144c0-17.69 14.33-32.01 32-32.01s32 14.32 32 32.01v144h144C417.7 224 432 238.3 432 256z\"><\/path><\/svg>\n\t\t\t\t\t\t\t<\/span>\n\t\t\t\t\t\t<span class=\"uagb-icon-active uagb-faq-icon-wrap\">\n\t\t\t\t\t\t\t\t<svg xmlns=\"https:\/\/www.w3.org\/2000\/svg\" viewBox= \"0 0 448 512\"><path d=\"M400 288h-352c-17.69 0-32-14.32-32-32.01s14.31-31.99 32-31.99h352c17.69 0 32 14.3 32 31.99S417.7 288 400 288z\"><\/path><\/svg>\n\t\t\t\t\t\t\t<\/span>\n\t\t\t<h3 class=\"uagb-question\">\u00bfC\u00f3mo llegar al consultorio?<\/h3><\/div><div class=\"uagb-faq-content\"><p>El consultorio est\u00e1 ubicado en el coraz\u00f3n de Ginebra, en Plainpalais, en la siguiente direcci\u00f3n: <strong>Avenue Henri-Dunant 2, 1205 Ginebra<\/strong>. <br>As\u00ed es como puede acceder:<br><strong>En Transporte P\u00fablico: <\/strong>A solo un minuto a pie de la parada <strong>Plainpalais<\/strong>, puede llegar f\u00e1cilmente al consultorio en tranv\u00eda o autob\u00fas. Las opciones disponibles son: <br>&#8211; Tranv\u00eda: L\u00edneas 12, 15, 16, 18<br>&#8211; Autob\u00fas: L\u00ednea 1<br><strong>En Coche: <\/strong>Para aquellos que prefieran venir en coche, el estacionamiento p\u00fablico de la Plaine de Plainpalais tambi\u00e9n est\u00e1 a un minuto a pie.<\/p><\/div><\/div><div class=\"wp-block-uagb-faq-child uagb-faq-child__outer-wrap uagb-faq-item uagb-block-11d0b824 \" role=\"tab\" tabindex=\"0\"><div class=\"uagb-faq-questions-button uagb-faq-questions\">\t\t\t<span class=\"uagb-icon uagb-faq-icon-wrap\">\n\t\t\t\t\t\t\t\t<svg xmlns=\"https:\/\/www.w3.org\/2000\/svg\" viewBox= \"0 0 448 512\"><path d=\"M432 256c0 17.69-14.33 32.01-32 32.01H256v144c0 17.69-14.33 31.99-32 31.99s-32-14.3-32-31.99v-144H48c-17.67 0-32-14.32-32-32.01s14.33-31.99 32-31.99H192v-144c0-17.69 14.33-32.01 32-32.01s32 14.32 32 32.01v144h144C417.7 224 432 238.3 432 256z\"><\/path><\/svg>\n\t\t\t\t\t\t\t<\/span>\n\t\t\t\t\t\t<span class=\"uagb-icon-active uagb-faq-icon-wrap\">\n\t\t\t\t\t\t\t\t<svg xmlns=\"https:\/\/www.w3.org\/2000\/svg\" viewBox= \"0 0 448 512\"><path d=\"M400 288h-352c-17.69 0-32-14.32-32-32.01s14.31-31.99 32-31.99h352c17.69 0 32 14.3 32 31.99S417.7 288 400 288z\"><\/path><\/svg>\n\t\t\t\t\t\t\t<\/span>\n\t\t\t<h3 class=\"uagb-question\">\u00bfC\u00f3mo cambiar la fecha de una cita?<\/h3><\/div><div class=\"uagb-faq-content\"><p>A partir del mes de abril de 2024, con la apertura del consultorio, habr\u00e1 disponible un sistema de reservas en l\u00ednea para su uso.<\/p><\/div><\/div><\/div>\n\n\n<div style=\"height:20px\" aria-hidden=\"true\" class=\"wp-block-spacer\"><\/div>\n\n\n\n<h2 class=\"wp-block-heading has-text-align-left has-ast-global-color-1-color has-text-color has-link-color wp-elements-1fbfd91c4dbc24258ecbf8207bb3b588\">Proceso del tratamiento<\/h2>\n\n\n<div class=\"wp-block-uagb-faq uagb-faq__outer-wrap uagb-block-86c19fc2 uagb-faq-icon-row-reverse uagb-faq-layout-accordion uagb-faq-expand-first-false uagb-faq-inactive-other-true uagb-faq__wrap uagb-buttons-layout-wrap uagb-faq-equal-height     \" data-faqtoggle=\"true\" role=\"tablist\"><script type=\"application\/ld+json\">{\"@context\":\"https:\\\/\\\/schema.org\",\"@type\":\"FAQPage\",\"@id\":\"https:\\\/\\\/www.gerardcalzada.com\\\/es\\\/faq\\\/\",\"mainEntity\":[{\"@type\":\"Question\",\"name\":\"\\u00bfC\\u00f3mo reservar una primera consulta?\",\"acceptedAnswer\":{\"@type\":\"Answer\",\"text\":\"Para iniciar el proceso, por favor complete el <a href=\\\"https:\\\/\\\/www.gerardcalzada.com\\\/es\\\/cita\\\/\\\">formulario de contacto en l\\u00ednea<\\\/a>. Despu\\u00e9s, me pondr\\u00e9 en contacto personalmente por tel\\u00e9fono para hablar sobre sus necesidades y planificar la primera consulta.\"}},{\"@type\":\"Question\",\"name\":\"\\u00bfC\\u00f3mo se lleva a cabo la evaluaci\\u00f3n inicial durante las primeras citas?\",\"acceptedAnswer\":{\"@type\":\"Answer\",\"text\":\"La evaluaci\\u00f3n inicial consta de aproximadamente tres sesiones.<br>Durante estos encuentros, tomaremos el tiempo para conocernos, identificar sus dificultades y necesidades, y evaluar su estado psicol\\u00f3gico. Esto permitir\\u00e1 no solo evaluar su situaci\\u00f3n de manera profunda, sino tambi\\u00e9n descubrir sus recursos y fortalezas personales. Juntos, determinaremos los objetivos del tratamiento y nos familiarizaremos con el proceso terap\\u00e9utico, incluyendo la definici\\u00f3n de la frecuencia de las citas.<br>Al final de esta evaluaci\\u00f3n inicial, tomaremos una decisi\\u00f3n conjunta sobre la continuaci\\u00f3n del tratamiento. De esta manera, nos aseguramos de que el plan terap\\u00e9utico se adapte adecuadamente a sus necesidades y a mi pr\\u00e1ctica profesional.\"}},{\"@type\":\"Question\",\"name\":\"\\u00bfQu\\u00e9 pasos tomar antes de la primera consulta?\",\"acceptedAnswer\":{\"@type\":\"Answer\",\"text\":\"<strong>1. Verificar las condiciones de reembolso de las prestaciones con su seguro. <\\\/strong>Todas las prestaciones son reembolsadas por el seguro b\\u00e1sico suizo (LAMal). Sin embargo, si cuenta con un seguro m\\u00e9dico tipo \\\"m\\u00e9dico de cabecera\\\", \\\"red de atenci\\u00f3n\\\" o \\\"telmed\\\", o tiene un seguro internacional, es importante verificar las condiciones de reembolso de las prestaciones, como la posible necesidad de una derivaci\\u00f3n m\\u00e9dica o los l\\u00edmites de reembolso para algunos seguros internacionales. Para m\\u00e1s detalles, consulte la secci\\u00f3n Facturaci\\u00f3n.<br><strong>2. Firmar el formulario de consentimiento en materia de protecci\\u00f3n de datos. <\\\/strong>Este formulario es esencial para facilitar la apertura de su expediente y le permite informarse sobre el tratamiento y la transmisi\\u00f3n de sus datos personales. De acuerdo con la ley de protecci\\u00f3n de datos, el tratamiento de los datos de salud requiere su consentimiento expl\\u00edcito.\"}},{\"@type\":\"Question\",\"name\":\"\\u00bfC\\u00f3mo se desarrolla el seguimiento?\",\"acceptedAnswer\":{\"@type\":\"Answer\",\"text\":\"Despu\\u00e9s de la evaluaci\\u00f3n inicial, se ofrece un seguimiento personalizado, adaptado a sus necesidades. De esta manera, los objetivos terap\\u00e9uticos se revisan regularmente para garantizar una atenci\\u00f3n efectiva. \"}},{\"@type\":\"Question\",\"name\":\"\\u00bfCu\\u00e1l es la duraci\\u00f3n de las sesiones?\",\"acceptedAnswer\":{\"@type\":\"Answer\",\"text\":\"Las sesiones duran aproximadamente 60 minutos, a las que se suman de 5 a 10 minutos dedicados a la gesti\\u00f3n administrativa y la actualizaci\\u00f3n de su expediente m\\u00e9dico.<br>Adem\\u00e1s, la primera consulta suele ser m\\u00e1s larga, pudiendo durar hasta 1 hora y 30 minutos.\"}},{\"@type\":\"Question\",\"name\":\"\\u00bfC\\u00f3mo se determina la duraci\\u00f3n y la frecuencia del seguimiento?\",\"acceptedAnswer\":{\"@type\":\"Answer\",\"text\":\"La duraci\\u00f3n y la frecuencia del seguimiento var\\u00edan seg\\u00fan la situaci\\u00f3n y las necesidades de cada persona. Juntos, definiremos un marco flexible, ajustable seg\\u00fan la evoluci\\u00f3n de su situaci\\u00f3n.\"}}]}<\/script><div class=\"wp-block-uagb-faq-child uagb-faq-child__outer-wrap uagb-faq-item uagb-block-b9381b86 \" role=\"tab\" tabindex=\"0\"><div class=\"uagb-faq-questions-button uagb-faq-questions\">\t\t\t<span class=\"uagb-icon uagb-faq-icon-wrap\">\n\t\t\t\t\t\t\t\t<svg xmlns=\"https:\/\/www.w3.org\/2000\/svg\" viewBox= \"0 0 448 512\"><path d=\"M432 256c0 17.69-14.33 32.01-32 32.01H256v144c0 17.69-14.33 31.99-32 31.99s-32-14.3-32-31.99v-144H48c-17.67 0-32-14.32-32-32.01s14.33-31.99 32-31.99H192v-144c0-17.69 14.33-32.01 32-32.01s32 14.32 32 32.01v144h144C417.7 224 432 238.3 432 256z\"><\/path><\/svg>\n\t\t\t\t\t\t\t<\/span>\n\t\t\t\t\t\t<span class=\"uagb-icon-active uagb-faq-icon-wrap\">\n\t\t\t\t\t\t\t\t<svg xmlns=\"https:\/\/www.w3.org\/2000\/svg\" viewBox= \"0 0 448 512\"><path d=\"M400 288h-352c-17.69 0-32-14.32-32-32.01s14.31-31.99 32-31.99h352c17.69 0 32 14.3 32 31.99S417.7 288 400 288z\"><\/path><\/svg>\n\t\t\t\t\t\t\t<\/span>\n\t\t\t<h3 class=\"uagb-question\">\u00bfC\u00f3mo reservar una primera consulta?<\/h3><\/div><div class=\"uagb-faq-content\"><p>Para iniciar el proceso, por favor complete el <a href=\"https:\/\/www.gerardcalzada.com\/es\/cita\/\">formulario de contacto en l\u00ednea<\/a>. Despu\u00e9s, me pondr\u00e9 en contacto personalmente por tel\u00e9fono para hablar sobre sus necesidades y planificar la primera consulta.<\/p><\/div><\/div><div class=\"wp-block-uagb-faq-child uagb-faq-child__outer-wrap uagb-faq-item uagb-block-62883e14 \" role=\"tab\" tabindex=\"0\"><div class=\"uagb-faq-questions-button uagb-faq-questions\">\t\t\t<span class=\"uagb-icon uagb-faq-icon-wrap\">\n\t\t\t\t\t\t\t\t<svg xmlns=\"https:\/\/www.w3.org\/2000\/svg\" viewBox= \"0 0 448 512\"><path d=\"M432 256c0 17.69-14.33 32.01-32 32.01H256v144c0 17.69-14.33 31.99-32 31.99s-32-14.3-32-31.99v-144H48c-17.67 0-32-14.32-32-32.01s14.33-31.99 32-31.99H192v-144c0-17.69 14.33-32.01 32-32.01s32 14.32 32 32.01v144h144C417.7 224 432 238.3 432 256z\"><\/path><\/svg>\n\t\t\t\t\t\t\t<\/span>\n\t\t\t\t\t\t<span class=\"uagb-icon-active uagb-faq-icon-wrap\">\n\t\t\t\t\t\t\t\t<svg xmlns=\"https:\/\/www.w3.org\/2000\/svg\" viewBox= \"0 0 448 512\"><path d=\"M400 288h-352c-17.69 0-32-14.32-32-32.01s14.31-31.99 32-31.99h352c17.69 0 32 14.3 32 31.99S417.7 288 400 288z\"><\/path><\/svg>\n\t\t\t\t\t\t\t<\/span>\n\t\t\t<h3 class=\"uagb-question\">\u00bfC\u00f3mo se lleva a cabo la evaluaci\u00f3n inicial durante las primeras citas?<\/h3><\/div><div class=\"uagb-faq-content\"><p>La evaluaci\u00f3n inicial consta de aproximadamente tres sesiones.<br>Durante estos encuentros, tomaremos el tiempo para conocernos, identificar sus dificultades y necesidades, y evaluar su estado psicol\u00f3gico. Esto permitir\u00e1 no solo evaluar su situaci\u00f3n de manera profunda, sino tambi\u00e9n descubrir sus recursos y fortalezas personales. Juntos, determinaremos los objetivos del tratamiento y nos familiarizaremos con el proceso terap\u00e9utico, incluyendo la definici\u00f3n de la frecuencia de las citas.<br>Al final de esta evaluaci\u00f3n inicial, tomaremos una decisi\u00f3n conjunta sobre la continuaci\u00f3n del tratamiento. De esta manera, nos aseguramos de que el plan terap\u00e9utico se adapte adecuadamente a sus necesidades y a mi pr\u00e1ctica profesional.<\/p><\/div><\/div><div class=\"wp-block-uagb-faq-child uagb-faq-child__outer-wrap uagb-faq-item uagb-block-0e7c8bd1 \" role=\"tab\" tabindex=\"0\"><div class=\"uagb-faq-questions-button uagb-faq-questions\">\t\t\t<span class=\"uagb-icon uagb-faq-icon-wrap\">\n\t\t\t\t\t\t\t\t<svg xmlns=\"https:\/\/www.w3.org\/2000\/svg\" viewBox= \"0 0 448 512\"><path d=\"M432 256c0 17.69-14.33 32.01-32 32.01H256v144c0 17.69-14.33 31.99-32 31.99s-32-14.3-32-31.99v-144H48c-17.67 0-32-14.32-32-32.01s14.33-31.99 32-31.99H192v-144c0-17.69 14.33-32.01 32-32.01s32 14.32 32 32.01v144h144C417.7 224 432 238.3 432 256z\"><\/path><\/svg>\n\t\t\t\t\t\t\t<\/span>\n\t\t\t\t\t\t<span class=\"uagb-icon-active uagb-faq-icon-wrap\">\n\t\t\t\t\t\t\t\t<svg xmlns=\"https:\/\/www.w3.org\/2000\/svg\" viewBox= \"0 0 448 512\"><path d=\"M400 288h-352c-17.69 0-32-14.32-32-32.01s14.31-31.99 32-31.99h352c17.69 0 32 14.3 32 31.99S417.7 288 400 288z\"><\/path><\/svg>\n\t\t\t\t\t\t\t<\/span>\n\t\t\t<h3 class=\"uagb-question\">\u00bfQu\u00e9 pasos tomar antes de la primera consulta?<\/h3><\/div><div class=\"uagb-faq-content\"><p><strong>1. Verificar las condiciones de reembolso de las prestaciones con su seguro. <\/strong>Todas las prestaciones son reembolsadas por el seguro b\u00e1sico suizo (LAMal). Sin embargo, si cuenta con un seguro m\u00e9dico tipo \u00abm\u00e9dico de cabecera\u00bb, \u00abred de atenci\u00f3n\u00bb o \u00abtelmed\u00bb, o tiene un seguro internacional, es importante verificar las condiciones de reembolso de las prestaciones, como la posible necesidad de una derivaci\u00f3n m\u00e9dica o los l\u00edmites de reembolso para algunos seguros internacionales. Para m\u00e1s detalles, consulte la secci\u00f3n Facturaci\u00f3n.<br><strong>2. Firmar el formulario de consentimiento en materia de protecci\u00f3n de datos. <\/strong>Este formulario es esencial para facilitar la apertura de su expediente y le permite informarse sobre el tratamiento y la transmisi\u00f3n de sus datos personales. De acuerdo con la ley de protecci\u00f3n de datos, el tratamiento de los datos de salud requiere su consentimiento expl\u00edcito.<\/p><\/div><\/div><div class=\"wp-block-uagb-faq-child uagb-faq-child__outer-wrap uagb-faq-item uagb-block-cad4d91e \" role=\"tab\" tabindex=\"0\"><div class=\"uagb-faq-questions-button uagb-faq-questions\">\t\t\t<span class=\"uagb-icon uagb-faq-icon-wrap\">\n\t\t\t\t\t\t\t\t<svg xmlns=\"https:\/\/www.w3.org\/2000\/svg\" viewBox= \"0 0 448 512\"><path d=\"M432 256c0 17.69-14.33 32.01-32 32.01H256v144c0 17.69-14.33 31.99-32 31.99s-32-14.3-32-31.99v-144H48c-17.67 0-32-14.32-32-32.01s14.33-31.99 32-31.99H192v-144c0-17.69 14.33-32.01 32-32.01s32 14.32 32 32.01v144h144C417.7 224 432 238.3 432 256z\"><\/path><\/svg>\n\t\t\t\t\t\t\t<\/span>\n\t\t\t\t\t\t<span class=\"uagb-icon-active uagb-faq-icon-wrap\">\n\t\t\t\t\t\t\t\t<svg xmlns=\"https:\/\/www.w3.org\/2000\/svg\" viewBox= \"0 0 448 512\"><path d=\"M400 288h-352c-17.69 0-32-14.32-32-32.01s14.31-31.99 32-31.99h352c17.69 0 32 14.3 32 31.99S417.7 288 400 288z\"><\/path><\/svg>\n\t\t\t\t\t\t\t<\/span>\n\t\t\t<h3 class=\"uagb-question\">\u00bfC\u00f3mo se desarrolla el seguimiento?<\/h3><\/div><div class=\"uagb-faq-content\"><p>Despu\u00e9s de la evaluaci\u00f3n inicial, se ofrece un seguimiento personalizado, adaptado a sus necesidades. De esta manera, los objetivos terap\u00e9uticos se revisan regularmente para garantizar una atenci\u00f3n efectiva. <\/p><\/div><\/div><div class=\"wp-block-uagb-faq-child uagb-faq-child__outer-wrap uagb-faq-item uagb-block-ea7882af \" role=\"tab\" tabindex=\"0\"><div class=\"uagb-faq-questions-button uagb-faq-questions\">\t\t\t<span class=\"uagb-icon uagb-faq-icon-wrap\">\n\t\t\t\t\t\t\t\t<svg xmlns=\"https:\/\/www.w3.org\/2000\/svg\" viewBox= \"0 0 448 512\"><path d=\"M432 256c0 17.69-14.33 32.01-32 32.01H256v144c0 17.69-14.33 31.99-32 31.99s-32-14.3-32-31.99v-144H48c-17.67 0-32-14.32-32-32.01s14.33-31.99 32-31.99H192v-144c0-17.69 14.33-32.01 32-32.01s32 14.32 32 32.01v144h144C417.7 224 432 238.3 432 256z\"><\/path><\/svg>\n\t\t\t\t\t\t\t<\/span>\n\t\t\t\t\t\t<span class=\"uagb-icon-active uagb-faq-icon-wrap\">\n\t\t\t\t\t\t\t\t<svg xmlns=\"https:\/\/www.w3.org\/2000\/svg\" viewBox= \"0 0 448 512\"><path d=\"M400 288h-352c-17.69 0-32-14.32-32-32.01s14.31-31.99 32-31.99h352c17.69 0 32 14.3 32 31.99S417.7 288 400 288z\"><\/path><\/svg>\n\t\t\t\t\t\t\t<\/span>\n\t\t\t<h3 class=\"uagb-question\">\u00bfCu\u00e1l es la duraci\u00f3n de las sesiones?<\/h3><\/div><div class=\"uagb-faq-content\"><p>Las sesiones duran aproximadamente 60 minutos, a las que se suman de 5 a 10 minutos dedicados a la gesti\u00f3n administrativa y la actualizaci\u00f3n de su expediente m\u00e9dico.<br>Adem\u00e1s, la primera consulta suele ser m\u00e1s larga, pudiendo durar hasta 1 hora y 30 minutos.<\/p><\/div><\/div><div class=\"wp-block-uagb-faq-child uagb-faq-child__outer-wrap uagb-faq-item uagb-block-a4ed5fff \" role=\"tab\" tabindex=\"0\"><div class=\"uagb-faq-questions-button uagb-faq-questions\">\t\t\t<span class=\"uagb-icon uagb-faq-icon-wrap\">\n\t\t\t\t\t\t\t\t<svg xmlns=\"https:\/\/www.w3.org\/2000\/svg\" viewBox= \"0 0 448 512\"><path d=\"M432 256c0 17.69-14.33 32.01-32 32.01H256v144c0 17.69-14.33 31.99-32 31.99s-32-14.3-32-31.99v-144H48c-17.67 0-32-14.32-32-32.01s14.33-31.99 32-31.99H192v-144c0-17.69 14.33-32.01 32-32.01s32 14.32 32 32.01v144h144C417.7 224 432 238.3 432 256z\"><\/path><\/svg>\n\t\t\t\t\t\t\t<\/span>\n\t\t\t\t\t\t<span class=\"uagb-icon-active uagb-faq-icon-wrap\">\n\t\t\t\t\t\t\t\t<svg xmlns=\"https:\/\/www.w3.org\/2000\/svg\" viewBox= \"0 0 448 512\"><path d=\"M400 288h-352c-17.69 0-32-14.32-32-32.01s14.31-31.99 32-31.99h352c17.69 0 32 14.3 32 31.99S417.7 288 400 288z\"><\/path><\/svg>\n\t\t\t\t\t\t\t<\/span>\n\t\t\t<h3 class=\"uagb-question\">\u00bfC\u00f3mo se determina la duraci\u00f3n y la frecuencia del seguimiento?<\/h3><\/div><div class=\"uagb-faq-content\"><p>La duraci\u00f3n y la frecuencia del seguimiento var\u00edan seg\u00fan la situaci\u00f3n y las necesidades de cada persona. Juntos, definiremos un marco flexible, ajustable seg\u00fan la evoluci\u00f3n de su situaci\u00f3n.<\/p><\/div><\/div><\/div>\n\n\n<div style=\"height:20px\" aria-hidden=\"true\" class=\"wp-block-spacer\"><\/div>\n\n\n\n<h2 class=\"wp-block-heading has-text-align-left has-ast-global-color-1-color has-text-color has-link-color wp-elements-a26564d0f9fb6d3f6388ea563fe45790\">Telemedicina y consultas en l\u00ednea<\/h2>\n\n\n<div class=\"wp-block-uagb-faq uagb-faq__outer-wrap uagb-block-a933f0e7 uagb-faq-icon-row-reverse uagb-faq-layout-accordion uagb-faq-expand-first-false uagb-faq-inactive-other-true uagb-faq__wrap uagb-buttons-layout-wrap uagb-faq-equal-height     \" data-faqtoggle=\"true\" role=\"tablist\"><script type=\"application\/ld+json\">{\"@context\":\"https:\\\/\\\/schema.org\",\"@type\":\"FAQPage\",\"@id\":\"https:\\\/\\\/www.gerardcalzada.com\\\/es\\\/faq\\\/\",\"mainEntity\":[{\"@type\":\"Question\",\"name\":\"\\u00bfQu\\u00e9 es la telemedicina y la videoconsulta?\",\"acceptedAnswer\":{\"@type\":\"Answer\",\"text\":\"La telemedicina es la pr\\u00e1ctica m\\u00e9dica a distancia, independientemente del medio de comunicaci\\u00f3n digital utilizado. Las consultas en psiquiatr\\u00eda y psicoterapia, que no requieren un examen f\\u00edsico ni procedimientos t\\u00e9cnicos, son especialmente adecuadas para esta pr\\u00e1ctica y permiten recibir atenci\\u00f3n sin necesidad de desplazarse f\\u00edsicamente al consultorio. A diferencia del correo electr\\u00f3nico o el tel\\u00e9fono, la consulta por video permite interacciones m\\u00e1s naturales que proporcionan acceso al lenguaje corporal y ofrecen informaci\\u00f3n diagn\\u00f3stica adicional.\"}},{\"@type\":\"Question\",\"name\":\"\\u00bfC\\u00f3mo puedo programar una consulta en l\\u00ednea?\",\"acceptedAnswer\":{\"@type\":\"Answer\",\"text\":\"Para programar una consulta en l\\u00ednea, puede seguir el mismo proceso que para una cita en el consultorio.<br>Para las primeras citas, utilice el formulario en l\\u00ednea y especifique su preferencia por una consulta a distancia. A partir de abril de 2024, las personas que ya est\\u00e9n en seguimiento podr\\u00e1n especificar su preferencia utilizando el sistema de reserva en l\\u00ednea.\"}},{\"@type\":\"Question\",\"name\":\"\\u00bfSon igual de efectivas las consultas en l\\u00ednea que las sesiones en persona?\",\"acceptedAnswer\":{\"@type\":\"Answer\",\"text\":\"S\\u00ed, numerosos estudios han demostrado que las consultas en l\\u00ednea pueden ser igual de efectivas que las sesiones en persona para diversas condiciones. Ofrecen flexibilidad y comodidad adicionales, manteniendo al mismo tiempo un alto nivel de atenci\\u00f3n y confidencialidad.\"}},{\"@type\":\"Question\",\"name\":\"\\u00bfQu\\u00e9 equipos necesito para una consulta en l\\u00ednea?\",\"acceptedAnswer\":{\"@type\":\"Answer\",\"text\":\"Para asegurar una experiencia \\u00f3ptima durante su consulta por video, es esencial contar con un ordenador, tablet o smartphone equipado con c\\u00e1mara y micr\\u00f3fono. Tambi\\u00e9n es crucial tener una conexi\\u00f3n a Internet fiable y r\\u00e1pida.<br>Elija un espacio tranquilo con iluminaci\\u00f3n adecuada para facilitar la comunicaci\\u00f3n y reducir las distracciones. Se recomienda el uso de auriculares para preservar su privacidad y mejorar la claridad del sonido.<br>Diez minutos antes del inicio de su consulta, recibir\\u00e1 un mensaje de texto y un correo electr\\u00f3nico con un enlace directo para acceder a su sesi\\u00f3n de teleconsulta.\"}},{\"@type\":\"Question\",\"name\":\"\\u00bfC\\u00f3mo garantiz\\u00e1is la confidencialidad y la seguridad de las consultas en l\\u00ednea?\",\"acceptedAnswer\":{\"@type\":\"Answer\",\"text\":\"La confidencialidad y la seguridad son prioridades absolutas en el contexto de la telemedicina.<br>Para las consultas por video, utilizaremos un servicio de teleconsulta seguro que cumple con las normas de privacidad y protecci\\u00f3n de datos suizas para garantizar que su informaci\\u00f3n y nuestras consultas permanezcan privadas.\"}}]}<\/script><div class=\"wp-block-uagb-faq-child uagb-faq-child__outer-wrap uagb-faq-item uagb-block-f51f0af4 \" role=\"tab\" tabindex=\"0\"><div class=\"uagb-faq-questions-button uagb-faq-questions\">\t\t\t<span class=\"uagb-icon uagb-faq-icon-wrap\">\n\t\t\t\t\t\t\t\t<svg xmlns=\"https:\/\/www.w3.org\/2000\/svg\" viewBox= \"0 0 448 512\"><path d=\"M432 256c0 17.69-14.33 32.01-32 32.01H256v144c0 17.69-14.33 31.99-32 31.99s-32-14.3-32-31.99v-144H48c-17.67 0-32-14.32-32-32.01s14.33-31.99 32-31.99H192v-144c0-17.69 14.33-32.01 32-32.01s32 14.32 32 32.01v144h144C417.7 224 432 238.3 432 256z\"><\/path><\/svg>\n\t\t\t\t\t\t\t<\/span>\n\t\t\t\t\t\t<span class=\"uagb-icon-active uagb-faq-icon-wrap\">\n\t\t\t\t\t\t\t\t<svg xmlns=\"https:\/\/www.w3.org\/2000\/svg\" viewBox= \"0 0 448 512\"><path d=\"M400 288h-352c-17.69 0-32-14.32-32-32.01s14.31-31.99 32-31.99h352c17.69 0 32 14.3 32 31.99S417.7 288 400 288z\"><\/path><\/svg>\n\t\t\t\t\t\t\t<\/span>\n\t\t\t<h3 class=\"uagb-question\">\u00bfQu\u00e9 es la telemedicina y la videoconsulta?<\/h3><\/div><div class=\"uagb-faq-content\"><p>La telemedicina es la pr\u00e1ctica m\u00e9dica a distancia, independientemente del medio de comunicaci\u00f3n digital utilizado. Las consultas en psiquiatr\u00eda y psicoterapia, que no requieren un examen f\u00edsico ni procedimientos t\u00e9cnicos, son especialmente adecuadas para esta pr\u00e1ctica y permiten recibir atenci\u00f3n sin necesidad de desplazarse f\u00edsicamente al consultorio. A diferencia del correo electr\u00f3nico o el tel\u00e9fono, la consulta por video permite interacciones m\u00e1s naturales que proporcionan acceso al lenguaje corporal y ofrecen informaci\u00f3n diagn\u00f3stica adicional.<\/p><\/div><\/div><div class=\"wp-block-uagb-faq-child uagb-faq-child__outer-wrap uagb-faq-item uagb-block-e9db121c \" role=\"tab\" tabindex=\"0\"><div class=\"uagb-faq-questions-button uagb-faq-questions\">\t\t\t<span class=\"uagb-icon uagb-faq-icon-wrap\">\n\t\t\t\t\t\t\t\t<svg xmlns=\"https:\/\/www.w3.org\/2000\/svg\" viewBox= \"0 0 448 512\"><path d=\"M432 256c0 17.69-14.33 32.01-32 32.01H256v144c0 17.69-14.33 31.99-32 31.99s-32-14.3-32-31.99v-144H48c-17.67 0-32-14.32-32-32.01s14.33-31.99 32-31.99H192v-144c0-17.69 14.33-32.01 32-32.01s32 14.32 32 32.01v144h144C417.7 224 432 238.3 432 256z\"><\/path><\/svg>\n\t\t\t\t\t\t\t<\/span>\n\t\t\t\t\t\t<span class=\"uagb-icon-active uagb-faq-icon-wrap\">\n\t\t\t\t\t\t\t\t<svg xmlns=\"https:\/\/www.w3.org\/2000\/svg\" viewBox= \"0 0 448 512\"><path d=\"M400 288h-352c-17.69 0-32-14.32-32-32.01s14.31-31.99 32-31.99h352c17.69 0 32 14.3 32 31.99S417.7 288 400 288z\"><\/path><\/svg>\n\t\t\t\t\t\t\t<\/span>\n\t\t\t<h3 class=\"uagb-question\">\u00bfC\u00f3mo puedo programar una consulta en l\u00ednea?<\/h3><\/div><div class=\"uagb-faq-content\"><p>Para programar una consulta en l\u00ednea, puede seguir el mismo proceso que para una cita en el consultorio.<br>Para las primeras citas, utilice el formulario en l\u00ednea y especifique su preferencia por una consulta a distancia. A partir de abril de 2024, las personas que ya est\u00e9n en seguimiento podr\u00e1n especificar su preferencia utilizando el sistema de reserva en l\u00ednea.<\/p><\/div><\/div><div class=\"wp-block-uagb-faq-child uagb-faq-child__outer-wrap uagb-faq-item uagb-block-e81f15a9 \" role=\"tab\" tabindex=\"0\"><div class=\"uagb-faq-questions-button uagb-faq-questions\">\t\t\t<span class=\"uagb-icon uagb-faq-icon-wrap\">\n\t\t\t\t\t\t\t\t<svg xmlns=\"https:\/\/www.w3.org\/2000\/svg\" viewBox= \"0 0 448 512\"><path d=\"M432 256c0 17.69-14.33 32.01-32 32.01H256v144c0 17.69-14.33 31.99-32 31.99s-32-14.3-32-31.99v-144H48c-17.67 0-32-14.32-32-32.01s14.33-31.99 32-31.99H192v-144c0-17.69 14.33-32.01 32-32.01s32 14.32 32 32.01v144h144C417.7 224 432 238.3 432 256z\"><\/path><\/svg>\n\t\t\t\t\t\t\t<\/span>\n\t\t\t\t\t\t<span class=\"uagb-icon-active uagb-faq-icon-wrap\">\n\t\t\t\t\t\t\t\t<svg xmlns=\"https:\/\/www.w3.org\/2000\/svg\" viewBox= \"0 0 448 512\"><path d=\"M400 288h-352c-17.69 0-32-14.32-32-32.01s14.31-31.99 32-31.99h352c17.69 0 32 14.3 32 31.99S417.7 288 400 288z\"><\/path><\/svg>\n\t\t\t\t\t\t\t<\/span>\n\t\t\t<h3 class=\"uagb-question\">\u00bfSon igual de efectivas las consultas en l\u00ednea que las sesiones en persona?<\/h3><\/div><div class=\"uagb-faq-content\"><p>S\u00ed, numerosos estudios han demostrado que las consultas en l\u00ednea pueden ser igual de efectivas que las sesiones en persona para diversas condiciones. Ofrecen flexibilidad y comodidad adicionales, manteniendo al mismo tiempo un alto nivel de atenci\u00f3n y confidencialidad.<\/p><\/div><\/div><div class=\"wp-block-uagb-faq-child uagb-faq-child__outer-wrap uagb-faq-item uagb-block-20602dda \" role=\"tab\" tabindex=\"0\"><div class=\"uagb-faq-questions-button uagb-faq-questions\">\t\t\t<span class=\"uagb-icon uagb-faq-icon-wrap\">\n\t\t\t\t\t\t\t\t<svg xmlns=\"https:\/\/www.w3.org\/2000\/svg\" viewBox= \"0 0 448 512\"><path d=\"M432 256c0 17.69-14.33 32.01-32 32.01H256v144c0 17.69-14.33 31.99-32 31.99s-32-14.3-32-31.99v-144H48c-17.67 0-32-14.32-32-32.01s14.33-31.99 32-31.99H192v-144c0-17.69 14.33-32.01 32-32.01s32 14.32 32 32.01v144h144C417.7 224 432 238.3 432 256z\"><\/path><\/svg>\n\t\t\t\t\t\t\t<\/span>\n\t\t\t\t\t\t<span class=\"uagb-icon-active uagb-faq-icon-wrap\">\n\t\t\t\t\t\t\t\t<svg xmlns=\"https:\/\/www.w3.org\/2000\/svg\" viewBox= \"0 0 448 512\"><path d=\"M400 288h-352c-17.69 0-32-14.32-32-32.01s14.31-31.99 32-31.99h352c17.69 0 32 14.3 32 31.99S417.7 288 400 288z\"><\/path><\/svg>\n\t\t\t\t\t\t\t<\/span>\n\t\t\t<h3 class=\"uagb-question\">\u00bfQu\u00e9 equipos necesito para una consulta en l\u00ednea?<\/h3><\/div><div class=\"uagb-faq-content\"><p>Para asegurar una experiencia \u00f3ptima durante su consulta por video, es esencial contar con un ordenador, tablet o smartphone equipado con c\u00e1mara y micr\u00f3fono. Tambi\u00e9n es crucial tener una conexi\u00f3n a Internet fiable y r\u00e1pida.<br>Elija un espacio tranquilo con iluminaci\u00f3n adecuada para facilitar la comunicaci\u00f3n y reducir las distracciones. Se recomienda el uso de auriculares para preservar su privacidad y mejorar la claridad del sonido.<br>Diez minutos antes del inicio de su consulta, recibir\u00e1 un mensaje de texto y un correo electr\u00f3nico con un enlace directo para acceder a su sesi\u00f3n de teleconsulta.<\/p><\/div><\/div><div class=\"wp-block-uagb-faq-child uagb-faq-child__outer-wrap uagb-faq-item uagb-block-baf52fd4 \" role=\"tab\" tabindex=\"0\"><div class=\"uagb-faq-questions-button uagb-faq-questions\">\t\t\t<span class=\"uagb-icon uagb-faq-icon-wrap\">\n\t\t\t\t\t\t\t\t<svg xmlns=\"https:\/\/www.w3.org\/2000\/svg\" viewBox= \"0 0 448 512\"><path d=\"M432 256c0 17.69-14.33 32.01-32 32.01H256v144c0 17.69-14.33 31.99-32 31.99s-32-14.3-32-31.99v-144H48c-17.67 0-32-14.32-32-32.01s14.33-31.99 32-31.99H192v-144c0-17.69 14.33-32.01 32-32.01s32 14.32 32 32.01v144h144C417.7 224 432 238.3 432 256z\"><\/path><\/svg>\n\t\t\t\t\t\t\t<\/span>\n\t\t\t\t\t\t<span class=\"uagb-icon-active uagb-faq-icon-wrap\">\n\t\t\t\t\t\t\t\t<svg xmlns=\"https:\/\/www.w3.org\/2000\/svg\" viewBox= \"0 0 448 512\"><path d=\"M400 288h-352c-17.69 0-32-14.32-32-32.01s14.31-31.99 32-31.99h352c17.69 0 32 14.3 32 31.99S417.7 288 400 288z\"><\/path><\/svg>\n\t\t\t\t\t\t\t<\/span>\n\t\t\t<h3 class=\"uagb-question\">\u00bfC\u00f3mo garantiz\u00e1is la confidencialidad y la seguridad de las consultas en l\u00ednea?<\/h3><\/div><div class=\"uagb-faq-content\"><p>La confidencialidad y la seguridad son prioridades absolutas en el contexto de la telemedicina.<br>Para las consultas por video, utilizaremos un servicio de teleconsulta seguro que cumple con las normas de privacidad y protecci\u00f3n de datos suizas para garantizar que su informaci\u00f3n y nuestras consultas permanezcan privadas.<\/p><\/div><\/div><\/div>\n\n\n<div style=\"height:20px\" aria-hidden=\"true\" class=\"wp-block-spacer\"><\/div>\n\n\n\n<h2 class=\"wp-block-heading has-text-align-left has-ast-global-color-1-color has-text-color has-link-color wp-elements-da101b943c39035031f23f25b8d15e04\">Facturaci\u00f3n<\/h2>\n\n\n<div class=\"wp-block-uagb-faq uagb-faq__outer-wrap uagb-block-218b59d6 uagb-faq-icon-row-reverse uagb-faq-layout-accordion uagb-faq-expand-first-false uagb-faq-inactive-other-true uagb-faq__wrap uagb-buttons-layout-wrap uagb-faq-equal-height     \" data-faqtoggle=\"true\" role=\"tablist\"><script type=\"application\/ld+json\">{\"@context\":\"https:\\\/\\\/schema.org\",\"@type\":\"FAQPage\",\"@id\":\"https:\\\/\\\/www.gerardcalzada.com\\\/es\\\/faq\\\/\",\"mainEntity\":[{\"@type\":\"Question\",\"name\":\"\\u00bfLas sesiones son reembolsadas por el seguro de salud b\\u00e1sico (LAMal)?\",\"acceptedAnswer\":{\"@type\":\"Answer\",\"text\":\"S\\u00ed, las prestaciones de m\\u00e9dicos psiquiatras y psicoterapeutas acreditados por la FMH que est\\u00e1n autorizados a facturar al Seguro obligatorio de salut (AOS, Assurance Obligatoire des Soins), se facturan seg\\u00fan la tarifa Tarmed y est\\u00e1n cubiertos por el seguro de salud b\\u00e1sico suizo (LAMal).<br>Para las personas aseguradas en el sistema suizo de seguro de salud, la participaci\\u00f3n financiera incluye:<br>- La franquicia indicada en su p\\u00f3liza de seguro de salud obligatorio.<br>- Una participaci\\u00f3n del 10% del monto de la factura, con un l\\u00edmite de CHF 700 por a\\u00f1o para adultos y CHF 350 para ni\\u00f1os.<br>- Los medicamentos que no est\\u00e1n cubiertos por la LAMaL (no reembolsados por las compa\\u00f1\\u00edas de seguros) y que se prescriben con su acuerdo.<br>Para simplificar los tr\\u00e1mites relacionados con la facturaci\\u00f3n, los datos de facturaci\\u00f3n relacionados con la AOS (Assurance Obligatoire des Soins) se enviar\\u00e1n a la Caisse des M\\u00e9decins, que los enviar\\u00e1 directamente a su seguro de salud. Recibir\\u00e1 una copia de la factura por correo electr\\u00f3nico. Es importante se\\u00f1alar que algunas compa\\u00f1\\u00edas requieren una autorizaci\\u00f3n escrita para enviarles las facturas.\"}},{\"@type\":\"Question\",\"name\":\"\\u00bfCu\\u00e1les son las especificidades de los modelos de seguros de salud como 'm\\u00e9dico de familia', 'r\\u00e9seau de soins' o 'Telmed'?\",\"acceptedAnswer\":{\"@type\":\"Answer\",\"text\":\"Para ser elegible para el reembolso de atenci\\u00f3n m\\u00e9dica bajo estos modelos de seguros, es necesario obtener una autorizaci\\u00f3n previa. Esto generalmente se hace obteniendo un vale de derivaci\\u00f3n (bon de d\\u00e9l\\u00e9gation) de su m\\u00e9dico de cabecera o del centro de telemedicina, que luego debe ser enviado a su compa\\u00f1\\u00eda de seguros de salud.<br>Antes de programar su primera cita, le recomiendo encarecidamente que verifique las condiciones de reembolso espec\\u00edficas de su seguro y realice los tr\\u00e1mites necesarios seg\\u00fan el modelo de seguro que haya elegido.\"}},{\"@type\":\"Question\",\"name\":\"Tengo un seguro de salud no convencional o un seguro de salud internacional. \\u00bfCu\\u00e1les son los procedimientos de facturaci\\u00f3n?\",\"acceptedAnswer\":{\"@type\":\"Answer\",\"text\":\"Las personas que tienen un seguro de salud no convencional o internacional tienen derecho a recibir los mismos servicios de atenci\\u00f3n psiqui\\u00e1trica y psicoterapia que los cubiertos por el seguro de salud b\\u00e1sico suizo. Sin embargo, se recomienda verificar las condiciones de reembolso de su seguro antes de programar una cita.<br>Para simplificar los tr\\u00e1mites administrativos, el pago de las tarifas de consulta se realizar\\u00e1 al final de cada sesi\\u00f3n. A este respecto, se le proporcionar\\u00e1 una factura detallada, disponible en formato impreso o electr\\u00f3nico. Esta factura podr\\u00e1 ser presentada a su seguro para un reembolso de acuerdo con las especificaciones de su contrato de seguro de salud.<br>Para su comodidad, los pagos podr\\u00e1n realizarse con tarjeta de cr\\u00e9dito o a trav\\u00e9s de Twint.\"}},{\"@type\":\"Question\",\"name\":\"No tengo seguro de salud. \\u00bfPuedo recibir tratamiento psiqui\\u00e1trico y psicoterap\\u00e9utico de todos modos?\",\"acceptedAnswer\":{\"@type\":\"Answer\",\"text\":\"Absolutamente. Creo firmemente que todos tienen derecho a la salud mental, independientemente de su situaci\\u00f3n de seguro.<br>Para las personas sin seguro de atenci\\u00f3n m\\u00e9dica obligatorio suizo, el pago de los honorarios de consulta se realizar\\u00e1 al final de cada sesi\\u00f3n. Para ello, se le proporcionar\\u00e1 una factura detallada, disponible en formato impreso o electr\\u00f3nico.<br>Para su comodidad, los pagos se pueden realizar con tarjeta de cr\\u00e9dito o a trav\\u00e9s de Twint.\"}},{\"@type\":\"Question\",\"name\":\"\\u00bfPuede el m\\u00e9dico facturar servicios realizados en mi ausencia?\",\"acceptedAnswer\":{\"@type\":\"Answer\",\"text\":\"S\\u00ed, es posible que algunos servicios realizados en su ausencia sean facturados. Estos servicios, que pueden aparecer en la copia de su factura, son necesarios para garantizar una atenci\\u00f3n \\u00f3ptima en su situaci\\u00f3n. Pueden incluir actividades como la coordinaci\\u00f3n con otros profesionales de la salud, la redacci\\u00f3n de informes para terceros, la emisi\\u00f3n de recetas y otras tareas administrativas o cl\\u00ednicas importantes.<br>Es importante destacar que estos servicios siempre se realizan a su solicitud o con su previo consentimiento, garantizando as\\u00ed una total transparencia y respetando sus derechos.\"}},{\"@type\":\"Question\",\"name\":\"\\u00bfQu\\u00e9 sucede si falto, cancelo o cambio una cita con menos de 24 horas de anticipaci\\u00f3n?\",\"acceptedAnswer\":{\"@type\":\"Answer\",\"text\":\"Los imprevistos son parte integral de la vida y es completamente normal olvidar o tener que cancelar o cambiar una cita de vez en cuando. Se ha establecido un sistema de recordatorios por SMS para reducir los olvidos.<br>Sin embargo, con el fin de gestionar eficazmente la agenda y permitir que otras personas en espera de atenci\\u00f3n puedan acceder a horarios disponibles, es importante esforzarse por evitar estas situaciones en la medida de lo posible.<br>Si se falta a una cita, se cancela o se cambia sin previo aviso de al menos 24 horas, podr\\u00eda aplicarse el costo de la consulta. Tenga en cuenta que estos cargos no est\\u00e1n cubiertos por el seguro de salud b\\u00e1sico (LAMal).\"}}]}<\/script><div class=\"wp-block-uagb-faq-child uagb-faq-child__outer-wrap uagb-faq-item uagb-block-82b4bbcc \" role=\"tab\" tabindex=\"0\"><div class=\"uagb-faq-questions-button uagb-faq-questions\">\t\t\t<span class=\"uagb-icon uagb-faq-icon-wrap\">\n\t\t\t\t\t\t\t\t<svg xmlns=\"https:\/\/www.w3.org\/2000\/svg\" viewBox= \"0 0 448 512\"><path d=\"M432 256c0 17.69-14.33 32.01-32 32.01H256v144c0 17.69-14.33 31.99-32 31.99s-32-14.3-32-31.99v-144H48c-17.67 0-32-14.32-32-32.01s14.33-31.99 32-31.99H192v-144c0-17.69 14.33-32.01 32-32.01s32 14.32 32 32.01v144h144C417.7 224 432 238.3 432 256z\"><\/path><\/svg>\n\t\t\t\t\t\t\t<\/span>\n\t\t\t\t\t\t<span class=\"uagb-icon-active uagb-faq-icon-wrap\">\n\t\t\t\t\t\t\t\t<svg xmlns=\"https:\/\/www.w3.org\/2000\/svg\" viewBox= \"0 0 448 512\"><path d=\"M400 288h-352c-17.69 0-32-14.32-32-32.01s14.31-31.99 32-31.99h352c17.69 0 32 14.3 32 31.99S417.7 288 400 288z\"><\/path><\/svg>\n\t\t\t\t\t\t\t<\/span>\n\t\t\t<h3 class=\"uagb-question\">\u00bfLas sesiones son reembolsadas por el seguro de salud b\u00e1sico (LAMal)?<\/h3><\/div><div class=\"uagb-faq-content\"><p>S\u00ed, las prestaciones de m\u00e9dicos psiquiatras y psicoterapeutas acreditados por la FMH que est\u00e1n autorizados a facturar al Seguro obligatorio de salut (AOS, Assurance Obligatoire des Soins), se facturan seg\u00fan la tarifa Tarmed y est\u00e1n cubiertos por el seguro de salud b\u00e1sico suizo (LAMal).<br>Para las personas aseguradas en el sistema suizo de seguro de salud, la participaci\u00f3n financiera incluye:<br>&#8211; La franquicia indicada en su p\u00f3liza de seguro de salud obligatorio.<br>&#8211; Una participaci\u00f3n del 10% del monto de la factura, con un l\u00edmite de CHF 700 por a\u00f1o para adultos y CHF 350 para ni\u00f1os.<br>&#8211; Los medicamentos que no est\u00e1n cubiertos por la LAMaL (no reembolsados por las compa\u00f1\u00edas de seguros) y que se prescriben con su acuerdo.<br>Para simplificar los tr\u00e1mites relacionados con la facturaci\u00f3n, los datos de facturaci\u00f3n relacionados con la AOS (Assurance Obligatoire des Soins) se enviar\u00e1n a la Caisse des M\u00e9decins, que los enviar\u00e1 directamente a su seguro de salud. Recibir\u00e1 una copia de la factura por correo electr\u00f3nico. Es importante se\u00f1alar que algunas compa\u00f1\u00edas requieren una autorizaci\u00f3n escrita para enviarles las facturas.<\/p><\/div><\/div><div class=\"wp-block-uagb-faq-child uagb-faq-child__outer-wrap uagb-faq-item uagb-block-04697a43 \" role=\"tab\" tabindex=\"0\"><div class=\"uagb-faq-questions-button uagb-faq-questions\">\t\t\t<span class=\"uagb-icon uagb-faq-icon-wrap\">\n\t\t\t\t\t\t\t\t<svg xmlns=\"https:\/\/www.w3.org\/2000\/svg\" viewBox= \"0 0 448 512\"><path d=\"M432 256c0 17.69-14.33 32.01-32 32.01H256v144c0 17.69-14.33 31.99-32 31.99s-32-14.3-32-31.99v-144H48c-17.67 0-32-14.32-32-32.01s14.33-31.99 32-31.99H192v-144c0-17.69 14.33-32.01 32-32.01s32 14.32 32 32.01v144h144C417.7 224 432 238.3 432 256z\"><\/path><\/svg>\n\t\t\t\t\t\t\t<\/span>\n\t\t\t\t\t\t<span class=\"uagb-icon-active uagb-faq-icon-wrap\">\n\t\t\t\t\t\t\t\t<svg xmlns=\"https:\/\/www.w3.org\/2000\/svg\" viewBox= \"0 0 448 512\"><path d=\"M400 288h-352c-17.69 0-32-14.32-32-32.01s14.31-31.99 32-31.99h352c17.69 0 32 14.3 32 31.99S417.7 288 400 288z\"><\/path><\/svg>\n\t\t\t\t\t\t\t<\/span>\n\t\t\t<h3 class=\"uagb-question\">\u00bfCu\u00e1les son las especificidades de los modelos de seguros de salud como &#8216;m\u00e9dico de familia&#8217;, &#8216;r\u00e9seau de soins&#8217; o &#8216;Telmed&#8217;?<\/h3><\/div><div class=\"uagb-faq-content\"><p>Para ser elegible para el reembolso de atenci\u00f3n m\u00e9dica bajo estos modelos de seguros, es necesario obtener una autorizaci\u00f3n previa. Esto generalmente se hace obteniendo un vale de derivaci\u00f3n (bon de d\u00e9l\u00e9gation) de su m\u00e9dico de cabecera o del centro de telemedicina, que luego debe ser enviado a su compa\u00f1\u00eda de seguros de salud.<br>Antes de programar su primera cita, le recomiendo encarecidamente que verifique las condiciones de reembolso espec\u00edficas de su seguro y realice los tr\u00e1mites necesarios seg\u00fan el modelo de seguro que haya elegido.<\/p><\/div><\/div><div class=\"wp-block-uagb-faq-child uagb-faq-child__outer-wrap uagb-faq-item uagb-block-4b19ab18 \" role=\"tab\" tabindex=\"0\"><div class=\"uagb-faq-questions-button uagb-faq-questions\">\t\t\t<span class=\"uagb-icon uagb-faq-icon-wrap\">\n\t\t\t\t\t\t\t\t<svg xmlns=\"https:\/\/www.w3.org\/2000\/svg\" viewBox= \"0 0 448 512\"><path d=\"M432 256c0 17.69-14.33 32.01-32 32.01H256v144c0 17.69-14.33 31.99-32 31.99s-32-14.3-32-31.99v-144H48c-17.67 0-32-14.32-32-32.01s14.33-31.99 32-31.99H192v-144c0-17.69 14.33-32.01 32-32.01s32 14.32 32 32.01v144h144C417.7 224 432 238.3 432 256z\"><\/path><\/svg>\n\t\t\t\t\t\t\t<\/span>\n\t\t\t\t\t\t<span class=\"uagb-icon-active uagb-faq-icon-wrap\">\n\t\t\t\t\t\t\t\t<svg xmlns=\"https:\/\/www.w3.org\/2000\/svg\" viewBox= \"0 0 448 512\"><path d=\"M400 288h-352c-17.69 0-32-14.32-32-32.01s14.31-31.99 32-31.99h352c17.69 0 32 14.3 32 31.99S417.7 288 400 288z\"><\/path><\/svg>\n\t\t\t\t\t\t\t<\/span>\n\t\t\t<h3 class=\"uagb-question\">Tengo un seguro de salud no convencional o un seguro de salud internacional. \u00bfCu\u00e1les son los procedimientos de facturaci\u00f3n?<\/h3><\/div><div class=\"uagb-faq-content\"><p>Las personas que tienen un seguro de salud no convencional o internacional tienen derecho a recibir los mismos servicios de atenci\u00f3n psiqui\u00e1trica y psicoterapia que los cubiertos por el seguro de salud b\u00e1sico suizo. Sin embargo, se recomienda verificar las condiciones de reembolso de su seguro antes de programar una cita.<br>Para simplificar los tr\u00e1mites administrativos, el pago de las tarifas de consulta se realizar\u00e1 al final de cada sesi\u00f3n. A este respecto, se le proporcionar\u00e1 una factura detallada, disponible en formato impreso o electr\u00f3nico. Esta factura podr\u00e1 ser presentada a su seguro para un reembolso de acuerdo con las especificaciones de su contrato de seguro de salud.<br>Para su comodidad, los pagos podr\u00e1n realizarse con tarjeta de cr\u00e9dito o a trav\u00e9s de Twint.<\/p><\/div><\/div><div class=\"wp-block-uagb-faq-child uagb-faq-child__outer-wrap uagb-faq-item uagb-block-a98a5b6f \" role=\"tab\" tabindex=\"0\"><div class=\"uagb-faq-questions-button uagb-faq-questions\">\t\t\t<span class=\"uagb-icon uagb-faq-icon-wrap\">\n\t\t\t\t\t\t\t\t<svg xmlns=\"https:\/\/www.w3.org\/2000\/svg\" viewBox= \"0 0 448 512\"><path d=\"M432 256c0 17.69-14.33 32.01-32 32.01H256v144c0 17.69-14.33 31.99-32 31.99s-32-14.3-32-31.99v-144H48c-17.67 0-32-14.32-32-32.01s14.33-31.99 32-31.99H192v-144c0-17.69 14.33-32.01 32-32.01s32 14.32 32 32.01v144h144C417.7 224 432 238.3 432 256z\"><\/path><\/svg>\n\t\t\t\t\t\t\t<\/span>\n\t\t\t\t\t\t<span class=\"uagb-icon-active uagb-faq-icon-wrap\">\n\t\t\t\t\t\t\t\t<svg xmlns=\"https:\/\/www.w3.org\/2000\/svg\" viewBox= \"0 0 448 512\"><path d=\"M400 288h-352c-17.69 0-32-14.32-32-32.01s14.31-31.99 32-31.99h352c17.69 0 32 14.3 32 31.99S417.7 288 400 288z\"><\/path><\/svg>\n\t\t\t\t\t\t\t<\/span>\n\t\t\t<h3 class=\"uagb-question\">No tengo seguro de salud. \u00bfPuedo recibir tratamiento psiqui\u00e1trico y psicoterap\u00e9utico de todos modos?<\/h3><\/div><div class=\"uagb-faq-content\"><p>Absolutamente. Creo firmemente que todos tienen derecho a la salud mental, independientemente de su situaci\u00f3n de seguro.<br>Para las personas sin seguro de atenci\u00f3n m\u00e9dica obligatorio suizo, el pago de los honorarios de consulta se realizar\u00e1 al final de cada sesi\u00f3n. Para ello, se le proporcionar\u00e1 una factura detallada, disponible en formato impreso o electr\u00f3nico.<br>Para su comodidad, los pagos se pueden realizar con tarjeta de cr\u00e9dito o a trav\u00e9s de Twint.<\/p><\/div><\/div><div class=\"wp-block-uagb-faq-child uagb-faq-child__outer-wrap uagb-faq-item uagb-block-35f6044f \" role=\"tab\" tabindex=\"0\"><div class=\"uagb-faq-questions-button uagb-faq-questions\">\t\t\t<span class=\"uagb-icon uagb-faq-icon-wrap\">\n\t\t\t\t\t\t\t\t<svg xmlns=\"https:\/\/www.w3.org\/2000\/svg\" viewBox= \"0 0 448 512\"><path d=\"M432 256c0 17.69-14.33 32.01-32 32.01H256v144c0 17.69-14.33 31.99-32 31.99s-32-14.3-32-31.99v-144H48c-17.67 0-32-14.32-32-32.01s14.33-31.99 32-31.99H192v-144c0-17.69 14.33-32.01 32-32.01s32 14.32 32 32.01v144h144C417.7 224 432 238.3 432 256z\"><\/path><\/svg>\n\t\t\t\t\t\t\t<\/span>\n\t\t\t\t\t\t<span class=\"uagb-icon-active uagb-faq-icon-wrap\">\n\t\t\t\t\t\t\t\t<svg xmlns=\"https:\/\/www.w3.org\/2000\/svg\" viewBox= \"0 0 448 512\"><path d=\"M400 288h-352c-17.69 0-32-14.32-32-32.01s14.31-31.99 32-31.99h352c17.69 0 32 14.3 32 31.99S417.7 288 400 288z\"><\/path><\/svg>\n\t\t\t\t\t\t\t<\/span>\n\t\t\t<h3 class=\"uagb-question\">\u00bfPuede el m\u00e9dico facturar servicios realizados en mi ausencia?<\/h3><\/div><div class=\"uagb-faq-content\"><p>S\u00ed, es posible que algunos servicios realizados en su ausencia sean facturados. Estos servicios, que pueden aparecer en la copia de su factura, son necesarios para garantizar una atenci\u00f3n \u00f3ptima en su situaci\u00f3n. Pueden incluir actividades como la coordinaci\u00f3n con otros profesionales de la salud, la redacci\u00f3n de informes para terceros, la emisi\u00f3n de recetas y otras tareas administrativas o cl\u00ednicas importantes.<br>Es importante destacar que estos servicios siempre se realizan a su solicitud o con su previo consentimiento, garantizando as\u00ed una total transparencia y respetando sus derechos.<\/p><\/div><\/div><div class=\"wp-block-uagb-faq-child uagb-faq-child__outer-wrap uagb-faq-item uagb-block-88a61a58 \" role=\"tab\" tabindex=\"0\"><div class=\"uagb-faq-questions-button uagb-faq-questions\">\t\t\t<span class=\"uagb-icon uagb-faq-icon-wrap\">\n\t\t\t\t\t\t\t\t<svg xmlns=\"https:\/\/www.w3.org\/2000\/svg\" viewBox= \"0 0 448 512\"><path d=\"M432 256c0 17.69-14.33 32.01-32 32.01H256v144c0 17.69-14.33 31.99-32 31.99s-32-14.3-32-31.99v-144H48c-17.67 0-32-14.32-32-32.01s14.33-31.99 32-31.99H192v-144c0-17.69 14.33-32.01 32-32.01s32 14.32 32 32.01v144h144C417.7 224 432 238.3 432 256z\"><\/path><\/svg>\n\t\t\t\t\t\t\t<\/span>\n\t\t\t\t\t\t<span class=\"uagb-icon-active uagb-faq-icon-wrap\">\n\t\t\t\t\t\t\t\t<svg xmlns=\"https:\/\/www.w3.org\/2000\/svg\" viewBox= \"0 0 448 512\"><path d=\"M400 288h-352c-17.69 0-32-14.32-32-32.01s14.31-31.99 32-31.99h352c17.69 0 32 14.3 32 31.99S417.7 288 400 288z\"><\/path><\/svg>\n\t\t\t\t\t\t\t<\/span>\n\t\t\t<h3 class=\"uagb-question\">\u00bfQu\u00e9 sucede si falto, cancelo o cambio una cita con menos de 24 horas de anticipaci\u00f3n?<\/h3><\/div><div class=\"uagb-faq-content\"><p>Los imprevistos son parte integral de la vida y es completamente normal olvidar o tener que cancelar o cambiar una cita de vez en cuando. Se ha establecido un sistema de recordatorios por SMS para reducir los olvidos.<br>Sin embargo, con el fin de gestionar eficazmente la agenda y permitir que otras personas en espera de atenci\u00f3n puedan acceder a horarios disponibles, es importante esforzarse por evitar estas situaciones en la medida de lo posible.<br>Si se falta a una cita, se cancela o se cambia sin previo aviso de al menos 24 horas, podr\u00eda aplicarse el costo de la consulta. Tenga en cuenta que estos cargos no est\u00e1n cubiertos por el seguro de salud b\u00e1sico (LAMal).<\/p><\/div><\/div><\/div>\n\n\n<div style=\"height:20px\" aria-hidden=\"true\" class=\"wp-block-spacer\"><\/div>\n\n\n\n<h2 class=\"wp-block-heading has-text-align-left has-vivid-red-color has-text-color has-link-color wp-elements-a7bf57719001e51d6a01ca957de269e7\"><strong>Gesti\u00f3n de la urgencias<\/strong><\/h2>\n\n\n<div class=\"wp-block-uagb-faq uagb-faq__outer-wrap uagb-block-f501f8fc uagb-faq-icon-row-reverse uagb-faq-layout-accordion uagb-faq-expand-first-false uagb-faq-inactive-other-true uagb-faq__wrap uagb-buttons-layout-wrap uagb-faq-equal-height     \" data-faqtoggle=\"true\" role=\"tablist\"><script type=\"application\/ld+json\">{\"@context\":\"https:\\\/\\\/schema.org\",\"@type\":\"FAQPage\",\"@id\":\"https:\\\/\\\/www.gerardcalzada.com\\\/es\\\/faq\\\/\",\"mainEntity\":[{\"@type\":\"Question\",\"name\":\"<strong>\\u00bfQu\\u00e9 debo hacer en caso de emergencia psiqui\\u00e1trica?<\\\/strong>\",\"acceptedAnswer\":{\"@type\":\"Answer\",\"text\":\"En caso de una emergencia psiqui\\u00e1trica y si no respondo de inmediato al tel\\u00e9fono: <br>1. <strong>Llame a los Servicios de Emergencia: <\\\/strong>En caso de una crisis grave en la que la seguridad est\\u00e9 en peligro, llame al n\\u00famero de emergencia est\\u00e1ndar 112 (Llamada de emergencia europea, tambi\\u00e9n en Suiza), que puede proporcionar asistencia inmediata.<br>2. <strong>P\\u00f3ngase en contacto con los Servicios de Emergencia Psiqui\\u00e1trica: <\\\/strong>Los hospitales cantonales y de su regi\\u00f3n a menudo cuentan con un servicio de emergencia psiqui\\u00e1trica. En Ginebra, los Hospitales Universitarios de Ginebra (HUG) tienen un servicio de emergencia psiqui\\u00e1trica: <br>+41 22 372 38 62.\"}}]}<\/script><div class=\"wp-block-uagb-faq-child uagb-faq-child__outer-wrap uagb-faq-item uagb-block-bbeec0e2 \" role=\"tab\" tabindex=\"0\"><div class=\"uagb-faq-questions-button uagb-faq-questions\">\t\t\t<span class=\"uagb-icon uagb-faq-icon-wrap\">\n\t\t\t\t\t\t\t\t<svg xmlns=\"https:\/\/www.w3.org\/2000\/svg\" viewBox= \"0 0 448 512\"><path d=\"M432 256c0 17.69-14.33 32.01-32 32.01H256v144c0 17.69-14.33 31.99-32 31.99s-32-14.3-32-31.99v-144H48c-17.67 0-32-14.32-32-32.01s14.33-31.99 32-31.99H192v-144c0-17.69 14.33-32.01 32-32.01s32 14.32 32 32.01v144h144C417.7 224 432 238.3 432 256z\"><\/path><\/svg>\n\t\t\t\t\t\t\t<\/span>\n\t\t\t\t\t\t<span class=\"uagb-icon-active uagb-faq-icon-wrap\">\n\t\t\t\t\t\t\t\t<svg xmlns=\"https:\/\/www.w3.org\/2000\/svg\" viewBox= \"0 0 448 512\"><path d=\"M400 288h-352c-17.69 0-32-14.32-32-32.01s14.31-31.99 32-31.99h352c17.69 0 32 14.3 32 31.99S417.7 288 400 288z\"><\/path><\/svg>\n\t\t\t\t\t\t\t<\/span>\n\t\t\t<h3 class=\"uagb-question\"><strong>\u00bfQu\u00e9 debo hacer en caso de emergencia psiqui\u00e1trica?<\/strong><\/h3><\/div><div class=\"uagb-faq-content\"><p>En caso de una emergencia psiqui\u00e1trica y si no respondo de inmediato al tel\u00e9fono: <br>1. <strong>Llame a los Servicios de Emergencia: <\/strong>En caso de una crisis grave en la que la seguridad est\u00e9 en peligro, llame al n\u00famero de emergencia est\u00e1ndar 112 (Llamada de emergencia europea, tambi\u00e9n en Suiza), que puede proporcionar asistencia inmediata.<br>2. <strong>P\u00f3ngase en contacto con los Servicios de Emergencia Psiqui\u00e1trica: <\/strong>Los hospitales cantonales y de su regi\u00f3n a menudo cuentan con un servicio de emergencia psiqui\u00e1trica. En Ginebra, los Hospitales Universitarios de Ginebra (HUG) tienen un servicio de emergencia psiqui\u00e1trica: <br>+41 22 372 38 62.<\/p><\/div><\/div><\/div>\n\n\n<div style=\"height:47px\" aria-hidden=\"true\" class=\"wp-block-spacer\"><\/div>\n<\/div><\/div>\n","protected":false},"excerpt":{"rendered":"<p>Preguntas frecuentes Informaci\u00f3n general Proceso del tratamiento Telemedicina y consultas en l\u00ednea Facturaci\u00f3n Gesti\u00f3n de la urgencias<\/p>\n","protected":false},"author":2,"featured_media":1940,"parent":0,"menu_order":0,"comment_status":"closed","ping_status":"closed","template":"","meta":{"_uag_custom_page_level_css":"","_monsterinsights_skip_tracking":false,"_monsterinsights_sitenote_active":false,"_monsterinsights_sitenote_note":"","_monsterinsights_sitenote_category":0,"site-sidebar-layout":"no-sidebar","site-content-layout":"","ast-site-content-layout":"full-width-container","site-content-style":"default","site-sidebar-style":"default","ast-global-header-display":"","ast-banner-title-visibility":"","ast-main-header-display":"","ast-hfb-above-header-display":"","ast-hfb-below-header-display":"","ast-hfb-mobile-header-display":"","site-post-title":"disabled","ast-breadcrumbs-content":"","ast-featured-img":"disabled","footer-sml-layout":"","ast-disable-related-posts":"","theme-transparent-header-meta":"enabled","adv-header-id-meta":"","stick-header-meta":"","header-above-stick-meta":"","header-main-stick-meta":"","header-below-stick-meta":"","astra-migrate-meta-layouts":"set","ast-page-background-enabled":"default","ast-page-background-meta":{"desktop":{"background-color":"var(--ast-global-color-4)","background-image":"","background-repeat":"repeat","background-position":"center center","background-size":"auto","background-attachment":"scroll","background-type":"","background-media":"","overlay-type":"","overlay-color":"","overlay-opacity":"","overlay-gradient":""},"tablet":{"background-color":"","background-image":"","background-repeat":"repeat","background-position":"center center","background-size":"auto","background-attachment":"scroll","background-type":"","background-media":"","overlay-type":"","overlay-color":"","overlay-opacity":"","overlay-gradient":""},"mobile":{"background-color":"","background-image":"","background-repeat":"repeat","background-position":"center center","background-size":"auto","background-attachment":"scroll","background-type":"","background-media":"","overlay-type":"","overlay-color":"","overlay-opacity":"","overlay-gradient":""}},"ast-content-background-meta":{"desktop":{"background-color":"var(--ast-global-color-5)","background-image":"","background-repeat":"repeat","background-position":"center center","background-size":"auto","background-attachment":"scroll","background-type":"","background-media":"","overlay-type":"","overlay-color":"","overlay-opacity":"","overlay-gradient":""},"tablet":{"background-color":"var(--ast-global-color-5)","background-image":"","background-repeat":"repeat","background-position":"center center","background-size":"auto","background-attachment":"scroll","background-type":"","background-media":"","overlay-type":"","overlay-color":"","overlay-opacity":"","overlay-gradient":""},"mobile":{"background-color":"var(--ast-global-color-5)","background-image":"","background-repeat":"repeat","background-position":"center center","background-size":"auto","background-attachment":"scroll","background-type":"","background-media":"","overlay-type":"","overlay-color":"","overlay-opacity":"","overlay-gradient":""}},"footnotes":""},"class_list":["post-1939","page","type-page","status-publish","has-post-thumbnail","hentry"],"yoast_head":"<!-- This site is optimized with the Yoast SEO plugin v26.8 - https:\/\/yoast.com\/product\/yoast-seo-wordpress\/ -->\n<title>Preguntas frecuentes - Dr Gerard Calzada<\/title>\n<meta name=\"description\" content=\"Encuentre respuestas a preguntas frecuentes sobre el contacto inicial, las citas, el seguimiento, la telemedicina y la facturaci\u00f3n.\" \/>\n<meta name=\"robots\" content=\"index, follow, max-snippet:-1, max-image-preview:large, max-video-preview:-1\" \/>\n<link rel=\"canonical\" href=\"https:\/\/www.gerardcalzada.com\/es\/faq\/\" \/>\n<meta property=\"og:locale\" content=\"es_ES\" \/>\n<meta property=\"og:type\" content=\"article\" \/>\n<meta property=\"og:title\" content=\"Preguntas frecuentes - Dr Gerard Calzada\" \/>\n<meta property=\"og:description\" content=\"Encuentre respuestas a preguntas frecuentes sobre el contacto inicial, las citas, el seguimiento, la telemedicina y la facturaci\u00f3n.\" \/>\n<meta property=\"og:url\" content=\"https:\/\/www.gerardcalzada.com\/es\/faq\/\" \/>\n<meta property=\"og:site_name\" content=\"Dr Gerard Calzada\" \/>\n<meta property=\"article:modified_time\" content=\"2024-07-11T08:57:53+00:00\" \/>\n<meta property=\"og:image\" content=\"https:\/\/www.gerardcalzada.com\/es\/wp-content\/uploads\/sites\/2\/FAQ.webp\" \/>\n\t<meta property=\"og:image:width\" content=\"1792\" \/>\n\t<meta property=\"og:image:height\" content=\"1024\" \/>\n\t<meta property=\"og:image:type\" content=\"image\/webp\" \/>\n<meta name=\"twitter:card\" content=\"summary_large_image\" \/>\n<meta name=\"twitter:label1\" content=\"Tiempo de lectura\" \/>\n\t<meta name=\"twitter:data1\" content=\"15 minutos\" \/>\n<script type=\"application\/ld+json\" class=\"yoast-schema-graph\">{\"@context\":\"https:\/\/schema.org\",\"@graph\":[{\"@type\":\"WebPage\",\"@id\":\"https:\/\/www.gerardcalzada.com\/es\/faq\/\",\"url\":\"https:\/\/www.gerardcalzada.com\/es\/faq\/\",\"name\":\"Preguntas frecuentes - Dr Gerard Calzada\",\"isPartOf\":{\"@id\":\"https:\/\/www.gerardcalzada.com\/es\/#website\"},\"primaryImageOfPage\":{\"@id\":\"https:\/\/www.gerardcalzada.com\/es\/faq\/#primaryimage\"},\"image\":{\"@id\":\"https:\/\/www.gerardcalzada.com\/es\/faq\/#primaryimage\"},\"thumbnailUrl\":\"https:\/\/www.gerardcalzada.com\/es\/wp-content\/uploads\/sites\/2\/FAQ.webp\",\"datePublished\":\"2023-12-18T10:49:43+00:00\",\"dateModified\":\"2024-07-11T08:57:53+00:00\",\"description\":\"Encuentre respuestas a preguntas frecuentes sobre el contacto inicial, las citas, el seguimiento, la telemedicina y la facturaci\u00f3n.\",\"breadcrumb\":{\"@id\":\"https:\/\/www.gerardcalzada.com\/es\/faq\/#breadcrumb\"},\"inLanguage\":\"es\",\"potentialAction\":[{\"@type\":\"ReadAction\",\"target\":[\"https:\/\/www.gerardcalzada.com\/es\/faq\/\"]}]},{\"@type\":\"ImageObject\",\"inLanguage\":\"es\",\"@id\":\"https:\/\/www.gerardcalzada.com\/es\/faq\/#primaryimage\",\"url\":\"https:\/\/www.gerardcalzada.com\/es\/wp-content\/uploads\/sites\/2\/FAQ.webp\",\"contentUrl\":\"https:\/\/www.gerardcalzada.com\/es\/wp-content\/uploads\/sites\/2\/FAQ.webp\",\"width\":1792,\"height\":1024,\"caption\":\"Preguntas frecuentes\"},{\"@type\":\"BreadcrumbList\",\"@id\":\"https:\/\/www.gerardcalzada.com\/es\/faq\/#breadcrumb\",\"itemListElement\":[{\"@type\":\"ListItem\",\"position\":1,\"name\":\"Accueil\",\"item\":\"https:\/\/www.gerardcalzada.com\/es\/\"},{\"@type\":\"ListItem\",\"position\":2,\"name\":\"Preguntas frecuentes\"}]},{\"@type\":\"WebSite\",\"@id\":\"https:\/\/www.gerardcalzada.com\/es\/#website\",\"url\":\"https:\/\/www.gerardcalzada.com\/es\/\",\"name\":\"Dr Gerard Calzada\",\"description\":\"M\u00e9dico psiquiatra y psicoterapeuta, especializado en el tratamiento de adicciones y en psicoterapias sist\u00e9micas, Ginebra (Suiza)\",\"publisher\":{\"@id\":\"https:\/\/www.gerardcalzada.com\/es\/#organization\"},\"potentialAction\":[{\"@type\":\"SearchAction\",\"target\":{\"@type\":\"EntryPoint\",\"urlTemplate\":\"https:\/\/www.gerardcalzada.com\/es\/?s={search_term_string}\"},\"query-input\":{\"@type\":\"PropertyValueSpecification\",\"valueRequired\":true,\"valueName\":\"search_term_string\"}}],\"inLanguage\":\"es\"},{\"@type\":\"Organization\",\"@id\":\"https:\/\/www.gerardcalzada.com\/es\/#organization\",\"name\":\"Dr Gerard Calzada\",\"url\":\"https:\/\/www.gerardcalzada.com\/es\/\",\"logo\":{\"@type\":\"ImageObject\",\"inLanguage\":\"es\",\"@id\":\"https:\/\/www.gerardcalzada.com\/es\/#\/schema\/logo\/image\/\",\"url\":\"https:\/\/www.gerardcalzada.com\/es\/wp-content\/uploads\/sites\/2\/G-Calzada.webp\",\"contentUrl\":\"https:\/\/www.gerardcalzada.com\/es\/wp-content\/uploads\/sites\/2\/G-Calzada.webp\",\"width\":2133,\"height\":1200,\"caption\":\"Dr Gerard Calzada\"},\"image\":{\"@id\":\"https:\/\/www.gerardcalzada.com\/es\/#\/schema\/logo\/image\/\"}}]}<\/script>\n<!-- \/ Yoast SEO plugin. -->","yoast_head_json":{"title":"Preguntas frecuentes - Dr Gerard Calzada","description":"Encuentre respuestas a preguntas frecuentes sobre el contacto inicial, las citas, el seguimiento, la telemedicina y la facturaci\u00f3n.","robots":{"index":"index","follow":"follow","max-snippet":"max-snippet:-1","max-image-preview":"max-image-preview:large","max-video-preview":"max-video-preview:-1"},"canonical":"https:\/\/www.gerardcalzada.com\/es\/faq\/","og_locale":"es_ES","og_type":"article","og_title":"Preguntas frecuentes - Dr Gerard Calzada","og_description":"Encuentre respuestas a preguntas frecuentes sobre el contacto inicial, las citas, el seguimiento, la telemedicina y la facturaci\u00f3n.","og_url":"https:\/\/www.gerardcalzada.com\/es\/faq\/","og_site_name":"Dr Gerard Calzada","article_modified_time":"2024-07-11T08:57:53+00:00","og_image":[{"width":1792,"height":1024,"url":"https:\/\/www.gerardcalzada.com\/es\/wp-content\/uploads\/sites\/2\/FAQ.webp","type":"image\/webp"}],"twitter_card":"summary_large_image","twitter_misc":{"Tiempo de lectura":"15 minutos"},"schema":{"@context":"https:\/\/schema.org","@graph":[{"@type":"WebPage","@id":"https:\/\/www.gerardcalzada.com\/es\/faq\/","url":"https:\/\/www.gerardcalzada.com\/es\/faq\/","name":"Preguntas frecuentes - Dr Gerard Calzada","isPartOf":{"@id":"https:\/\/www.gerardcalzada.com\/es\/#website"},"primaryImageOfPage":{"@id":"https:\/\/www.gerardcalzada.com\/es\/faq\/#primaryimage"},"image":{"@id":"https:\/\/www.gerardcalzada.com\/es\/faq\/#primaryimage"},"thumbnailUrl":"https:\/\/www.gerardcalzada.com\/es\/wp-content\/uploads\/sites\/2\/FAQ.webp","datePublished":"2023-12-18T10:49:43+00:00","dateModified":"2024-07-11T08:57:53+00:00","description":"Encuentre respuestas a preguntas frecuentes sobre el contacto inicial, las citas, el seguimiento, la telemedicina y la facturaci\u00f3n.","breadcrumb":{"@id":"https:\/\/www.gerardcalzada.com\/es\/faq\/#breadcrumb"},"inLanguage":"es","potentialAction":[{"@type":"ReadAction","target":["https:\/\/www.gerardcalzada.com\/es\/faq\/"]}]},{"@type":"ImageObject","inLanguage":"es","@id":"https:\/\/www.gerardcalzada.com\/es\/faq\/#primaryimage","url":"https:\/\/www.gerardcalzada.com\/es\/wp-content\/uploads\/sites\/2\/FAQ.webp","contentUrl":"https:\/\/www.gerardcalzada.com\/es\/wp-content\/uploads\/sites\/2\/FAQ.webp","width":1792,"height":1024,"caption":"Preguntas frecuentes"},{"@type":"BreadcrumbList","@id":"https:\/\/www.gerardcalzada.com\/es\/faq\/#breadcrumb","itemListElement":[{"@type":"ListItem","position":1,"name":"Accueil","item":"https:\/\/www.gerardcalzada.com\/es\/"},{"@type":"ListItem","position":2,"name":"Preguntas frecuentes"}]},{"@type":"WebSite","@id":"https:\/\/www.gerardcalzada.com\/es\/#website","url":"https:\/\/www.gerardcalzada.com\/es\/","name":"Dr Gerard Calzada","description":"M\u00e9dico psiquiatra y psicoterapeuta, especializado en el tratamiento de adicciones y en psicoterapias sist\u00e9micas, Ginebra (Suiza)","publisher":{"@id":"https:\/\/www.gerardcalzada.com\/es\/#organization"},"potentialAction":[{"@type":"SearchAction","target":{"@type":"EntryPoint","urlTemplate":"https:\/\/www.gerardcalzada.com\/es\/?s={search_term_string}"},"query-input":{"@type":"PropertyValueSpecification","valueRequired":true,"valueName":"search_term_string"}}],"inLanguage":"es"},{"@type":"Organization","@id":"https:\/\/www.gerardcalzada.com\/es\/#organization","name":"Dr Gerard Calzada","url":"https:\/\/www.gerardcalzada.com\/es\/","logo":{"@type":"ImageObject","inLanguage":"es","@id":"https:\/\/www.gerardcalzada.com\/es\/#\/schema\/logo\/image\/","url":"https:\/\/www.gerardcalzada.com\/es\/wp-content\/uploads\/sites\/2\/G-Calzada.webp","contentUrl":"https:\/\/www.gerardcalzada.com\/es\/wp-content\/uploads\/sites\/2\/G-Calzada.webp","width":2133,"height":1200,"caption":"Dr Gerard Calzada"},"image":{"@id":"https:\/\/www.gerardcalzada.com\/es\/#\/schema\/logo\/image\/"}}]}},"uagb_featured_image_src":{"full":["https:\/\/www.gerardcalzada.com\/es\/wp-content\/uploads\/sites\/2\/FAQ.webp",1792,1024,false],"thumbnail":["https:\/\/www.gerardcalzada.com\/es\/wp-content\/uploads\/sites\/2\/FAQ-150x150.webp",150,150,true],"medium":["https:\/\/www.gerardcalzada.com\/es\/wp-content\/uploads\/sites\/2\/FAQ-300x171.webp",300,171,true],"medium_large":["https:\/\/www.gerardcalzada.com\/es\/wp-content\/uploads\/sites\/2\/FAQ.webp",1792,1024,false],"large":["https:\/\/www.gerardcalzada.com\/es\/wp-content\/uploads\/sites\/2\/FAQ-1024x585.webp",1024,585,true],"1536x1536":["https:\/\/www.gerardcalzada.com\/es\/wp-content\/uploads\/sites\/2\/FAQ-1536x878.webp",1536,878,true],"2048x2048":["https:\/\/www.gerardcalzada.com\/es\/wp-content\/uploads\/sites\/2\/FAQ.webp",1792,1024,false],"gform-image-choice-sm":["https:\/\/www.gerardcalzada.com\/es\/wp-content\/uploads\/sites\/2\/FAQ.webp",300,171,false],"gform-image-choice-md":["https:\/\/www.gerardcalzada.com\/es\/wp-content\/uploads\/sites\/2\/FAQ.webp",400,229,false],"gform-image-choice-lg":["https:\/\/www.gerardcalzada.com\/es\/wp-content\/uploads\/sites\/2\/FAQ.webp",600,343,false]},"uagb_author_info":{"display_name":"Gerard Calzada","author_link":"https:\/\/www.gerardcalzada.com\/es\/author\/gerard\/"},"uagb_comment_info":0,"uagb_excerpt":"Preguntas frecuentes Informaci\u00f3n general Proceso del tratamiento Telemedicina y consultas en l\u00ednea Facturaci\u00f3n Gesti\u00f3n de la urgencias","_links":{"self":[{"href":"https:\/\/www.gerardcalzada.com\/es\/wp-json\/wp\/v2\/pages\/1939","targetHints":{"allow":["GET"]}}],"collection":[{"href":"https:\/\/www.gerardcalzada.com\/es\/wp-json\/wp\/v2\/pages"}],"about":[{"href":"https:\/\/www.gerardcalzada.com\/es\/wp-json\/wp\/v2\/types\/page"}],"author":[{"embeddable":true,"href":"https:\/\/www.gerardcalzada.com\/es\/wp-json\/wp\/v2\/users\/2"}],"replies":[{"embeddable":true,"href":"https:\/\/www.gerardcalzada.com\/es\/wp-json\/wp\/v2\/comments?post=1939"}],"version-history":[{"count":36,"href":"https:\/\/www.gerardcalzada.com\/es\/wp-json\/wp\/v2\/pages\/1939\/revisions"}],"predecessor-version":[{"id":3187,"href":"https:\/\/www.gerardcalzada.com\/es\/wp-json\/wp\/v2\/pages\/1939\/revisions\/3187"}],"wp:featuredmedia":[{"embeddable":true,"href":"https:\/\/www.gerardcalzada.com\/es\/wp-json\/wp\/v2\/media\/1940"}],"wp:attachment":[{"href":"https:\/\/www.gerardcalzada.com\/es\/wp-json\/wp\/v2\/media?parent=1939"}],"curies":[{"name":"wp","href":"https:\/\/api.w.org\/{rel}","templated":true}]}}